{"id":125176,"date":"2026-04-29T02:31:48","date_gmt":"2026-04-29T00:31:48","guid":{"rendered":"https:\/\/stadt-land-niederrhein.de\/kultur\/infopunkt-wesel-deichdorfmuseum-bislich-2-raderlebnistag-niederrhein-2025\/"},"modified":"2026-04-29T02:31:48","modified_gmt":"2026-04-29T00:31:48","slug":"infopunkt-wesel-deichdorfmuseum-bislich-2-raderlebnistag-niederrhein-2025","status":"publish","type":"poi","link":"https:\/\/stadt-land-niederrhein.de\/en\/kultur\/infopunkt-wesel-deichdorfmuseum-bislich-2-raderlebnistag-niederrhein-2025\/","title":{"rendered":"Infopunkt Wesel: Deichdorfmuseum Bislich &#8211; 3. Raderlebnistag Niederrhein 2026"},"content":{"rendered":"<p>Das Deichdorfmuseum Bislich thematisiert die Natur- und Kulturlandschaft des Niederrheins unter dem Leitthema \u201eDorf am Deich\u201c. Die Sammlung in den verschiedenen Ausstellungsgeb\u00e4uden beleuchtet den Rhein als pr\u00e4genden Lebensraum sowie die regionale Geschichte der Ziegler. Tempor\u00e4re Wechsel- und Sonderausstellungen werden erg\u00e4nzend zur Dauerausstellung pr\u00e4sentiert. Das Programm umfasst zudem Demonstrationen traditioneller Handwerkstechniken, wie das Brotbacken im historischen Backhaus, sowie gef\u00fchrte naturkundliche und historisch ausgerichtete Wanderungen. Ein gro\u00dfer Handwerkermarkt wird im Fr\u00fchjahr und Herbst auf dem Museumsgel\u00e4nde veranstaltet.<\/p>\n","protected":false},"excerpt":{"rendered":"<p>Das Deichdorfmuseum Bislich thematisiert die Natur- und Kulturlandschaft des Niederrheins unter dem Leitthema \u201eDorf am Deich\u201c. Die Sammlung in den verschiedenen Ausstellungsgeb\u00e4uden beleuchtet den Rhein als pr\u00e4genden Lebensraum sowie die regionale Geschichte der Ziegler. Tempor\u00e4re Wechsel- und Sonderausstellungen werden erg\u00e4nzend zur Dauerausstellung pr\u00e4sentiert. Das Programm umfasst zudem Demonstrationen traditioneller Handwerkstechniken, wie das Brotbacken im historischen [&hellip;]<\/p>\n","protected":false},"author":0,"featured_media":99975,"template":"","destinations":[235,170],"class_list":["post-125176","poi","type-poi","status-publish","has-post-thumbnail","hentry","destination-historische-orte","destination-museen"],"acf":[],"yoast_head":"<!-- This site is optimized with the Yoast SEO plugin v19.11 - https:\/\/yoast.com\/wordpress\/plugins\/seo\/ -->\n<title>Infopunkt Wesel: Deichdorfmuseum Bislich - 3. Raderlebnistag Niederrhein 2026 - Stadt. Land. Niederrhein<\/title>\n<meta name=\"robots\" content=\"index, follow, max-snippet:-1, max-image-preview:large, max-video-preview:-1\" \/>\n<link rel=\"canonical\" href=\"https:\/\/stadt-land-niederrhein.de\/en\/kultur\/infopunkt-wesel-deichdorfmuseum-bislich-2-raderlebnistag-niederrhein-2025\/\" \/>\n<meta property=\"og:locale\" content=\"en_US\" \/>\n<meta property=\"og:type\" content=\"article\" \/>\n<meta property=\"og:title\" content=\"Infopunkt Wesel: Deichdorfmuseum Bislich - 3. Raderlebnistag Niederrhein 2026 - Stadt. Land. Niederrhein\" \/>\n<meta property=\"og:description\" content=\"Das Deichdorfmuseum Bislich thematisiert die Natur- und Kulturlandschaft des Niederrheins unter dem Leitthema \u201eDorf am Deich\u201c. Die Sammlung in den verschiedenen Ausstellungsgeb\u00e4uden beleuchtet den Rhein als pr\u00e4genden Lebensraum sowie die regionale Geschichte der Ziegler. Tempor\u00e4re Wechsel- und Sonderausstellungen werden erg\u00e4nzend zur Dauerausstellung pr\u00e4sentiert. Das Programm umfasst zudem Demonstrationen traditioneller Handwerkstechniken, wie das Brotbacken im historischen [&hellip;]\" \/>\n<meta property=\"og:url\" content=\"\/\" \/>\n<meta property=\"og:site_name\" content=\"Stadt. Land. Niederrhein\" \/>\n<meta property=\"og:image\" content=\"https:\/\/stadt-land-niederrhein.de\/wp-content\/uploads\/2025\/02\/deichdorfmuseum-in-bislich.jpg\" \/>\n\t<meta property=\"og:image:width\" content=\"1418\" \/>\n\t<meta property=\"og:image:height\" content=\"1063\" \/>\n\t<meta property=\"og:image:type\" content=\"image\/jpeg\" \/>\n<meta name=\"twitter:card\" content=\"summary_large_image\" \/>\n<script type=\"application\/ld+json\" class=\"yoast-schema-graph\">{\"@context\":\"https:\/\/schema.org\",\"@graph\":[{\"@type\":\"WebPage\",\"@id\":\"https:\/\/stadt-land-niederrhein.de\/en\/kultur\/infopunkt-wesel-deichdorfmuseum-bislich-2-raderlebnistag-niederrhein-2025\/\",\"url\":\"https:\/\/stadt-land-niederrhein.de\/en\/kultur\/infopunkt-wesel-deichdorfmuseum-bislich-2-raderlebnistag-niederrhein-2025\/\",\"name\":\"Infopunkt Wesel: Deichdorfmuseum Bislich - 3. Raderlebnistag Niederrhein 2026 - Stadt. Land. Niederrhein\",\"isPartOf\":{\"@id\":\"https:\/\/stadt-land-niederrhein.de\/en\/#website\"},\"datePublished\":\"2026-04-29T00:31:48+00:00\",\"dateModified\":\"2026-04-29T00:31:48+00:00\",\"breadcrumb\":{\"@id\":\"https:\/\/stadt-land-niederrhein.de\/en\/kultur\/infopunkt-wesel-deichdorfmuseum-bislich-2-raderlebnistag-niederrhein-2025\/#breadcrumb\"},\"inLanguage\":\"en-US\",\"potentialAction\":[{\"@type\":\"ReadAction\",\"target\":[\"https:\/\/stadt-land-niederrhein.de\/en\/kultur\/infopunkt-wesel-deichdorfmuseum-bislich-2-raderlebnistag-niederrhein-2025\/\"]}]},{\"@type\":\"BreadcrumbList\",\"@id\":\"https:\/\/stadt-land-niederrhein.de\/en\/kultur\/infopunkt-wesel-deichdorfmuseum-bislich-2-raderlebnistag-niederrhein-2025\/#breadcrumb\",\"itemListElement\":[{\"@type\":\"ListItem\",\"position\":1,\"name\":\"Home page\",\"item\":\"https:\/\/stadt-land-niederrhein.de\/en\/\"},{\"@type\":\"ListItem\",\"position\":2,\"name\":\"Culture\",\"item\":\"https:\/\/stadt-land-niederrhein.de\/en\/kultur\/\"},{\"@type\":\"ListItem\",\"position\":3,\"name\":\"Infopunkt Wesel: Deichdorfmuseum Bislich - 3. Raderlebnistag Niederrhein 2026\"}]},{\"@type\":\"WebSite\",\"@id\":\"https:\/\/stadt-land-niederrhein.de\/en\/#website\",\"url\":\"https:\/\/stadt-land-niederrhein.de\/en\/\",\"name\":\"Stadt. Land. Niederrhein\",\"description\":\"Niederrhein f\u00fcr alle Sinne\",\"publisher\":{\"@id\":\"https:\/\/stadt-land-niederrhein.de\/en\/#organization\"},\"alternateName\":\"Niederrhein f\u00fcr alle Sinne\",\"potentialAction\":[{\"@type\":\"SearchAction\",\"target\":{\"@type\":\"EntryPoint\",\"urlTemplate\":\"https:\/\/stadt-land-niederrhein.de\/en\/?s={search_term_string}\"},\"query-input\":\"required name=search_term_string\"}],\"inLanguage\":\"en-US\"},{\"@type\":\"Organization\",\"@id\":\"https:\/\/stadt-land-niederrhein.de\/en\/#organization\",\"name\":\"Stadt. Land. Niederrhein\",\"alternateName\":\"Niederrhein f\u00fcr alle Sinne\",\"url\":\"https:\/\/stadt-land-niederrhein.de\/en\/\",\"logo\":{\"@type\":\"ImageObject\",\"inLanguage\":\"en-US\",\"@id\":\"https:\/\/stadt-land-niederrhein.de\/en\/#\/schema\/logo\/image\/\",\"url\":\"https:\/\/stadt-land-niederrhein.de\/wp-content\/uploads\/2022\/09\/stadt-land-niederrhein_logo_block_400px.png\",\"contentUrl\":\"https:\/\/stadt-land-niederrhein.de\/wp-content\/uploads\/2022\/09\/stadt-land-niederrhein_logo_block_400px.png\",\"width\":400,\"height\":133,\"caption\":\"Stadt. Land. Niederrhein\"},\"image\":{\"@id\":\"https:\/\/stadt-land-niederrhein.de\/en\/#\/schema\/logo\/image\/\"},\"sameAs\":[\"https:\/\/www.instagram.com\/niederrheintourismus_\/\"]}]}<\/script>\n<!-- \/ Yoast SEO plugin. -->","yoast_head_json":{"title":"Infopunkt Wesel: Deichdorfmuseum Bislich - 3. Raderlebnistag Niederrhein 2026 - Stadt. Land. Niederrhein","robots":{"index":"index","follow":"follow","max-snippet":"max-snippet:-1","max-image-preview":"max-image-preview:large","max-video-preview":"max-video-preview:-1"},"canonical":"https:\/\/stadt-land-niederrhein.de\/en\/kultur\/infopunkt-wesel-deichdorfmuseum-bislich-2-raderlebnistag-niederrhein-2025\/","og_locale":"en_US","og_type":"article","og_title":"Infopunkt Wesel: Deichdorfmuseum Bislich - 3. Raderlebnistag Niederrhein 2026 - Stadt. Land. Niederrhein","og_description":"Das Deichdorfmuseum Bislich thematisiert die Natur- und Kulturlandschaft des Niederrheins unter dem Leitthema \u201eDorf am Deich\u201c. Die Sammlung in den verschiedenen Ausstellungsgeb\u00e4uden beleuchtet den Rhein als pr\u00e4genden Lebensraum sowie die regionale Geschichte der Ziegler. Tempor\u00e4re Wechsel- und Sonderausstellungen werden erg\u00e4nzend zur Dauerausstellung pr\u00e4sentiert. Das Programm umfasst zudem Demonstrationen traditioneller Handwerkstechniken, wie das Brotbacken im historischen [&hellip;]","og_url":"\/","og_site_name":"Stadt. Land. Niederrhein","og_image":[{"width":1418,"height":1063,"url":"https:\/\/stadt-land-niederrhein.de\/wp-content\/uploads\/2025\/02\/deichdorfmuseum-in-bislich.jpg","type":"image\/jpeg"}],"twitter_card":"summary_large_image","schema":{"@context":"https:\/\/schema.org","@graph":[{"@type":"WebPage","@id":"https:\/\/stadt-land-niederrhein.de\/en\/kultur\/infopunkt-wesel-deichdorfmuseum-bislich-2-raderlebnistag-niederrhein-2025\/","url":"https:\/\/stadt-land-niederrhein.de\/en\/kultur\/infopunkt-wesel-deichdorfmuseum-bislich-2-raderlebnistag-niederrhein-2025\/","name":"Infopunkt Wesel: Deichdorfmuseum Bislich - 3. Raderlebnistag Niederrhein 2026 - Stadt. Land. Niederrhein","isPartOf":{"@id":"https:\/\/stadt-land-niederrhein.de\/en\/#website"},"datePublished":"2026-04-29T00:31:48+00:00","dateModified":"2026-04-29T00:31:48+00:00","breadcrumb":{"@id":"https:\/\/stadt-land-niederrhein.de\/en\/kultur\/infopunkt-wesel-deichdorfmuseum-bislich-2-raderlebnistag-niederrhein-2025\/#breadcrumb"},"inLanguage":"en-US","potentialAction":[{"@type":"ReadAction","target":["https:\/\/stadt-land-niederrhein.de\/en\/kultur\/infopunkt-wesel-deichdorfmuseum-bislich-2-raderlebnistag-niederrhein-2025\/"]}]},{"@type":"BreadcrumbList","@id":"https:\/\/stadt-land-niederrhein.de\/en\/kultur\/infopunkt-wesel-deichdorfmuseum-bislich-2-raderlebnistag-niederrhein-2025\/#breadcrumb","itemListElement":[{"@type":"ListItem","position":1,"name":"Home page","item":"https:\/\/stadt-land-niederrhein.de\/en\/"},{"@type":"ListItem","position":2,"name":"Culture","item":"https:\/\/stadt-land-niederrhein.de\/en\/kultur\/"},{"@type":"ListItem","position":3,"name":"Infopunkt Wesel: Deichdorfmuseum Bislich - 3. Raderlebnistag Niederrhein 2026"}]},{"@type":"WebSite","@id":"https:\/\/stadt-land-niederrhein.de\/en\/#website","url":"https:\/\/stadt-land-niederrhein.de\/en\/","name":"Stadt. Land. Niederrhein","description":"Niederrhein f\u00fcr alle Sinne","publisher":{"@id":"https:\/\/stadt-land-niederrhein.de\/en\/#organization"},"alternateName":"Niederrhein f\u00fcr alle Sinne","potentialAction":[{"@type":"SearchAction","target":{"@type":"EntryPoint","urlTemplate":"https:\/\/stadt-land-niederrhein.de\/en\/?s={search_term_string}"},"query-input":"required name=search_term_string"}],"inLanguage":"en-US"},{"@type":"Organization","@id":"https:\/\/stadt-land-niederrhein.de\/en\/#organization","name":"Stadt. Land. Niederrhein","alternateName":"Niederrhein f\u00fcr alle Sinne","url":"https:\/\/stadt-land-niederrhein.de\/en\/","logo":{"@type":"ImageObject","inLanguage":"en-US","@id":"https:\/\/stadt-land-niederrhein.de\/en\/#\/schema\/logo\/image\/","url":"https:\/\/stadt-land-niederrhein.de\/wp-content\/uploads\/2022\/09\/stadt-land-niederrhein_logo_block_400px.png","contentUrl":"https:\/\/stadt-land-niederrhein.de\/wp-content\/uploads\/2022\/09\/stadt-land-niederrhein_logo_block_400px.png","width":400,"height":133,"caption":"Stadt. Land. Niederrhein"},"image":{"@id":"https:\/\/stadt-land-niederrhein.de\/en\/#\/schema\/logo\/image\/"},"sameAs":["https:\/\/www.instagram.com\/niederrheintourismus_\/"]}]}},"_links":{"self":[{"href":"https:\/\/stadt-land-niederrhein.de\/en\/wp-json\/wp\/v2\/pois\/125176","targetHints":{"allow":["GET"]}}],"collection":[{"href":"https:\/\/stadt-land-niederrhein.de\/en\/wp-json\/wp\/v2\/pois"}],"about":[{"href":"https:\/\/stadt-land-niederrhein.de\/en\/wp-json\/wp\/v2\/types\/poi"}],"version-history":[{"count":2,"href":"https:\/\/stadt-land-niederrhein.de\/en\/wp-json\/wp\/v2\/pois\/125176\/revisions"}],"predecessor-version":[{"id":127573,"href":"https:\/\/stadt-land-niederrhein.de\/en\/wp-json\/wp\/v2\/pois\/125176\/revisions\/127573"}],"wp:featuredmedia":[{"embeddable":true,"href":"https:\/\/stadt-land-niederrhein.de\/en\/wp-json\/wp\/v2\/media\/99975"}],"wp:attachment":[{"href":"https:\/\/stadt-land-niederrhein.de\/en\/wp-json\/wp\/v2\/media?parent=125176"}],"wp:term":[{"taxonomy":"destination","embeddable":true,"href":"https:\/\/stadt-land-niederrhein.de\/en\/wp-json\/wp\/v2\/destinations?post=125176"}],"curies":[{"name":"wp","href":"https:\/\/api.w.org\/{rel}","templated":true}]}}