{"id":106386,"date":"2026-04-30T02:23:37","date_gmt":"2026-04-30T00:23:37","guid":{"rendered":"https:\/\/stadt-land-niederrhein.de\/kulinarik\/cafe-hof-emschermuendung\/"},"modified":"2026-04-30T02:23:37","modified_gmt":"2026-04-30T00:23:37","slug":"cafe-hof-emschermuendung","status":"publish","type":"restaurant","link":"https:\/\/stadt-land-niederrhein.de\/en\/kulinarik\/cafe-hof-emschermuendung\/","title":{"rendered":"Caf\u00e9 Hof Emscherm\u00fcndung"},"content":{"rendered":"<p>Das Caf\u00e9 Hof Emscherm\u00fcndung bietet eine frische, saisonale und regionale Auswahl an Speisen. Die Zusammenarbeit mit lokalen Zulieferern wie der Fleischerei Rockhoff und dem Bauernhof Scheperjan garantiert Qualit\u00e4t vom Niederrhein. Auf der Getr\u00e4nkekarte stehen S\u00e4fte der Obstkelterei van Nahmen. In der N\u00e4he der renaturierten Emscherm\u00fcndung gelegen, eignet sich das Caf\u00e9 auch f\u00fcr Feierlichkeiten.<\/p>\n","protected":false},"excerpt":{"rendered":"<p>Das Caf\u00e9 Hof Emscherm\u00fcndung bietet eine frische, saisonale und regionale Auswahl an Speisen. Die Zusammenarbeit mit lokalen Zulieferern wie der Fleischerei Rockhoff und dem Bauernhof Scheperjan garantiert Qualit\u00e4t vom Niederrhein. Auf der Getr\u00e4nkekarte stehen S\u00e4fte der Obstkelterei van Nahmen. In der N\u00e4he der renaturierten Emscherm\u00fcndung gelegen, eignet sich das Caf\u00e9 auch f\u00fcr Feierlichkeiten.<\/p>\n","protected":false},"author":0,"featured_media":101615,"template":"","cuisines":[],"features":[],"kitchen_offers":[],"operating_modes":[90,244,92],"class_list":["post-106386","restaurant","type-restaurant","status-publish","has-post-thumbnail","hentry","operating_mode-cafe","operating_mode-gaststaetten","operating_mode-restaurant"],"acf":[],"yoast_head":"<!-- This site is optimized with the Yoast SEO plugin v19.11 - https:\/\/yoast.com\/wordpress\/plugins\/seo\/ -->\n<title>Caf\u00e9 Hof Emscherm\u00fcndung - Stadt. Land. Niederrhein<\/title>\n<meta name=\"robots\" content=\"index, follow, max-snippet:-1, max-image-preview:large, max-video-preview:-1\" \/>\n<link rel=\"canonical\" href=\"https:\/\/stadt-land-niederrhein.de\/en\/kulinarik\/cafe-hof-emschermuendung\/\" \/>\n<meta property=\"og:locale\" content=\"en_US\" \/>\n<meta property=\"og:type\" content=\"article\" \/>\n<meta property=\"og:title\" content=\"Caf\u00e9 Hof Emscherm\u00fcndung - Stadt. Land. Niederrhein\" \/>\n<meta property=\"og:description\" content=\"Das Caf\u00e9 Hof Emscherm\u00fcndung bietet eine frische, saisonale und regionale Auswahl an Speisen. Die Zusammenarbeit mit lokalen Zulieferern wie der Fleischerei Rockhoff und dem Bauernhof Scheperjan garantiert Qualit\u00e4t vom Niederrhein. Auf der Getr\u00e4nkekarte stehen S\u00e4fte der Obstkelterei van Nahmen. In der N\u00e4he der renaturierten Emscherm\u00fcndung gelegen, eignet sich das Caf\u00e9 auch f\u00fcr Feierlichkeiten.\" \/>\n<meta property=\"og:url\" content=\"\/\" \/>\n<meta property=\"og:site_name\" content=\"Stadt. Land. Niederrhein\" \/>\n<meta property=\"og:image\" content=\"https:\/\/stadt-land-niederrhein.de\/wp-content\/uploads\/2025\/03\/hof-emscherm-ndung.jpg\" \/>\n\t<meta property=\"og:image:width\" content=\"800\" \/>\n\t<meta property=\"og:image:height\" content=\"600\" \/>\n\t<meta property=\"og:image:type\" content=\"image\/jpeg\" \/>\n<meta name=\"twitter:card\" content=\"summary_large_image\" \/>\n<script type=\"application\/ld+json\" class=\"yoast-schema-graph\">{\"@context\":\"https:\/\/schema.org\",\"@graph\":[{\"@type\":\"WebPage\",\"@id\":\"https:\/\/stadt-land-niederrhein.de\/en\/kulinarik\/cafe-hof-emschermuendung\/\",\"url\":\"https:\/\/stadt-land-niederrhein.de\/en\/kulinarik\/cafe-hof-emschermuendung\/\",\"name\":\"Caf\u00e9 Hof Emscherm\u00fcndung - Stadt. Land. Niederrhein\",\"isPartOf\":{\"@id\":\"https:\/\/stadt-land-niederrhein.de\/en\/#website\"},\"datePublished\":\"2026-04-30T00:23:37+00:00\",\"dateModified\":\"2026-04-30T00:23:37+00:00\",\"breadcrumb\":{\"@id\":\"https:\/\/stadt-land-niederrhein.de\/en\/kulinarik\/cafe-hof-emschermuendung\/#breadcrumb\"},\"inLanguage\":\"en-US\",\"potentialAction\":[{\"@type\":\"ReadAction\",\"target\":[\"https:\/\/stadt-land-niederrhein.de\/en\/kulinarik\/cafe-hof-emschermuendung\/\"]}]},{\"@type\":\"BreadcrumbList\",\"@id\":\"https:\/\/stadt-land-niederrhein.de\/en\/kulinarik\/cafe-hof-emschermuendung\/#breadcrumb\",\"itemListElement\":[{\"@type\":\"ListItem\",\"position\":1,\"name\":\"Home page\",\"item\":\"https:\/\/stadt-land-niederrhein.de\/en\/\"},{\"@type\":\"ListItem\",\"position\":2,\"name\":\"Culinary\",\"item\":\"https:\/\/stadt-land-niederrhein.de\/en\/culinary\/\"},{\"@type\":\"ListItem\",\"position\":3,\"name\":\"Caf\u00e9 Hof Emscherm\u00fcndung\"}]},{\"@type\":\"WebSite\",\"@id\":\"https:\/\/stadt-land-niederrhein.de\/en\/#website\",\"url\":\"https:\/\/stadt-land-niederrhein.de\/en\/\",\"name\":\"Stadt. Land. Niederrhein\",\"description\":\"Niederrhein f\u00fcr alle Sinne\",\"publisher\":{\"@id\":\"https:\/\/stadt-land-niederrhein.de\/en\/#organization\"},\"alternateName\":\"Niederrhein f\u00fcr alle Sinne\",\"potentialAction\":[{\"@type\":\"SearchAction\",\"target\":{\"@type\":\"EntryPoint\",\"urlTemplate\":\"https:\/\/stadt-land-niederrhein.de\/en\/?s={search_term_string}\"},\"query-input\":\"required name=search_term_string\"}],\"inLanguage\":\"en-US\"},{\"@type\":\"Organization\",\"@id\":\"https:\/\/stadt-land-niederrhein.de\/en\/#organization\",\"name\":\"Stadt. Land. Niederrhein\",\"alternateName\":\"Niederrhein f\u00fcr alle Sinne\",\"url\":\"https:\/\/stadt-land-niederrhein.de\/en\/\",\"logo\":{\"@type\":\"ImageObject\",\"inLanguage\":\"en-US\",\"@id\":\"https:\/\/stadt-land-niederrhein.de\/en\/#\/schema\/logo\/image\/\",\"url\":\"https:\/\/stadt-land-niederrhein.de\/wp-content\/uploads\/2022\/09\/stadt-land-niederrhein_logo_block_400px.png\",\"contentUrl\":\"https:\/\/stadt-land-niederrhein.de\/wp-content\/uploads\/2022\/09\/stadt-land-niederrhein_logo_block_400px.png\",\"width\":400,\"height\":133,\"caption\":\"Stadt. Land. Niederrhein\"},\"image\":{\"@id\":\"https:\/\/stadt-land-niederrhein.de\/en\/#\/schema\/logo\/image\/\"},\"sameAs\":[\"https:\/\/www.instagram.com\/niederrheintourismus_\/\"]}]}<\/script>\n<!-- \/ Yoast SEO plugin. -->","yoast_head_json":{"title":"Caf\u00e9 Hof Emscherm\u00fcndung - Stadt. Land. Niederrhein","robots":{"index":"index","follow":"follow","max-snippet":"max-snippet:-1","max-image-preview":"max-image-preview:large","max-video-preview":"max-video-preview:-1"},"canonical":"https:\/\/stadt-land-niederrhein.de\/en\/kulinarik\/cafe-hof-emschermuendung\/","og_locale":"en_US","og_type":"article","og_title":"Caf\u00e9 Hof Emscherm\u00fcndung - Stadt. Land. Niederrhein","og_description":"Das Caf\u00e9 Hof Emscherm\u00fcndung bietet eine frische, saisonale und regionale Auswahl an Speisen. Die Zusammenarbeit mit lokalen Zulieferern wie der Fleischerei Rockhoff und dem Bauernhof Scheperjan garantiert Qualit\u00e4t vom Niederrhein. Auf der Getr\u00e4nkekarte stehen S\u00e4fte der Obstkelterei van Nahmen. In der N\u00e4he der renaturierten Emscherm\u00fcndung gelegen, eignet sich das Caf\u00e9 auch f\u00fcr Feierlichkeiten.","og_url":"\/","og_site_name":"Stadt. Land. Niederrhein","og_image":[{"width":800,"height":600,"url":"https:\/\/stadt-land-niederrhein.de\/wp-content\/uploads\/2025\/03\/hof-emscherm-ndung.jpg","type":"image\/jpeg"}],"twitter_card":"summary_large_image","schema":{"@context":"https:\/\/schema.org","@graph":[{"@type":"WebPage","@id":"https:\/\/stadt-land-niederrhein.de\/en\/kulinarik\/cafe-hof-emschermuendung\/","url":"https:\/\/stadt-land-niederrhein.de\/en\/kulinarik\/cafe-hof-emschermuendung\/","name":"Caf\u00e9 Hof Emscherm\u00fcndung - Stadt. Land. Niederrhein","isPartOf":{"@id":"https:\/\/stadt-land-niederrhein.de\/en\/#website"},"datePublished":"2026-04-30T00:23:37+00:00","dateModified":"2026-04-30T00:23:37+00:00","breadcrumb":{"@id":"https:\/\/stadt-land-niederrhein.de\/en\/kulinarik\/cafe-hof-emschermuendung\/#breadcrumb"},"inLanguage":"en-US","potentialAction":[{"@type":"ReadAction","target":["https:\/\/stadt-land-niederrhein.de\/en\/kulinarik\/cafe-hof-emschermuendung\/"]}]},{"@type":"BreadcrumbList","@id":"https:\/\/stadt-land-niederrhein.de\/en\/kulinarik\/cafe-hof-emschermuendung\/#breadcrumb","itemListElement":[{"@type":"ListItem","position":1,"name":"Home page","item":"https:\/\/stadt-land-niederrhein.de\/en\/"},{"@type":"ListItem","position":2,"name":"Culinary","item":"https:\/\/stadt-land-niederrhein.de\/en\/culinary\/"},{"@type":"ListItem","position":3,"name":"Caf\u00e9 Hof Emscherm\u00fcndung"}]},{"@type":"WebSite","@id":"https:\/\/stadt-land-niederrhein.de\/en\/#website","url":"https:\/\/stadt-land-niederrhein.de\/en\/","name":"Stadt. Land. Niederrhein","description":"Niederrhein f\u00fcr alle Sinne","publisher":{"@id":"https:\/\/stadt-land-niederrhein.de\/en\/#organization"},"alternateName":"Niederrhein f\u00fcr alle Sinne","potentialAction":[{"@type":"SearchAction","target":{"@type":"EntryPoint","urlTemplate":"https:\/\/stadt-land-niederrhein.de\/en\/?s={search_term_string}"},"query-input":"required name=search_term_string"}],"inLanguage":"en-US"},{"@type":"Organization","@id":"https:\/\/stadt-land-niederrhein.de\/en\/#organization","name":"Stadt. Land. Niederrhein","alternateName":"Niederrhein f\u00fcr alle Sinne","url":"https:\/\/stadt-land-niederrhein.de\/en\/","logo":{"@type":"ImageObject","inLanguage":"en-US","@id":"https:\/\/stadt-land-niederrhein.de\/en\/#\/schema\/logo\/image\/","url":"https:\/\/stadt-land-niederrhein.de\/wp-content\/uploads\/2022\/09\/stadt-land-niederrhein_logo_block_400px.png","contentUrl":"https:\/\/stadt-land-niederrhein.de\/wp-content\/uploads\/2022\/09\/stadt-land-niederrhein_logo_block_400px.png","width":400,"height":133,"caption":"Stadt. Land. Niederrhein"},"image":{"@id":"https:\/\/stadt-land-niederrhein.de\/en\/#\/schema\/logo\/image\/"},"sameAs":["https:\/\/www.instagram.com\/niederrheintourismus_\/"]}]}},"_links":{"self":[{"href":"https:\/\/stadt-land-niederrhein.de\/en\/wp-json\/wp\/v2\/restaurants\/106386","targetHints":{"allow":["GET"]}}],"collection":[{"href":"https:\/\/stadt-land-niederrhein.de\/en\/wp-json\/wp\/v2\/restaurants"}],"about":[{"href":"https:\/\/stadt-land-niederrhein.de\/en\/wp-json\/wp\/v2\/types\/restaurant"}],"version-history":[{"count":3,"href":"https:\/\/stadt-land-niederrhein.de\/en\/wp-json\/wp\/v2\/restaurants\/106386\/revisions"}],"predecessor-version":[{"id":123314,"href":"https:\/\/stadt-land-niederrhein.de\/en\/wp-json\/wp\/v2\/restaurants\/106386\/revisions\/123314"}],"wp:featuredmedia":[{"embeddable":true,"href":"https:\/\/stadt-land-niederrhein.de\/en\/wp-json\/wp\/v2\/media\/101615"}],"wp:attachment":[{"href":"https:\/\/stadt-land-niederrhein.de\/en\/wp-json\/wp\/v2\/media?parent=106386"}],"wp:term":[{"taxonomy":"cuisine","embeddable":true,"href":"https:\/\/stadt-land-niederrhein.de\/en\/wp-json\/wp\/v2\/cuisines?post=106386"},{"taxonomy":"feature","embeddable":true,"href":"https:\/\/stadt-land-niederrhein.de\/en\/wp-json\/wp\/v2\/features?post=106386"},{"taxonomy":"kitchen_offer","embeddable":true,"href":"https:\/\/stadt-land-niederrhein.de\/en\/wp-json\/wp\/v2\/kitchen_offers?post=106386"},{"taxonomy":"operating_mode","embeddable":true,"href":"https:\/\/stadt-land-niederrhein.de\/en\/wp-json\/wp\/v2\/operating_modes?post=106386"}],"curies":[{"name":"wp","href":"https:\/\/api.w.org\/{rel}","templated":true}]}}