{"id":116536,"date":"2026-04-30T02:32:26","date_gmt":"2026-04-30T00:32:26","guid":{"rendered":"https:\/\/stadt-land-niederrhein.de\/kulinarik\/eiscafe-marta\/"},"modified":"2026-04-30T02:32:26","modified_gmt":"2026-04-30T00:32:26","slug":"eiscafe-marta","status":"publish","type":"restaurant","link":"https:\/\/stadt-land-niederrhein.de\/en\/kulinarik\/eiscafe-marta\/","title":{"rendered":"Eiscafe Marta"},"content":{"rendered":"<p>Das Eiscafe Marta in Willich bietet eine breite Auswahl an hausgemachten Eisspezialit\u00e4ten. Die Eisdiele ist bekannt f\u00fcr ihre kreativen Sorten, die regelm\u00e4\u00dfig wechseln und saisonale Zutaten nutzen. Die zentrale Lage in der Peterstra\u00dfe macht es zu einem beliebten Anlaufpunkt f\u00fcr Eisliebhaber:innen.<\/p>\n","protected":false},"excerpt":{"rendered":"<p>Das Eiscafe Marta in Willich bietet eine breite Auswahl an hausgemachten Eisspezialit\u00e4ten. Die Eisdiele ist bekannt f\u00fcr ihre kreativen Sorten, die regelm\u00e4\u00dfig wechseln und saisonale Zutaten nutzen. Die zentrale Lage in der Peterstra\u00dfe macht es zu einem beliebten Anlaufpunkt f\u00fcr Eisliebhaber:innen.<\/p>\n","protected":false},"author":0,"featured_media":0,"template":"","cuisines":[],"features":[],"kitchen_offers":[],"operating_modes":[90],"class_list":["post-116536","restaurant","type-restaurant","status-publish","hentry","operating_mode-cafe"],"acf":[],"yoast_head":"<!-- This site is optimized with the Yoast SEO plugin v19.11 - https:\/\/yoast.com\/wordpress\/plugins\/seo\/ -->\n<title>Eiscafe Marta - Stadt. Land. Niederrhein<\/title>\n<meta name=\"robots\" content=\"index, follow, max-snippet:-1, max-image-preview:large, max-video-preview:-1\" \/>\n<link rel=\"canonical\" href=\"https:\/\/stadt-land-niederrhein.de\/en\/kulinarik\/eiscafe-marta\/\" \/>\n<meta property=\"og:locale\" content=\"en_US\" \/>\n<meta property=\"og:type\" content=\"article\" \/>\n<meta property=\"og:title\" content=\"Eiscafe Marta - Stadt. Land. Niederrhein\" \/>\n<meta property=\"og:description\" content=\"Das Eiscafe Marta in Willich bietet eine breite Auswahl an hausgemachten Eisspezialit\u00e4ten. Die Eisdiele ist bekannt f\u00fcr ihre kreativen Sorten, die regelm\u00e4\u00dfig wechseln und saisonale Zutaten nutzen. Die zentrale Lage in der Peterstra\u00dfe macht es zu einem beliebten Anlaufpunkt f\u00fcr Eisliebhaber:innen.\" \/>\n<meta property=\"og:url\" content=\"\/\" \/>\n<meta property=\"og:site_name\" content=\"Stadt. Land. Niederrhein\" \/>\n<meta name=\"twitter:card\" content=\"summary_large_image\" \/>\n<script type=\"application\/ld+json\" class=\"yoast-schema-graph\">{\"@context\":\"https:\/\/schema.org\",\"@graph\":[{\"@type\":\"WebPage\",\"@id\":\"https:\/\/stadt-land-niederrhein.de\/en\/kulinarik\/eiscafe-marta\/\",\"url\":\"https:\/\/stadt-land-niederrhein.de\/en\/kulinarik\/eiscafe-marta\/\",\"name\":\"Eiscafe Marta - Stadt. Land. Niederrhein\",\"isPartOf\":{\"@id\":\"https:\/\/stadt-land-niederrhein.de\/en\/#website\"},\"datePublished\":\"2026-04-30T00:32:26+00:00\",\"dateModified\":\"2026-04-30T00:32:26+00:00\",\"breadcrumb\":{\"@id\":\"https:\/\/stadt-land-niederrhein.de\/en\/kulinarik\/eiscafe-marta\/#breadcrumb\"},\"inLanguage\":\"en-US\",\"potentialAction\":[{\"@type\":\"ReadAction\",\"target\":[\"https:\/\/stadt-land-niederrhein.de\/en\/kulinarik\/eiscafe-marta\/\"]}]},{\"@type\":\"BreadcrumbList\",\"@id\":\"https:\/\/stadt-land-niederrhein.de\/en\/kulinarik\/eiscafe-marta\/#breadcrumb\",\"itemListElement\":[{\"@type\":\"ListItem\",\"position\":1,\"name\":\"Home page\",\"item\":\"https:\/\/stadt-land-niederrhein.de\/en\/\"},{\"@type\":\"ListItem\",\"position\":2,\"name\":\"Culinary\",\"item\":\"https:\/\/stadt-land-niederrhein.de\/en\/culinary\/\"},{\"@type\":\"ListItem\",\"position\":3,\"name\":\"Eiscafe Marta\"}]},{\"@type\":\"WebSite\",\"@id\":\"https:\/\/stadt-land-niederrhein.de\/en\/#website\",\"url\":\"https:\/\/stadt-land-niederrhein.de\/en\/\",\"name\":\"Stadt. Land. Niederrhein\",\"description\":\"Niederrhein f\u00fcr alle Sinne\",\"publisher\":{\"@id\":\"https:\/\/stadt-land-niederrhein.de\/en\/#organization\"},\"alternateName\":\"Niederrhein f\u00fcr alle Sinne\",\"potentialAction\":[{\"@type\":\"SearchAction\",\"target\":{\"@type\":\"EntryPoint\",\"urlTemplate\":\"https:\/\/stadt-land-niederrhein.de\/en\/?s={search_term_string}\"},\"query-input\":\"required name=search_term_string\"}],\"inLanguage\":\"en-US\"},{\"@type\":\"Organization\",\"@id\":\"https:\/\/stadt-land-niederrhein.de\/en\/#organization\",\"name\":\"Stadt. Land. Niederrhein\",\"alternateName\":\"Niederrhein f\u00fcr alle Sinne\",\"url\":\"https:\/\/stadt-land-niederrhein.de\/en\/\",\"logo\":{\"@type\":\"ImageObject\",\"inLanguage\":\"en-US\",\"@id\":\"https:\/\/stadt-land-niederrhein.de\/en\/#\/schema\/logo\/image\/\",\"url\":\"https:\/\/stadt-land-niederrhein.de\/wp-content\/uploads\/2022\/09\/stadt-land-niederrhein_logo_block_400px.png\",\"contentUrl\":\"https:\/\/stadt-land-niederrhein.de\/wp-content\/uploads\/2022\/09\/stadt-land-niederrhein_logo_block_400px.png\",\"width\":400,\"height\":133,\"caption\":\"Stadt. Land. Niederrhein\"},\"image\":{\"@id\":\"https:\/\/stadt-land-niederrhein.de\/en\/#\/schema\/logo\/image\/\"},\"sameAs\":[\"https:\/\/www.instagram.com\/niederrheintourismus_\/\"]}]}<\/script>\n<!-- \/ Yoast SEO plugin. -->","yoast_head_json":{"title":"Eiscafe Marta - Stadt. Land. Niederrhein","robots":{"index":"index","follow":"follow","max-snippet":"max-snippet:-1","max-image-preview":"max-image-preview:large","max-video-preview":"max-video-preview:-1"},"canonical":"https:\/\/stadt-land-niederrhein.de\/en\/kulinarik\/eiscafe-marta\/","og_locale":"en_US","og_type":"article","og_title":"Eiscafe Marta - Stadt. Land. Niederrhein","og_description":"Das Eiscafe Marta in Willich bietet eine breite Auswahl an hausgemachten Eisspezialit\u00e4ten. Die Eisdiele ist bekannt f\u00fcr ihre kreativen Sorten, die regelm\u00e4\u00dfig wechseln und saisonale Zutaten nutzen. Die zentrale Lage in der Peterstra\u00dfe macht es zu einem beliebten Anlaufpunkt f\u00fcr Eisliebhaber:innen.","og_url":"\/","og_site_name":"Stadt. Land. Niederrhein","twitter_card":"summary_large_image","schema":{"@context":"https:\/\/schema.org","@graph":[{"@type":"WebPage","@id":"https:\/\/stadt-land-niederrhein.de\/en\/kulinarik\/eiscafe-marta\/","url":"https:\/\/stadt-land-niederrhein.de\/en\/kulinarik\/eiscafe-marta\/","name":"Eiscafe Marta - Stadt. Land. Niederrhein","isPartOf":{"@id":"https:\/\/stadt-land-niederrhein.de\/en\/#website"},"datePublished":"2026-04-30T00:32:26+00:00","dateModified":"2026-04-30T00:32:26+00:00","breadcrumb":{"@id":"https:\/\/stadt-land-niederrhein.de\/en\/kulinarik\/eiscafe-marta\/#breadcrumb"},"inLanguage":"en-US","potentialAction":[{"@type":"ReadAction","target":["https:\/\/stadt-land-niederrhein.de\/en\/kulinarik\/eiscafe-marta\/"]}]},{"@type":"BreadcrumbList","@id":"https:\/\/stadt-land-niederrhein.de\/en\/kulinarik\/eiscafe-marta\/#breadcrumb","itemListElement":[{"@type":"ListItem","position":1,"name":"Home page","item":"https:\/\/stadt-land-niederrhein.de\/en\/"},{"@type":"ListItem","position":2,"name":"Culinary","item":"https:\/\/stadt-land-niederrhein.de\/en\/culinary\/"},{"@type":"ListItem","position":3,"name":"Eiscafe Marta"}]},{"@type":"WebSite","@id":"https:\/\/stadt-land-niederrhein.de\/en\/#website","url":"https:\/\/stadt-land-niederrhein.de\/en\/","name":"Stadt. Land. Niederrhein","description":"Niederrhein f\u00fcr alle Sinne","publisher":{"@id":"https:\/\/stadt-land-niederrhein.de\/en\/#organization"},"alternateName":"Niederrhein f\u00fcr alle Sinne","potentialAction":[{"@type":"SearchAction","target":{"@type":"EntryPoint","urlTemplate":"https:\/\/stadt-land-niederrhein.de\/en\/?s={search_term_string}"},"query-input":"required name=search_term_string"}],"inLanguage":"en-US"},{"@type":"Organization","@id":"https:\/\/stadt-land-niederrhein.de\/en\/#organization","name":"Stadt. Land. Niederrhein","alternateName":"Niederrhein f\u00fcr alle Sinne","url":"https:\/\/stadt-land-niederrhein.de\/en\/","logo":{"@type":"ImageObject","inLanguage":"en-US","@id":"https:\/\/stadt-land-niederrhein.de\/en\/#\/schema\/logo\/image\/","url":"https:\/\/stadt-land-niederrhein.de\/wp-content\/uploads\/2022\/09\/stadt-land-niederrhein_logo_block_400px.png","contentUrl":"https:\/\/stadt-land-niederrhein.de\/wp-content\/uploads\/2022\/09\/stadt-land-niederrhein_logo_block_400px.png","width":400,"height":133,"caption":"Stadt. Land. Niederrhein"},"image":{"@id":"https:\/\/stadt-land-niederrhein.de\/en\/#\/schema\/logo\/image\/"},"sameAs":["https:\/\/www.instagram.com\/niederrheintourismus_\/"]}]}},"_links":{"self":[{"href":"https:\/\/stadt-land-niederrhein.de\/en\/wp-json\/wp\/v2\/restaurants\/116536","targetHints":{"allow":["GET"]}}],"collection":[{"href":"https:\/\/stadt-land-niederrhein.de\/en\/wp-json\/wp\/v2\/restaurants"}],"about":[{"href":"https:\/\/stadt-land-niederrhein.de\/en\/wp-json\/wp\/v2\/types\/restaurant"}],"version-history":[{"count":2,"href":"https:\/\/stadt-land-niederrhein.de\/en\/wp-json\/wp\/v2\/restaurants\/116536\/revisions"}],"predecessor-version":[{"id":122022,"href":"https:\/\/stadt-land-niederrhein.de\/en\/wp-json\/wp\/v2\/restaurants\/116536\/revisions\/122022"}],"wp:attachment":[{"href":"https:\/\/stadt-land-niederrhein.de\/en\/wp-json\/wp\/v2\/media?parent=116536"}],"wp:term":[{"taxonomy":"cuisine","embeddable":true,"href":"https:\/\/stadt-land-niederrhein.de\/en\/wp-json\/wp\/v2\/cuisines?post=116536"},{"taxonomy":"feature","embeddable":true,"href":"https:\/\/stadt-land-niederrhein.de\/en\/wp-json\/wp\/v2\/features?post=116536"},{"taxonomy":"kitchen_offer","embeddable":true,"href":"https:\/\/stadt-land-niederrhein.de\/en\/wp-json\/wp\/v2\/kitchen_offers?post=116536"},{"taxonomy":"operating_mode","embeddable":true,"href":"https:\/\/stadt-land-niederrhein.de\/en\/wp-json\/wp\/v2\/operating_modes?post=116536"}],"curies":[{"name":"wp","href":"https:\/\/api.w.org\/{rel}","templated":true}]}}