{"id":34038,"date":"2022-11-17T16:16:33","date_gmt":"2022-11-17T15:16:33","guid":{"rendered":"https:\/\/stadt-land-niederrhein.de\/saison\/zu-gast-bei-caesar-und-co\/"},"modified":"2023-02-22T12:01:25","modified_gmt":"2023-02-22T11:01:25","slug":"guests-of-caesar-and-co","status":"publish","type":"season","link":"https:\/\/stadt-land-niederrhein.de\/en\/saison\/guests-of-caesar-and-co\/","title":{"rendered":"Guests of Caesar and co."},"content":{"rendered":"<p>[vc_row css=&#8221;.vc_custom_1669660857754{margin-bottom: 90px !important;}&#8221;][vc_column offset=&#8221;vc_col-lg-offset-3 vc_col-lg-6 vc_col-md-offset-2 vc_col-md-8&#8243;][vc_column_text el_class=&#8221;lead text-center&#8221;]The accolade came from UNESCO: the Lower Rhine is now a world heritage site too. The UNESCO committee inscribed the Lower Germanic Limes on its list of world heritage sites and thus helped turn the cultural landscape of the Lower Rhine into another highlight.[\/vc_column_text][\/vc_column][\/vc_row][vc_row][vc_column offset=&#8221;vc_col-lg-offset-1 vc_col-lg-10&#8243;]<div class=\"owl-carousel owl-theme layout-standard-1\"  data-owl-carousel-options=\"{&quot;responsive&quot;:{&quot;0&quot;:{&quot;items&quot;:1,&quot;margin&quot;:10,&quot;loop&quot;:false,&quot;nav&quot;:true,&quot;dots&quot;:false,&quot;autoplay&quot;:false},&quot;576&quot;:{&quot;items&quot;:2,&quot;margin&quot;:10,&quot;loop&quot;:true,&quot;nav&quot;:true,&quot;dots&quot;:false,&quot;autoplay&quot;:false},&quot;768&quot;:{&quot;items&quot;:2,&quot;margin&quot;:15,&quot;loop&quot;:true,&quot;nav&quot;:true,&quot;dots&quot;:false,&quot;autoplay&quot;:false},&quot;992&quot;:{&quot;items&quot;:3,&quot;margin&quot;:15,&quot;loop&quot;:true,&quot;nav&quot;:true,&quot;dots&quot;:false,&quot;autoplay&quot;:false},&quot;1200&quot;:{&quot;items&quot;:4,&quot;margin&quot;:15,&quot;loop&quot;:true,&quot;nav&quot;:true,&quot;dots&quot;:false,&quot;autoplay&quot;:false}},&quot;stagePadding&quot;:0,&quot;center&quot;:false,&quot;animateIn&quot;:false,&quot;animateOut&quot;:false,&quot;mouseDrag&quot;:true,&quot;touchDrag&quot;:true,&quot;navText&quot;:[&quot;&lt;span aria-label=\\&quot;Previous\\&quot;&gt;\\u2039&lt;\\\/span&gt;&quot;,&quot;&lt;span aria-label=\\&quot;Next\\&quot;&gt;\\u203a&lt;\\\/span&gt;&quot;]}\">\n\t\t\t<div class=\"img-wrapper\">\n\t\t\t<a href=\"https:\/\/stadt-land-niederrhein.de\/wp-content\/uploads\/2022\/11\/roemer_\u00a9-Malte-Schmitz-2-1024x682.jpg\" data-lightbox=\"c4bbde\" style=\"background-image: url( https:\/\/stadt-land-niederrhein.de\/wp-content\/uploads\/2022\/11\/roemer_\u00a9-Malte-Schmitz-2-1024x682.jpg )\" class=\"noAccessibilityResize\">\n\t\t\t\t\t\t\t\t\n\t\t\t\t\t<div class=\"image-copyright\"><div class=\"micro\">\u00a9 Malte Schmitz<\/div><\/div>\n\n\t\t\t\t\t\t\t<\/a>\n\t\t<\/div>\n\t\t\t\t<div class=\"img-wrapper\">\n\t\t\t<a href=\"https:\/\/stadt-land-niederrhein.de\/wp-content\/uploads\/2022\/11\/roemer_\u00a9-Malte-Schmitz-3-1024x684.jpg\" data-lightbox=\"c4bbde\" style=\"background-image: url( https:\/\/stadt-land-niederrhein.de\/wp-content\/uploads\/2022\/11\/roemer_\u00a9-Malte-Schmitz-3-1024x684.jpg )\" class=\"noAccessibilityResize\">\n\t\t\t\t\t\t\t\t\n\t\t\t\t\t<div class=\"image-copyright\"><div class=\"micro\">\u00a9 Malte Schmitz<\/div><\/div>\n\n\t\t\t\t\t\t\t<\/a>\n\t\t<\/div>\n\t\t\t\t<div class=\"img-wrapper\">\n\t\t\t<a href=\"https:\/\/stadt-land-niederrhein.de\/wp-content\/uploads\/2022\/11\/roemer_\u00a9-Malte-Schmitz-1024x683.jpg\" data-lightbox=\"c4bbde\" style=\"background-image: url( https:\/\/stadt-land-niederrhein.de\/wp-content\/uploads\/2022\/11\/roemer_\u00a9-Malte-Schmitz-1024x683.jpg )\" class=\"noAccessibilityResize\">\n\t\t\t\t\t\t\t\t\n\t\t\t\t\t<div class=\"image-copyright\"><div class=\"micro\">\u00a9 Malte Schmitz<\/div><\/div>\n\n\t\t\t\t\t\t\t<\/a>\n\t\t<\/div>\n\t\t\t\t<div class=\"img-wrapper\">\n\t\t\t<a href=\"https:\/\/stadt-land-niederrhein.de\/wp-content\/uploads\/2022\/11\/roemer_LVR-Archaeologischer-Park-Xanten-Foto-Malte-Schmitz-1024x683.jpg\" data-lightbox=\"c4bbde\" style=\"background-image: url( https:\/\/stadt-land-niederrhein.de\/wp-content\/uploads\/2022\/11\/roemer_LVR-Archaeologischer-Park-Xanten-Foto-Malte-Schmitz-1024x683.jpg )\" class=\"noAccessibilityResize\">\n\t\t\t\t\t\t\t\t\n\t\t\t\t\t<div class=\"image-copyright\"><div class=\"micro\">\u00a9 Malte Schmitz<\/div><\/div>\n\n\t\t\t\t\t\t\t<\/a>\n\t\t<\/div>\n\t\t<\/div><style>\t\/* Gallery Carousel *\/\r\n\r\n\t.layout-standard-1 .img-wrapper{\r\n\t\theight: 300px;\r\n\t    width: 100%;\r\n\t    overflow: hidden;\r\n\t}\r\n\r\n\t.layout-standard-1 .img-wrapper a{\r\n\t\tdisplay: block;\r\n\t\twidth: 100%;\r\n\t\theight: 100%;\r\n\t    background-repeat: no-repeat;\r\n\t    background-size: cover;\r\n\t    background-position: center center;\r\n\t    transform: scale(1);\r\n\t    transition: 0.6s;\r\n\t}\r\n\r\n\t.layout-standard-1 .img-wrapper:hover a{\r\n\t\ttransition: 0.3s;\r\n    \ttransform: scale(1.02);\r\n\t}\r\n\r\n\r\n\r\n\r\n\r\n\t.layout-standard-1 .owl-stage-outer{\r\n\t\tmargin-bottom: 30px;\r\n\t}\r\n\r\n\t.layout-standard-1 .owl-stage{\r\n\t\tdisplay: flex;\r\n\t}\r\n\t\r\n\r\n\t\/*\r\n    .layout-standard-1 .owl-nav .owl-next,\r\n    .layout-standard-1 .owl-nav .owl-prev {\r\n        position: absolute;\r\n        top: calc(50% - 15px);\r\n        transform: translateY(-50%);\r\n        -webkit-transform: translateY(-50%);\r\n\t    display: flex;\r\n\t    font-size: 25px !important;\r\n\t    background-color: #999 !important;\r\n\t    width: 30px;\r\n\t    height: 30px;\r\n\t    justify-content: center;\r\n\t    align-items: center;\r\n\t    color: #fff !important;\r\n    }\r\n    .layout-standard-1 .owl-nav .owl-next {\r\n\t\tright: 0;\r\n\t    margin-right: -5px;\r\n    }\r\n\r\n    .layout-standard-1 .owl-nav .owl-prev{\r\n        left: 0;\r\n\t    margin-left: -5px;\r\n    }\r\n\r\n    .layout-standard-1 .owl-nav .owl-next:hover,\r\n    .layout-standard-1 .owl-nav .owl-prev:hover{\r\n    \tbackground-color: #555 !important;\r\n    }\r\n    *\/\r\n\r\n\r\n    \/* Center OWL-Nav-Arrows  *\/\r\n\r\n    .layout-standard-1 .owl-nav {\r\n        position: absolute;\r\n        top: 125px;\r\n        right: 0;\r\n        left: 0;\r\n        margin-top: 0 !important;\r\n        pointer-events: none;\r\n    }\r\n\r\n    .layout-standard-1.owl-carousel .owl-nav > button {\r\n        margin: 0;\r\n        pointer-events: auto;\r\n    }\r\n\r\n    .layout-standard-1.owl-carousel .owl-nav > button.owl-prev,\r\n    .layout-standard-1.owl-carousel .owl-nav > button.owl-next {\r\n\t    background-color: #E7343F !important;\r\n\t    border-radius: 50px;\r\n\t    color: #FFF !important;\r\n\t    font-size: 50px !important;\r\n\t    line-height: 50px;\r\n\t    width: 50px;\r\n\t    height: 50px;\r\n\t    margin: 0;\r\n\t    outline: none;\r\n\t    transition: 0.3s !important;\r\n    }\r\n\r\n    .layout-standard-1.owl-carousel .owl-nav > button.owl-prev {\r\n        float: left;\r\n        margin-left: -15px !important;\r\n    }\r\n\r\n    .layout-standard-1.owl-carousel .owl-nav > button.owl-next {\r\n        float: right;\r\n        margin-right: -15px !important;\r\n    }\r\n\r\n    @media (min-width: 768px){\r\n\t    .layout-standard-1.owl-carousel .owl-nav > button.owl-prev {\r\n\t        margin-left: -25px !important;\r\n\t    }\r\n\r\n\t    .layout-standard-1.owl-carousel .owl-nav > button.owl-next {\r\n\t        margin-right: -25px !important;\r\n\t    }\r\n    }\r\n\r\n    .layout-standard-1.owl-theme .owl-nav [class*=owl-]:hover {\r\n        background-color: #A0212C !important;\r\n        color: #fff !important;\r\n        text-decoration: none;\r\n        transition: 0.3s !important;\r\n    }\r\n\r\n    .layout-standard-1.owl-theme .owl-nav .disabled {\r\n        opacity: 0.8;\r\n        cursor: default;\r\n    }\r\n\r\n    .layout-standard-1.owl-theme .owl-nav .disabled:hover {\r\n        cursor: default;\r\n        background-color: #FFF !important;\r\n        color: #002F5E !important;\r\n    }\r\n\r\n    .layout-standard-1.owl-carousel .owl-nav > button span{\r\n        margin-top: -10px;\r\n        display: block;\r\n    }\r\n\r\n    \/* Image Copyright *\/\r\n\r\n\t\t.layout-standard-1.owl-carousel .image-copyright{\r\n\t\t    display: flex;\r\n\t\t    flex-direction: column;\r\n\t\t    align-items: flex-start;\r\n\t\t    height: 300px;\r\n\t\t    justify-content: flex-end;\r\n\t\t    position: absolute;\r\n\t\t}\r\n\r\n\t\t.layout-standard-1.owl-carousel .image-copyright div{\r\n\t\t    display: inline-block;\r\n\t\t    background-color: rgba(0,0,0,0.4);\r\n\t\t    padding: 1px 6px;\r\n\t\t    color: rgba(255,255,255,0.8);\r\n\t\t    z-index: 2;\r\n\t\t}\r\n\r\n\t\t.layout-standard-1.owl-carousel .image-copyright a{\r\n\t\t\tcolor: #fff;\r\n\t\t\tcursor: help;\r\n\t\t}<\/style>[vc_separator css=&#8221;.vc_custom_1669660818105{margin-top: 60px !important;margin-bottom: 60px !important;}&#8221;][\/vc_column][\/vc_row][vc_row][vc_column offset=&#8221;vc_col-lg-offset-3 vc_col-lg-6 vc_col-md-offset-2 vc_col-md-8&#8243;][vc_column_text el_class=&#8221;lead text-center&#8221;]But what exactly are the Lower Germanic Limes? The limes formed the border of the Roman Empire 2,000 years ago. The Rhine separated Romans and Teutons. The Romans secured their military district from the Germanic settlement areas on the right riverbank. They used the Rhine as a \u2018wet border\u2019; no other border fortifications were necessary.<\/p>\n<p>Along the left side of the River Rhine, the Romans erected a military camp and forts as well as some watchtowers. They were linked by Limesstra\u00dfe (Limes Road). Incidentally, you can still follow large parts of their course: 9 Bundesstra\u00dfe was virtually built on the trail of the Romans.[\/vc_column_text][vc_empty_space height=&#8221;60px&#8221;][\/vc_column][\/vc_row][vc_row disable_element=&#8221;yes&#8221;][vc_column offset=&#8221;vc_col-lg-offset-2 vc_col-lg-8&#8243;]<div class=\"owl-carousel owl-theme layout-standard-2\"  data-owl-carousel-options=\"{&quot;responsive&quot;:{&quot;0&quot;:{&quot;items&quot;:1,&quot;margin&quot;:0,&quot;loop&quot;:false,&quot;nav&quot;:false,&quot;dots&quot;:true,&quot;autoplay&quot;:false},&quot;576&quot;:{&quot;items&quot;:1,&quot;margin&quot;:0,&quot;loop&quot;:true,&quot;nav&quot;:false,&quot;dots&quot;:true,&quot;autoplay&quot;:false},&quot;768&quot;:{&quot;items&quot;:1,&quot;margin&quot;:0,&quot;loop&quot;:true,&quot;nav&quot;:false,&quot;dots&quot;:true,&quot;autoplay&quot;:false},&quot;992&quot;:{&quot;items&quot;:1,&quot;margin&quot;:0,&quot;loop&quot;:true,&quot;nav&quot;:false,&quot;dots&quot;:true,&quot;autoplay&quot;:false},&quot;1200&quot;:{&quot;items&quot;:1,&quot;margin&quot;:0,&quot;loop&quot;:true,&quot;nav&quot;:false,&quot;dots&quot;:true,&quot;autoplay&quot;:false}},&quot;stagePadding&quot;:0,&quot;center&quot;:false,&quot;animateIn&quot;:false,&quot;animateOut&quot;:false,&quot;mouseDrag&quot;:true,&quot;touchDrag&quot;:true,&quot;navText&quot;:[&quot;&lt;span aria-label=\\&quot;Previous\\&quot;&gt;\\u2039&lt;\\\/span&gt;&quot;,&quot;&lt;span aria-label=\\&quot;Next\\&quot;&gt;\\u203a&lt;\\\/span&gt;&quot;]}\">\n\t\t\t<div class=\"img-wrapper\">\n\t\t\t<a href=\"https:\/\/stadt-land-niederrhein.de\/wp-content\/uploads\/2022\/11\/historiesche-orte_Niederrhein-Tourismius_November-32_-Foto-gymi-media-GmbH-1024x683.jpg\" data-lightbox=\"c2ff22\" style=\"background-image: url( https:\/\/stadt-land-niederrhein.de\/wp-content\/uploads\/2022\/11\/historiesche-orte_Niederrhein-Tourismius_November-32_-Foto-gymi-media-GmbH-1024x683.jpg )\" class=\"noAccessibilityResize\"><\/a>\n\t\t\t\t\t\t\t\t\t\t<\/div>\n\t\t\t\t<div class=\"img-wrapper\">\n\t\t\t<a href=\"https:\/\/stadt-land-niederrhein.de\/wp-content\/uploads\/2022\/11\/historiesche-orte_Niederrhein-Tourismus-Fraeulein-Stadt-Moers-7-1024x683.jpg\" data-lightbox=\"c2ff22\" style=\"background-image: url( https:\/\/stadt-land-niederrhein.de\/wp-content\/uploads\/2022\/11\/historiesche-orte_Niederrhein-Tourismus-Fraeulein-Stadt-Moers-7-1024x683.jpg )\" class=\"noAccessibilityResize\"><\/a>\n\t\t\t\t\t\t\t\t\t\t<\/div>\n\t\t\t\t<div class=\"img-wrapper\">\n\t\t\t<a href=\"https:\/\/stadt-land-niederrhein.de\/wp-content\/uploads\/2022\/11\/historiesche-orte_Niederrhein-Tourismus-Fraeulein-Stadt-Moers-8-1024x683.jpg\" data-lightbox=\"c2ff22\" style=\"background-image: url( https:\/\/stadt-land-niederrhein.de\/wp-content\/uploads\/2022\/11\/historiesche-orte_Niederrhein-Tourismus-Fraeulein-Stadt-Moers-8-1024x683.jpg )\" class=\"noAccessibilityResize\"><\/a>\n\t\t\t\t\t\t\t\t\t\t<\/div>\n\t\t<\/div><style>\t\/* Gallery Carousel *\/\r\n\r\n\t.layout-standard-2 .img-wrapper{\r\n\t\theight: 550px;\r\n\t    width: 100%;\r\n\t    overflow: hidden;\r\n\t}\r\n\r\n\t.layout-standard-2 .img-wrapper a{\r\n\t\tdisplay: block;\r\n\t\twidth: 100%;\r\n\t\theight: 100%;\r\n\t    background-repeat: no-repeat;\r\n\t    background-size: cover;\r\n\t    background-position: center center;\r\n\t    transform: scale(1);\r\n\t    transition: 0.6s;\r\n\t}\r\n\r\n\t.layout-standard-2 .img-wrapper:hover a{\r\n\t\ttransition: 0.3s;\r\n    \ttransform: scale(1.02);\r\n\t}\r\n\r\n\t.layout-standard-2 .owl-stage-outer{\r\n\t\tmargin-bottom: 30px;\r\n\t}\r\n\r\n\t.layout-standard-2 .owl-stage{\r\n\t\tdisplay: flex;\r\n\t}\r\n\r\n\t\/* Dots *\/\r\n\r\n\t.layout-standard-2 .owl-dots{\r\n\t\tmargin-top: -55px !important;\r\n\t    margin-bottom: 55px;\r\n\t    position: inherit;\r\n\t}\r\n\t\r\n\r\n    \/* Center OWL-Nav-Arrows  *\/\r\n\r\n    .layout-standard-2 .owl-nav {\r\n        position: absolute;\r\n        top: calc(550px\/2 - 30px);\r\n        right: 0;\r\n        left: 0;\r\n        margin-top: 0 !important;\r\n        pointer-events: none;\r\n        transition: 0.3s !important;\r\n        opacity: 0;\r\n    }\r\n\r\n    .layout-standard-2:hover .owl-nav{\r\n        transition: 0.3s !important;\r\n        opacity: 1;\r\n    }\r\n\r\n    .layout-standard-2.owl-carousel .owl-nav > button {\r\n        margin: 0;\r\n        pointer-events: auto;\r\n    }\r\n\r\n    .layout-standard-2.owl-carousel .owl-nav > button.owl-prev,\r\n    .layout-standard-2.owl-carousel .owl-nav > button.owl-next {\r\n\t    background-color: #E7343F !important;\r\n\t    border-radius: 50px;\r\n\t    color: #FFF !important;\r\n\t    font-size: 50px !important;\r\n\t    line-height: 50px;\r\n\t    width: 50px;\r\n\t    height: 50px;\r\n\t    margin: 0;\r\n\t    outline: none;\r\n\t    transition: 0.3s !important;\r\n    }\r\n\r\n    .layout-standard-2.owl-carousel .owl-nav > button.owl-prev {\r\n        float: left;\r\n        margin-left: -15px !important;\r\n    }\r\n\r\n    .layout-standard-2.owl-carousel .owl-nav > button.owl-next {\r\n        float: right;\r\n        margin-right: -15px !important;\r\n    }\r\n\r\n    .layout-standard-2.owl-theme .owl-nav [class*=owl-]:hover {\r\n        background-color: #A0212C !important;\r\n        color: #fff !important;\r\n        text-decoration: none;\r\n        transition: 0.3s !important;\r\n    }\r\n\r\n    .layout-standard-2.owl-theme .owl-nav .disabled {\r\n        opacity: 0.8;\r\n        cursor: default;\r\n    }\r\n\r\n    .layout-standard-2.owl-theme .owl-nav .disabled:hover {\r\n        cursor: default;\r\n        background-color: #FFF !important;\r\n        color: #002F5E !important;\r\n    }\r\n\r\n    .layout-standard-2.owl-carousel .owl-nav > button span{\r\n        margin-top: -7px;\r\n        display: block;\r\n    }\r\n\r\n\t\/*\r\n    .layout-standard-2 .owl-nav .owl-next,\r\n    .layout-standard-2 .owl-nav .owl-prev {\r\n        position: absolute;\r\n        top: calc(50% - 15px);\r\n        transform: translateY(-50%);\r\n        -webkit-transform: translateY(-50%);\r\n\t    display: flex;\r\n\t    font-size: 25px !important;\r\n\t    background-color: #999 !important;\r\n\t    width: 30px;\r\n\t    height: 30px;\r\n\t    justify-content: center;\r\n\t    align-items: center;\r\n\t    color: #fff !important;\r\n    }\r\n    .layout-standard-2 .owl-nav .owl-next {\r\n\t\tright: 0;\r\n\t    margin-right: -5px;\r\n    }\r\n\r\n    .layout-standard-2 .owl-nav .owl-prev{\r\n        left: 0;\r\n\t    margin-left: -5px;\r\n    }\r\n\r\n    .layout-standard-2 .owl-nav .owl-next:hover,\r\n    .layout-standard-2 .owl-nav .owl-prev:hover{\r\n    \tbackground-color: #555 !important;\r\n    }\r\n    *\/\r\n\r\n\r\n    \/* Center OWL-Nav-Arrows \r\n\r\n    .layout-standard-2 .owl-nav {\r\n        position: absolute;\r\n        top: 125px;\r\n        right: 0;\r\n        left: 0;\r\n        margin-top: 0 !important;\r\n        pointer-events: none;\r\n    }\r\n\r\n    .layout-standard-2.owl-carousel .owl-nav > button {\r\n        margin: 0;\r\n        pointer-events: auto;\r\n    }\r\n\r\n    .layout-standard-2.owl-carousel .owl-nav > button.owl-prev,\r\n    .layout-standard-2.owl-carousel .owl-nav > button.owl-next {\r\n\t    background-color: #E7343F !important;\r\n\t    border-radius: 50px;\r\n\t    color: #FFF !important;\r\n\t    font-size: 50px !important;\r\n\t    line-height: 50px;\r\n\t    width: 50px;\r\n\t    height: 50px;\r\n\t    margin: 0;\r\n\t    outline: none;\r\n\t    transition: 0.3s !important;\r\n    }\r\n\r\n    .layout-standard-2.owl-carousel .owl-nav > button.owl-prev {\r\n        float: left;\r\n        margin-left: -25px !important;\r\n    }\r\n\r\n    .layout-standard-2.owl-carousel .owl-nav > button.owl-next {\r\n        float: right;\r\n        margin-right: -25px !important;\r\n    }\r\n\r\n    .layout-standard-2.owl-theme .owl-nav [class*=owl-]:hover {\r\n        background-color: #A0212C !important;\r\n        color: #fff !important;\r\n        text-decoration: none;\r\n        transition: 0.3s !important;\r\n    }\r\n\r\n    .layout-standard-2.owl-theme .owl-nav .disabled {\r\n        opacity: 0.8;\r\n        cursor: default;\r\n    }\r\n\r\n    .layout-standard-2.owl-theme .owl-nav .disabled:hover {\r\n        cursor: default;\r\n        background-color: #FFF !important;\r\n        color: #002F5E !important;\r\n    }\r\n\r\n    .layout-standard-2.owl-carousel .owl-nav > button span{\r\n        margin-top: -10px;\r\n        display: block;\r\n    }\r\n\r\n    *\/\r\n\r\n    \/* Image Copyright *\/\r\n\r\n\t\t.layout-standard-2.owl-carousel .image-copyright{\r\n\t\t    display: flex;\r\n\t\t    flex-direction: column;\r\n\t\t    align-items: flex-start;\r\n\t\t    height: 550px;\r\n\t\t    justify-content: flex-end;\r\n\t\t    position: absolute;\r\n\t\t    top: 0;\r\n\t\t}\r\n\r\n\t\t.layout-standard-2.owl-carousel .image-copyright div{\r\n\t\t    display: inline-block;\r\n\t\t    background-color: rgba(0,0,0,0.4);\r\n\t\t    padding: 1px 6px;\r\n\t\t    color: rgba(255,255,255,0.8);\r\n\t\t    z-index: 2;\r\n\t\t}\r\n\r\n\t\t.layout-standard-2.owl-carousel .image-copyright a{\r\n\t\t\tcolor: #fff;\r\n\t\t\tcursor: help;\r\n\t\t}<\/style>[\/vc_column][\/vc_row][vc_row][vc_column offset=&#8221;vc_col-lg-offset-3 vc_col-lg-6 vc_col-md-offset-2 vc_col-md-8&#8243;][vc_column_text el_class=&#8221;lead text-center&#8221;]The new world heritage site consists of 44 sections in total. They stretch from Remagen to Katwijk in the Netherlands. Witnesses of this era are the Burginatium auxiliary fort near Kalkar, a Roman camp in Kleve-Keeken, a legionary camp in Till near Bedburg-Hau and a limes road that is still easily discernible in the Reichswald between Cleves and Kranenburg.<\/p>\n<p>The most significant Roman towns along the Lower Rhine, however, were Colonia Ulpia Traiana, present-day Xanten, which was the third-largest Roman town north of the Alps after Cologne and Trier with around 20,000 inhabitants, and Novaesium, present-day Neuss. Mostly soldiers were stationed there in several military camps. But civilians also settled there and laid the foundation of present-day Neuss near the mouth of the River Erft.<\/p>\n<p>Those interested in culture can also learn a lot about the Roman past in Krefeld. The cemeteries in Gelduba provide deep insights into life 2,000 years ago. Parts of this treasure trove, such as Prince Arpvar\u2019s golden helmet, can be seen in Castle Linn Museum in Krefeld.<\/p>\n<p>Today, however, you can get the most powerful insight into Roman life around 2,000 years ago in Xanten. With painstaking work, archaeologists deduced from the traces that the Romans left behind in the sand how people once worked and conducted trade, worshipped their gods, used their superb bathing temples and amused themselves at gladiatorial fights. A walking tour of the museum complex leads through the colossal amphitheatre, over parts of the city wall and to the thermal baths and harbour temple with its enormous columns.<\/p>\n<p>And you can eat Roman style: Numidian chicken or Lucanian sausage, perhaps. Just as Caesar and co. liked it.[\/vc_column_text][vc_empty_space height=&#8221;60px&#8221;][\/vc_column][\/vc_row][vc_row][vc_column offset=&#8221;vc_col-lg-offset-3 vc_col-lg-6 vc_col-md-offset-2 vc_col-md-8&#8243;][vc_raw_html]JTNDaW1nJTIwc3JjJTNEJTIyJTJGd3AtY29udGVudCUyRnVwbG9hZHMlMkYyMDIyJTJGMDglMkZhcnJvdy1yZWQtZG93bi5zdmclMjIlMjBjbGFzcyUzRCUyMnN2Zy1pbmplY3QlMjBteC1hdXRvJTIwZC1ibG9jayUyMiUzRQ==[\/vc_raw_html][\/vc_column][\/vc_row][vc_row][vc_column offset=&#8221;vc_col-lg-offset-3 vc_col-lg-6 vc_col-md-offset-2 vc_col-md-8&#8243;][vc_column_text el_class=&#8221;lead text-center&#8221;]<\/p>\n<h2 style=\"text-align: center;\">Discover other historical places on the Lower Rhine<\/h2>\n<p>[\/vc_column_text][\/vc_column][\/vc_row][vc_row][vc_column][vc_column_text]<div class=\"row row-cols-1 row-cols-sm-1 row-cols-md-2 row-cols-lg-2 row-cols-xl-3 post-grid-layout-season-1\" data-lazyload=\"{&quot;query&quot;:{&quot;post__not_in&quot;:[],&quot;post_type&quot;:&quot;poi&quot;,&quot;post_status&quot;:&quot;publish&quot;,&quot;posts_per_page&quot;:&quot;9&quot;,&quot;cat&quot;:&quot;&quot;,&quot;tag&quot;:&quot;&quot;,&quot;paged&quot;:1,&quot;order&quot;:&quot;DESC&quot;,&quot;orderby&quot;:&quot;date&quot;,&quot;tax_query&quot;:[{&quot;taxonomy&quot;:&quot;destination&quot;,&quot;field&quot;:&quot;term_id&quot;,&quot;terms&quot;:[235]}]},&quot;layout&quot;:&quot;season-1&quot;,&quot;base&quot;:&quot;post-grid&quot;,&quot;params&quot;:&quot;&quot;}\" data-object-type=\"post\"><div class=\"col mb-5\">\n\t<div class=\"card h-100 card-shadow\">\n\n\t\t\n\t\t\n\t\t<div class=\"card-body\">\n\t\t\t<div class=\"d-flex justify-content-between mb-2\">\n\n\t\t\t<\/div>\n\t\t\t<h3 class=\"mb-1\"><a href=\"https:\/\/stadt-land-niederrhein.de\/en\/kultur\/burg-uda\/\" class=\"stretched-link\">Burg Uda<\/a><\/h3>\n\t\t\t<div class=\"small\">Grefrath<\/div>\n\t\t\t<p class=\"card-text mt-3\"><p>Die Burg Uda in Grefrath-Oedt, ein Wahrzeichen der Region, offenbart sich als mittelalterliche Ruine nahe der Niers. Um 1300 errichtet, zeugt der erhaltene Rundturm von ihrer einstigen strategischen Bedeutung. Der Heimatverein erm\u00f6glicht Einblicke in ihre Historie sowie weitreichende Ausblicke.<\/p>\n<\/p>\n\t\t<\/div>\n\n\t\t<div class=\"card-footer\">\n\t\t\t<img decoding=\"async\" src=\"\/wp-content\/uploads\/2022\/08\/arrow-red-next.svg\" class=\"injectable\" alt=\"Eintrag anzeigen\">\n\t\t<\/div>\n\n\n\n\n\t<\/div>\n<\/div><div class=\"col mb-5\">\n\t<div class=\"card h-100 card-shadow\">\n\n\t\t\n\t\t\n\t\t<div class=\"card-body\">\n\t\t\t<div class=\"d-flex justify-content-between mb-2\">\n\n\t\t\t<\/div>\n\t\t\t<h3 class=\"mb-1\"><a href=\"https:\/\/stadt-land-niederrhein.de\/en\/kultur\/haus-mesterom\/\" class=\"stretched-link\">Haus Mesterom<\/a><\/h3>\n\t\t\t<div class=\"small\">Br\u00fcggen<\/div>\n\t\t\t<p class=\"card-text mt-3\"><p>Haus Mesterom, nahe dem alten Br\u00fcggener Bahnhof gelegen, wurde 1890 als Gastst\u00e4tte er\u00f6ffnet und war ein zentraler Treffpunkt f\u00fcr die Arbeiter der bedeutenden Tonindustrie in der Region. Zwischen 1954 und 1977 beherbergte das Geb\u00e4ude teilweise die Genossenschaftsbank. 1996 endete der Gastst\u00e4ttenbetrieb. Nach dem Tod des langj\u00e4hrigen B\u00fcrgermeisters Karl-Heinz Mesterom, der das Geb\u00e4ude pr\u00e4gte, ging es [&hellip;]<\/p>\n<\/p>\n\t\t<\/div>\n\n\t\t<div class=\"card-footer\">\n\t\t\t<img decoding=\"async\" src=\"\/wp-content\/uploads\/2022\/08\/arrow-red-next.svg\" class=\"injectable\" alt=\"Eintrag anzeigen\">\n\t\t<\/div>\n\n\n\n\n\t<\/div>\n<\/div><div class=\"col mb-5\">\n\t<div class=\"card h-100 card-shadow\">\n\n\t\t\n\t\t\n\t\t<div class=\"card-body\">\n\t\t\t<div class=\"d-flex justify-content-between mb-2\">\n\n\t\t\t<\/div>\n\t\t\t<h3 class=\"mb-1\"><a href=\"https:\/\/stadt-land-niederrhein.de\/en\/kultur\/denkmal-muehlenstrasse-25\/\" class=\"stretched-link\">Denkmal M\u00fchlenstra\u00dfe 25<\/a><\/h3>\n\t\t\t<div class=\"small\">Wachtendonk<\/div>\n\t\t\t<p class=\"card-text mt-3\"><p>Punkt 12 auf dem Rundgang durch den historischen Ortskern Wachtendonks offenbart die ehemalige Wasserm\u00fchle. Diese in die Stadtmauer integrierte Anlage, am tiefsten Punkt der Stadt gelegen, zeugt von historischer Niers-Nutzung und lokalen Begebenheiten.<\/p>\n<\/p>\n\t\t<\/div>\n\n\t\t<div class=\"card-footer\">\n\t\t\t<img decoding=\"async\" src=\"\/wp-content\/uploads\/2022\/08\/arrow-red-next.svg\" class=\"injectable\" alt=\"Eintrag anzeigen\">\n\t\t<\/div>\n\n\n\n\n\t<\/div>\n<\/div><div class=\"col mb-5\">\n\t<div class=\"card h-100 card-shadow\">\n\n\t\t\n\t\t\n\t\t<div class=\"card-body\">\n\t\t\t<div class=\"d-flex justify-content-between mb-2\">\n\n\t\t\t<\/div>\n\t\t\t<h3 class=\"mb-1\"><a href=\"https:\/\/stadt-land-niederrhein.de\/en\/kultur\/birgelener-puetzchen\/\" class=\"stretched-link\">Birgelener P\u00fctzchen<\/a><\/h3>\n\t\t\t<div class=\"small\">Wassenberg<\/div>\n\t\t\t<p class=\"card-text mt-3\"><p>Das Birgelener P\u00fctzchen, eine \u00fcber 1300 Jahre alte Wallfahrtsst\u00e4tte, bildet einen bedeutsamen Ort der Andacht und Verehrung der Gottesmutter. Seine historische Pr\u00e4gung ist tief in der regionalen Kultur verankert.<\/p>\n<\/p>\n\t\t<\/div>\n\n\t\t<div class=\"card-footer\">\n\t\t\t<img decoding=\"async\" src=\"\/wp-content\/uploads\/2022\/08\/arrow-red-next.svg\" class=\"injectable\" alt=\"Eintrag anzeigen\">\n\t\t<\/div>\n\n\n\n\n\t<\/div>\n<\/div><div class=\"col mb-5\">\n\t<div class=\"card h-100 card-shadow\">\n\n\t\t\n\t\t\n\t\t<div class=\"card-body\">\n\t\t\t<div class=\"d-flex justify-content-between mb-2\">\n\n\t\t\t<\/div>\n\t\t\t<h3 class=\"mb-1\"><a href=\"https:\/\/stadt-land-niederrhein.de\/en\/kultur\/denkmal-weinstrasse-8\/\" class=\"stretched-link\">Denkmal Weinstra\u00dfe 8<\/a><\/h3>\n\t\t\t<div class=\"small\">Wachtendonk<\/div>\n\t\t\t<p class=\"card-text mt-3\"><p>Das Denkmal Weinstra\u00dfe 8, ein Backsteinwohnhaus von 1669, diente einst Amtm\u00e4nnern als Residenz. Als neunter Punkt des Rundgangs repr\u00e4sentiert es die reiche Geschichte des als Gesamtmonument anerkannten Ortskerns Wachtendonks.<\/p>\n<\/p>\n\t\t<\/div>\n\n\t\t<div class=\"card-footer\">\n\t\t\t<img decoding=\"async\" src=\"\/wp-content\/uploads\/2022\/08\/arrow-red-next.svg\" class=\"injectable\" alt=\"Eintrag anzeigen\">\n\t\t<\/div>\n\n\n\n\n\t<\/div>\n<\/div><div class=\"col mb-5\">\n\t<div class=\"card h-100 card-shadow\">\n\n\t\t\n\t\t\n\t\t<div class=\"card-body\">\n\t\t\t<div class=\"d-flex justify-content-between mb-2\">\n\n\t\t\t<\/div>\n\t\t\t<h3 class=\"mb-1\"><a href=\"https:\/\/stadt-land-niederrhein.de\/en\/kultur\/denkmal-schanz\/\" class=\"stretched-link\">Denkmal Schanz<\/a><\/h3>\n\t\t\t<div class=\"small\">Wachtendonk<\/div>\n\t\t\t<p class=\"card-text mt-3\"><p>Das Denkmal Schanz, mit seinem geschweiften Giebel um 1680 errichtet, markiert einen historischen Punkt Wachtendonks. Es diente einst als Schutzort f\u00fcr die Bewohner:innen.<\/p>\n<\/p>\n\t\t<\/div>\n\n\t\t<div class=\"card-footer\">\n\t\t\t<img decoding=\"async\" src=\"\/wp-content\/uploads\/2022\/08\/arrow-red-next.svg\" class=\"injectable\" alt=\"Eintrag anzeigen\">\n\t\t<\/div>\n\n\n\n\n\t<\/div>\n<\/div><div class=\"col mb-5\">\n\t<div class=\"card h-100 card-shadow\">\n\n\t\t\n\t\t\n\t\t<div class=\"card-body\">\n\t\t\t<div class=\"d-flex justify-content-between mb-2\">\n\n\t\t\t<\/div>\n\t\t\t<h3 class=\"mb-1\"><a href=\"https:\/\/stadt-land-niederrhein.de\/en\/kultur\/historische-altstadt-kempen\/\" class=\"stretched-link\">Historische Altstadt Kempen<\/a><\/h3>\n\t\t\t<div class=\"small\">Kempen<\/div>\n\t\t\t<p class=\"card-text mt-3\"><p>Die historische Altstadt von Kempen beeindruckt mit ihrem gut erhaltenen mittelalterlichen Stadtkern. Zahlreiche individuelle, inhabergef\u00fchrte Gesch\u00e4fte und Kunsthandwerksbetriebe pr\u00e4gen das Bild. Die Gastronomie bietet eine abwechslungsreiche Auswahl, die den Besuch abrundet. Ein besonderes Highlight ist die Kurk\u00f6lnische Landesburg aus dem 14. Jahrhundert. Die denkmalgesch\u00fctzten Gassen und H\u00e4user, die teilweise bis ins Jahr 1600 zur\u00fcckreichen, verleihen [&hellip;]<\/p>\n<\/p>\n\t\t<\/div>\n\n\t\t<div class=\"card-footer\">\n\t\t\t<img decoding=\"async\" src=\"\/wp-content\/uploads\/2022\/08\/arrow-red-next.svg\" class=\"injectable\" alt=\"Eintrag anzeigen\">\n\t\t<\/div>\n\n\n\n\n\t<\/div>\n<\/div><div class=\"col mb-5\">\n\t<div class=\"card h-100 card-shadow\">\n\n\t\t\n\t\t\n\t\t<div class=\"card-body\">\n\t\t\t<div class=\"d-flex justify-content-between mb-2\">\n\n\t\t\t<\/div>\n\t\t\t<h3 class=\"mb-1\"><a href=\"https:\/\/stadt-land-niederrhein.de\/en\/kultur\/ehemaliges-st-ferdinand-hospital\/\" class=\"stretched-link\">Ehemaliges &#8220;St. Ferdinand-Hospital&#8221;<\/a><\/h3>\n\t\t\t<div class=\"small\">Wachtendonk<\/div>\n\t\t\t<p class=\"card-text mt-3\"><p>Das ehemalige St. Ferdinand-Hospital, als Punkt 6 des historischen Ortsrundgangs verortet, repr\u00e4sentiert ein bedeutsames Denkmal Wachtendonks. Seine Architektur f\u00fcgt sich harmonisch in das Ortsbild ein und zeugt von der lokalen Baugeschichte.<\/p>\n<\/p>\n\t\t<\/div>\n\n\t\t<div class=\"card-footer\">\n\t\t\t<img decoding=\"async\" src=\"\/wp-content\/uploads\/2022\/08\/arrow-red-next.svg\" class=\"injectable\" alt=\"Eintrag anzeigen\">\n\t\t<\/div>\n\n\n\n\n\t<\/div>\n<\/div><div class=\"col mb-5\">\n\t<div class=\"card h-100 card-shadow\">\n\n\t\t\n\t\t\n\t\t<div class=\"card-body\">\n\t\t\t<div class=\"d-flex justify-content-between mb-2\">\n\n\t\t\t<\/div>\n\t\t\t<h3 class=\"mb-1\"><a href=\"https:\/\/stadt-land-niederrhein.de\/en\/kultur\/prinzenhof\/\" class=\"stretched-link\">&#8220;Prinzenhof&#8221;<\/a><\/h3>\n\t\t\t<div class=\"small\">Wachtendonk<\/div>\n\t\t\t<p class=\"card-text mt-3\"><p>Der Prinzenhof, auch als \u201eHaus Wachtendonk\u201c bekannt, wurde um 1620 nach der Burgzerst\u00f6rung errichtet. Dieser historische Backsteinbau dient als achtzehnte Station des Ortskernrundgangs und veranschaulicht die lokale Baugeschichte.<\/p>\n<\/p>\n\t\t<\/div>\n\n\t\t<div class=\"card-footer\">\n\t\t\t<img decoding=\"async\" src=\"\/wp-content\/uploads\/2022\/08\/arrow-red-next.svg\" class=\"injectable\" alt=\"Eintrag anzeigen\">\n\t\t<\/div>\n\n\n\n\n\t<\/div>\n<\/div><\/div><div class=\"vc_btn3-container button-sm button-filled vc_btn3-center\"><button type=\"button\" class=\"vc_general vc_btn3 vc_btn3-size-md vc_btn3-shape-rounded vc_btn3-style-modern vc_btn3-color-grey btn-lazyload\"><span class=\"spinner-border spinner-border-sm\" role=\"status\" aria-hidden=\"true\"><\/span>Weitere Artikel laden<\/button><\/div><style>\/* post-grid-layout-standard *\/\r\n\r\n.post-grid-layout-season-1 .card {\r\n    -ms-flex: 1 0 0%;\r\n    flex: 1 0 0%;\r\n    margin-right: 15px;\r\n    margin-bottom: 0;\r\n    margin-left: 15px;\r\n    height: 100%;\r\n    overflow: hidden;\r\n}\r\n\r\n.post-grid-layout-season-1 .card-img {\r\n    width: 100%;\r\n    height: 175px;\r\n    background-color: #ccc;\r\n    background-position: center;\r\n    background-size: cover;\r\n    transition:all 0.3s ease-in-out;\r\n    opacity:1;\r\n}\r\n\r\n.post-grid-layout-season-1 .card:hover .card-img,\r\n.post-grid-layout-season-1 .card:focus .card-img {\r\n    transform: scale(1.02);\r\n    opacity:0.5;\r\n}\r\n\r\n.post-grid-layout-season-1 .card-body {\r\n    padding: 1.25rem 1.25rem 0 1.25rem;\r\n}\r\n\r\n.post-grid-layout-season-1 .card-footer {\r\n    padding-left: 1.25rem;\r\n    background-color: transparent;\r\n    border-top: 0;\r\n}\r\n\r\n.post-grid-layout-season-1 .card-footer svg{\r\n    width: 30px;\r\n}\r\n\r\n.post-grid-layout-season-1 .card,\r\n.post-grid-layout-season-1 .card .card-img{\r\n    border-radius: 0;\r\n}\r\n\r\n.post-grid-layout-season-1 .card{\r\n    border: 0;\r\n    transition: all 0.3s;\r\n    height: 100%;\r\n    flex: 1 0 0%;\r\n    background-color: transparent;\r\n}\r\n\r\n.post-grid-layout-season-1 .card:hover .card-img,\r\n.post-grid-layout-season-1 .card:focus .card-img {\r\n    transform: scale(1.02);\r\n    opacity: 0.8;\r\n}\r\n\r\n.post-grid-layout-season-1 .card .card-body p.card-text{\r\n    color: #7d878c;\r\n}\r\n\r\n.post-grid-layout-season-1 .card .card-footer{\r\n    padding-top: 0;\r\n}<\/style>[\/vc_column_text][vc_empty_space height=&#8221;60px&#8221;][vc_empty_space height=&#8221;60px&#8221;][\/vc_column][\/vc_row]<\/p>\n","protected":false},"excerpt":{"rendered":"<p>UNESCO World Heritage Site of the Lower Germanic Limes: the Romans along the Lower Rhine<\/p>\n","protected":false},"featured_media":23902,"template":"","class_list":["post-34038","season","type-season","status-publish","has-post-thumbnail","hentry"],"acf":[],"yoast_head":"<!-- This site is optimized with the Yoast SEO plugin v19.11 - https:\/\/yoast.com\/wordpress\/plugins\/seo\/ -->\n<title>Guests of Caesar and co. - Stadt. Land. Niederrhein<\/title>\n<meta name=\"robots\" content=\"index, follow, max-snippet:-1, max-image-preview:large, max-video-preview:-1\" \/>\n<link rel=\"canonical\" href=\"https:\/\/stadt-land-niederrhein.de\/en\/saison\/guests-of-caesar-and-co\/\" \/>\n<meta property=\"og:locale\" content=\"en_US\" \/>\n<meta property=\"og:type\" content=\"article\" \/>\n<meta property=\"og:title\" content=\"Guests of Caesar and co. - Stadt. Land. Niederrhein\" \/>\n<meta property=\"og:description\" content=\"UNESCO World Heritage Site of the Lower Germanic Limes: the Romans along the Lower Rhine\" \/>\n<meta property=\"og:url\" content=\"\/\" \/>\n<meta property=\"og:site_name\" content=\"Stadt. Land. Niederrhein\" \/>\n<meta property=\"article:modified_time\" content=\"2023-02-22T11:01:25+00:00\" \/>\n<meta property=\"og:image\" content=\"https:\/\/stadt-land-niederrhein.de\/wp-content\/uploads\/2022\/11\/083-10982.jpg\" \/>\n\t<meta property=\"og:image:width\" content=\"1417\" \/>\n\t<meta property=\"og:image:height\" content=\"1064\" \/>\n\t<meta property=\"og:image:type\" content=\"image\/jpeg\" \/>\n<meta name=\"twitter:card\" content=\"summary_large_image\" \/>\n<script type=\"application\/ld+json\" class=\"yoast-schema-graph\">{\"@context\":\"https:\/\/schema.org\",\"@graph\":[{\"@type\":\"WebPage\",\"@id\":\"https:\/\/stadt-land-niederrhein.de\/en\/saison\/guests-of-caesar-and-co\/\",\"url\":\"https:\/\/stadt-land-niederrhein.de\/en\/saison\/guests-of-caesar-and-co\/\",\"name\":\"Guests of Caesar and co. - Stadt. Land. Niederrhein\",\"isPartOf\":{\"@id\":\"https:\/\/stadt-land-niederrhein.de\/en\/#website\"},\"datePublished\":\"2022-11-17T15:16:33+00:00\",\"dateModified\":\"2023-02-22T11:01:25+00:00\",\"breadcrumb\":{\"@id\":\"https:\/\/stadt-land-niederrhein.de\/en\/saison\/guests-of-caesar-and-co\/#breadcrumb\"},\"inLanguage\":\"en-US\",\"potentialAction\":[{\"@type\":\"ReadAction\",\"target\":[\"https:\/\/stadt-land-niederrhein.de\/en\/saison\/guests-of-caesar-and-co\/\"]}]},{\"@type\":\"BreadcrumbList\",\"@id\":\"https:\/\/stadt-land-niederrhein.de\/en\/saison\/guests-of-caesar-and-co\/#breadcrumb\",\"itemListElement\":[{\"@type\":\"ListItem\",\"position\":1,\"name\":\"Home page\",\"item\":\"https:\/\/stadt-land-niederrhein.de\/en\/\"},{\"@type\":\"ListItem\",\"position\":2,\"name\":\"Saisons\",\"item\":\"https:\/\/stadt-land-niederrhein.de\/en\/saisons\/\"},{\"@type\":\"ListItem\",\"position\":3,\"name\":\"Guests of Caesar and co.\"}]},{\"@type\":\"WebSite\",\"@id\":\"https:\/\/stadt-land-niederrhein.de\/en\/#website\",\"url\":\"https:\/\/stadt-land-niederrhein.de\/en\/\",\"name\":\"Stadt. Land. Niederrhein\",\"description\":\"Niederrhein f\u00fcr alle Sinne\",\"publisher\":{\"@id\":\"https:\/\/stadt-land-niederrhein.de\/en\/#organization\"},\"alternateName\":\"Niederrhein f\u00fcr alle Sinne\",\"potentialAction\":[{\"@type\":\"SearchAction\",\"target\":{\"@type\":\"EntryPoint\",\"urlTemplate\":\"https:\/\/stadt-land-niederrhein.de\/en\/?s={search_term_string}\"},\"query-input\":\"required name=search_term_string\"}],\"inLanguage\":\"en-US\"},{\"@type\":\"Organization\",\"@id\":\"https:\/\/stadt-land-niederrhein.de\/en\/#organization\",\"name\":\"Stadt. Land. Niederrhein\",\"alternateName\":\"Niederrhein f\u00fcr alle Sinne\",\"url\":\"https:\/\/stadt-land-niederrhein.de\/en\/\",\"logo\":{\"@type\":\"ImageObject\",\"inLanguage\":\"en-US\",\"@id\":\"https:\/\/stadt-land-niederrhein.de\/en\/#\/schema\/logo\/image\/\",\"url\":\"https:\/\/stadt-land-niederrhein.de\/wp-content\/uploads\/2022\/09\/stadt-land-niederrhein_logo_block_400px.png\",\"contentUrl\":\"https:\/\/stadt-land-niederrhein.de\/wp-content\/uploads\/2022\/09\/stadt-land-niederrhein_logo_block_400px.png\",\"width\":400,\"height\":133,\"caption\":\"Stadt. Land. Niederrhein\"},\"image\":{\"@id\":\"https:\/\/stadt-land-niederrhein.de\/en\/#\/schema\/logo\/image\/\"},\"sameAs\":[\"https:\/\/www.instagram.com\/niederrheintourismus_\/\"]}]}<\/script>\n<!-- \/ Yoast SEO plugin. -->","yoast_head_json":{"title":"Guests of Caesar and co. - Stadt. Land. Niederrhein","robots":{"index":"index","follow":"follow","max-snippet":"max-snippet:-1","max-image-preview":"max-image-preview:large","max-video-preview":"max-video-preview:-1"},"canonical":"https:\/\/stadt-land-niederrhein.de\/en\/saison\/guests-of-caesar-and-co\/","og_locale":"en_US","og_type":"article","og_title":"Guests of Caesar and co. - Stadt. Land. Niederrhein","og_description":"UNESCO World Heritage Site of the Lower Germanic Limes: the Romans along the Lower Rhine","og_url":"\/","og_site_name":"Stadt. Land. Niederrhein","article_modified_time":"2023-02-22T11:01:25+00:00","og_image":[{"width":1417,"height":1064,"url":"https:\/\/stadt-land-niederrhein.de\/wp-content\/uploads\/2022\/11\/083-10982.jpg","type":"image\/jpeg"}],"twitter_card":"summary_large_image","schema":{"@context":"https:\/\/schema.org","@graph":[{"@type":"WebPage","@id":"https:\/\/stadt-land-niederrhein.de\/en\/saison\/guests-of-caesar-and-co\/","url":"https:\/\/stadt-land-niederrhein.de\/en\/saison\/guests-of-caesar-and-co\/","name":"Guests of Caesar and co. - Stadt. Land. Niederrhein","isPartOf":{"@id":"https:\/\/stadt-land-niederrhein.de\/en\/#website"},"datePublished":"2022-11-17T15:16:33+00:00","dateModified":"2023-02-22T11:01:25+00:00","breadcrumb":{"@id":"https:\/\/stadt-land-niederrhein.de\/en\/saison\/guests-of-caesar-and-co\/#breadcrumb"},"inLanguage":"en-US","potentialAction":[{"@type":"ReadAction","target":["https:\/\/stadt-land-niederrhein.de\/en\/saison\/guests-of-caesar-and-co\/"]}]},{"@type":"BreadcrumbList","@id":"https:\/\/stadt-land-niederrhein.de\/en\/saison\/guests-of-caesar-and-co\/#breadcrumb","itemListElement":[{"@type":"ListItem","position":1,"name":"Home page","item":"https:\/\/stadt-land-niederrhein.de\/en\/"},{"@type":"ListItem","position":2,"name":"Saisons","item":"https:\/\/stadt-land-niederrhein.de\/en\/saisons\/"},{"@type":"ListItem","position":3,"name":"Guests of Caesar and co."}]},{"@type":"WebSite","@id":"https:\/\/stadt-land-niederrhein.de\/en\/#website","url":"https:\/\/stadt-land-niederrhein.de\/en\/","name":"Stadt. Land. Niederrhein","description":"Niederrhein f\u00fcr alle Sinne","publisher":{"@id":"https:\/\/stadt-land-niederrhein.de\/en\/#organization"},"alternateName":"Niederrhein f\u00fcr alle Sinne","potentialAction":[{"@type":"SearchAction","target":{"@type":"EntryPoint","urlTemplate":"https:\/\/stadt-land-niederrhein.de\/en\/?s={search_term_string}"},"query-input":"required name=search_term_string"}],"inLanguage":"en-US"},{"@type":"Organization","@id":"https:\/\/stadt-land-niederrhein.de\/en\/#organization","name":"Stadt. Land. Niederrhein","alternateName":"Niederrhein f\u00fcr alle Sinne","url":"https:\/\/stadt-land-niederrhein.de\/en\/","logo":{"@type":"ImageObject","inLanguage":"en-US","@id":"https:\/\/stadt-land-niederrhein.de\/en\/#\/schema\/logo\/image\/","url":"https:\/\/stadt-land-niederrhein.de\/wp-content\/uploads\/2022\/09\/stadt-land-niederrhein_logo_block_400px.png","contentUrl":"https:\/\/stadt-land-niederrhein.de\/wp-content\/uploads\/2022\/09\/stadt-land-niederrhein_logo_block_400px.png","width":400,"height":133,"caption":"Stadt. Land. Niederrhein"},"image":{"@id":"https:\/\/stadt-land-niederrhein.de\/en\/#\/schema\/logo\/image\/"},"sameAs":["https:\/\/www.instagram.com\/niederrheintourismus_\/"]}]}},"_links":{"self":[{"href":"https:\/\/stadt-land-niederrhein.de\/en\/wp-json\/wp\/v2\/seasons\/34038","targetHints":{"allow":["GET"]}}],"collection":[{"href":"https:\/\/stadt-land-niederrhein.de\/en\/wp-json\/wp\/v2\/seasons"}],"about":[{"href":"https:\/\/stadt-land-niederrhein.de\/en\/wp-json\/wp\/v2\/types\/season"}],"version-history":[{"count":3,"href":"https:\/\/stadt-land-niederrhein.de\/en\/wp-json\/wp\/v2\/seasons\/34038\/revisions"}],"predecessor-version":[{"id":39474,"href":"https:\/\/stadt-land-niederrhein.de\/en\/wp-json\/wp\/v2\/seasons\/34038\/revisions\/39474"}],"wp:featuredmedia":[{"embeddable":true,"href":"https:\/\/stadt-land-niederrhein.de\/en\/wp-json\/wp\/v2\/media\/23902"}],"wp:attachment":[{"href":"https:\/\/stadt-land-niederrhein.de\/en\/wp-json\/wp\/v2\/media?parent=34038"}],"curies":[{"name":"wp","href":"https:\/\/api.w.org\/{rel}","templated":true}]}}