{"id":115234,"date":"2026-04-30T02:58:35","date_gmt":"2026-04-30T00:58:35","guid":{"rendered":"https:\/\/stadt-land-niederrhein.de\/kulinarik\/ritas-cafe-am-elfrather-see\/"},"modified":"2026-04-30T02:58:35","modified_gmt":"2026-04-30T00:58:35","slug":"ritas-cafe-am-elfrather-see","status":"publish","type":"restaurant","link":"https:\/\/stadt-land-niederrhein.de\/nl\/kulinarik\/ritas-cafe-am-elfrather-see\/","title":{"rendered":"Ritas Cafe am Elfrather See"},"content":{"rendered":"<p>Ritas Cafe am Elfrather See in Krefeld bietet eine einladende Atmosph\u00e4re direkt am Wasser. Das Caf\u00e9 \u00fcberzeugt mit einer Auswahl an hausgemachten Kuchen und herzhaften Snacks. Die Lage am See l\u00e4dt zu entspannten Stunden ein, w\u00e4hrend die Speisekarte saisonale und regionale Produkte betont.<\/p>\n","protected":false},"excerpt":{"rendered":"<p>Ritas Cafe am Elfrather See in Krefeld bietet eine einladende Atmosph\u00e4re direkt am Wasser. Das Caf\u00e9 \u00fcberzeugt mit einer Auswahl an hausgemachten Kuchen und herzhaften Snacks. Die Lage am See l\u00e4dt zu entspannten Stunden ein, w\u00e4hrend die Speisekarte saisonale und regionale Produkte betont.<\/p>\n","protected":false},"author":0,"featured_media":0,"template":"","cuisines":[],"features":[],"kitchen_offers":[],"operating_modes":[90],"class_list":["post-115234","restaurant","type-restaurant","status-publish","hentry","operating_mode-cafe"],"acf":[],"yoast_head":"<!-- This site is optimized with the Yoast SEO plugin v19.11 - https:\/\/yoast.com\/wordpress\/plugins\/seo\/ -->\n<title>Ritas Cafe am Elfrather See - Stadt. Land. Niederrhein<\/title>\n<meta name=\"robots\" content=\"index, follow, max-snippet:-1, max-image-preview:large, max-video-preview:-1\" \/>\n<link rel=\"canonical\" href=\"https:\/\/stadt-land-niederrhein.de\/nl\/kulinarik\/ritas-cafe-am-elfrather-see\/\" \/>\n<meta property=\"og:locale\" content=\"nl_NL\" \/>\n<meta property=\"og:type\" content=\"article\" \/>\n<meta property=\"og:title\" content=\"Ritas Cafe am Elfrather See - Stadt. Land. Niederrhein\" \/>\n<meta property=\"og:description\" content=\"Ritas Cafe am Elfrather See in Krefeld bietet eine einladende Atmosph\u00e4re direkt am Wasser. Das Caf\u00e9 \u00fcberzeugt mit einer Auswahl an hausgemachten Kuchen und herzhaften Snacks. Die Lage am See l\u00e4dt zu entspannten Stunden ein, w\u00e4hrend die Speisekarte saisonale und regionale Produkte betont.\" \/>\n<meta property=\"og:url\" content=\"\/\" \/>\n<meta property=\"og:site_name\" content=\"Stadt. Land. Niederrhein\" \/>\n<meta name=\"twitter:card\" content=\"summary_large_image\" \/>\n<script type=\"application\/ld+json\" class=\"yoast-schema-graph\">{\"@context\":\"https:\/\/schema.org\",\"@graph\":[{\"@type\":\"WebPage\",\"@id\":\"https:\/\/stadt-land-niederrhein.de\/nl\/kulinarik\/ritas-cafe-am-elfrather-see\/\",\"url\":\"https:\/\/stadt-land-niederrhein.de\/nl\/kulinarik\/ritas-cafe-am-elfrather-see\/\",\"name\":\"Ritas Cafe am Elfrather See - Stadt. Land. Niederrhein\",\"isPartOf\":{\"@id\":\"https:\/\/stadt-land-niederrhein.de\/nl\/#website\"},\"datePublished\":\"2026-04-30T00:58:35+00:00\",\"dateModified\":\"2026-04-30T00:58:35+00:00\",\"breadcrumb\":{\"@id\":\"https:\/\/stadt-land-niederrhein.de\/nl\/kulinarik\/ritas-cafe-am-elfrather-see\/#breadcrumb\"},\"inLanguage\":\"nl-NL\",\"potentialAction\":[{\"@type\":\"ReadAction\",\"target\":[\"https:\/\/stadt-land-niederrhein.de\/nl\/kulinarik\/ritas-cafe-am-elfrather-see\/\"]}]},{\"@type\":\"BreadcrumbList\",\"@id\":\"https:\/\/stadt-land-niederrhein.de\/nl\/kulinarik\/ritas-cafe-am-elfrather-see\/#breadcrumb\",\"itemListElement\":[{\"@type\":\"ListItem\",\"position\":1,\"name\":\"Startpagina\",\"item\":\"https:\/\/stadt-land-niederrhein.de\/nl\/\"},{\"@type\":\"ListItem\",\"position\":2,\"name\":\"Culinair\",\"item\":\"https:\/\/stadt-land-niederrhein.de\/nl\/culinair\/\"},{\"@type\":\"ListItem\",\"position\":3,\"name\":\"Ritas Cafe am Elfrather See\"}]},{\"@type\":\"WebSite\",\"@id\":\"https:\/\/stadt-land-niederrhein.de\/nl\/#website\",\"url\":\"https:\/\/stadt-land-niederrhein.de\/nl\/\",\"name\":\"Stadt. Land. Niederrhein\",\"description\":\"Niederrhein f\u00fcr alle Sinne\",\"publisher\":{\"@id\":\"https:\/\/stadt-land-niederrhein.de\/nl\/#organization\"},\"alternateName\":\"Niederrhein f\u00fcr alle Sinne\",\"potentialAction\":[{\"@type\":\"SearchAction\",\"target\":{\"@type\":\"EntryPoint\",\"urlTemplate\":\"https:\/\/stadt-land-niederrhein.de\/nl\/?s={search_term_string}\"},\"query-input\":\"required name=search_term_string\"}],\"inLanguage\":\"nl-NL\"},{\"@type\":\"Organization\",\"@id\":\"https:\/\/stadt-land-niederrhein.de\/nl\/#organization\",\"name\":\"Stadt. Land. Niederrhein\",\"alternateName\":\"Niederrhein f\u00fcr alle Sinne\",\"url\":\"https:\/\/stadt-land-niederrhein.de\/nl\/\",\"logo\":{\"@type\":\"ImageObject\",\"inLanguage\":\"nl-NL\",\"@id\":\"https:\/\/stadt-land-niederrhein.de\/nl\/#\/schema\/logo\/image\/\",\"url\":\"https:\/\/stadt-land-niederrhein.de\/wp-content\/uploads\/2022\/09\/stadt-land-niederrhein_logo_block_400px.png\",\"contentUrl\":\"https:\/\/stadt-land-niederrhein.de\/wp-content\/uploads\/2022\/09\/stadt-land-niederrhein_logo_block_400px.png\",\"width\":400,\"height\":133,\"caption\":\"Stadt. Land. Niederrhein\"},\"image\":{\"@id\":\"https:\/\/stadt-land-niederrhein.de\/nl\/#\/schema\/logo\/image\/\"},\"sameAs\":[\"https:\/\/www.instagram.com\/niederrheintourismus_\/\"]}]}<\/script>\n<!-- \/ Yoast SEO plugin. -->","yoast_head_json":{"title":"Ritas Cafe am Elfrather See - Stadt. Land. Niederrhein","robots":{"index":"index","follow":"follow","max-snippet":"max-snippet:-1","max-image-preview":"max-image-preview:large","max-video-preview":"max-video-preview:-1"},"canonical":"https:\/\/stadt-land-niederrhein.de\/nl\/kulinarik\/ritas-cafe-am-elfrather-see\/","og_locale":"nl_NL","og_type":"article","og_title":"Ritas Cafe am Elfrather See - Stadt. Land. Niederrhein","og_description":"Ritas Cafe am Elfrather See in Krefeld bietet eine einladende Atmosph\u00e4re direkt am Wasser. Das Caf\u00e9 \u00fcberzeugt mit einer Auswahl an hausgemachten Kuchen und herzhaften Snacks. Die Lage am See l\u00e4dt zu entspannten Stunden ein, w\u00e4hrend die Speisekarte saisonale und regionale Produkte betont.","og_url":"\/","og_site_name":"Stadt. Land. Niederrhein","twitter_card":"summary_large_image","schema":{"@context":"https:\/\/schema.org","@graph":[{"@type":"WebPage","@id":"https:\/\/stadt-land-niederrhein.de\/nl\/kulinarik\/ritas-cafe-am-elfrather-see\/","url":"https:\/\/stadt-land-niederrhein.de\/nl\/kulinarik\/ritas-cafe-am-elfrather-see\/","name":"Ritas Cafe am Elfrather See - Stadt. Land. Niederrhein","isPartOf":{"@id":"https:\/\/stadt-land-niederrhein.de\/nl\/#website"},"datePublished":"2026-04-30T00:58:35+00:00","dateModified":"2026-04-30T00:58:35+00:00","breadcrumb":{"@id":"https:\/\/stadt-land-niederrhein.de\/nl\/kulinarik\/ritas-cafe-am-elfrather-see\/#breadcrumb"},"inLanguage":"nl-NL","potentialAction":[{"@type":"ReadAction","target":["https:\/\/stadt-land-niederrhein.de\/nl\/kulinarik\/ritas-cafe-am-elfrather-see\/"]}]},{"@type":"BreadcrumbList","@id":"https:\/\/stadt-land-niederrhein.de\/nl\/kulinarik\/ritas-cafe-am-elfrather-see\/#breadcrumb","itemListElement":[{"@type":"ListItem","position":1,"name":"Startpagina","item":"https:\/\/stadt-land-niederrhein.de\/nl\/"},{"@type":"ListItem","position":2,"name":"Culinair","item":"https:\/\/stadt-land-niederrhein.de\/nl\/culinair\/"},{"@type":"ListItem","position":3,"name":"Ritas Cafe am Elfrather See"}]},{"@type":"WebSite","@id":"https:\/\/stadt-land-niederrhein.de\/nl\/#website","url":"https:\/\/stadt-land-niederrhein.de\/nl\/","name":"Stadt. Land. Niederrhein","description":"Niederrhein f\u00fcr alle Sinne","publisher":{"@id":"https:\/\/stadt-land-niederrhein.de\/nl\/#organization"},"alternateName":"Niederrhein f\u00fcr alle Sinne","potentialAction":[{"@type":"SearchAction","target":{"@type":"EntryPoint","urlTemplate":"https:\/\/stadt-land-niederrhein.de\/nl\/?s={search_term_string}"},"query-input":"required name=search_term_string"}],"inLanguage":"nl-NL"},{"@type":"Organization","@id":"https:\/\/stadt-land-niederrhein.de\/nl\/#organization","name":"Stadt. Land. Niederrhein","alternateName":"Niederrhein f\u00fcr alle Sinne","url":"https:\/\/stadt-land-niederrhein.de\/nl\/","logo":{"@type":"ImageObject","inLanguage":"nl-NL","@id":"https:\/\/stadt-land-niederrhein.de\/nl\/#\/schema\/logo\/image\/","url":"https:\/\/stadt-land-niederrhein.de\/wp-content\/uploads\/2022\/09\/stadt-land-niederrhein_logo_block_400px.png","contentUrl":"https:\/\/stadt-land-niederrhein.de\/wp-content\/uploads\/2022\/09\/stadt-land-niederrhein_logo_block_400px.png","width":400,"height":133,"caption":"Stadt. Land. Niederrhein"},"image":{"@id":"https:\/\/stadt-land-niederrhein.de\/nl\/#\/schema\/logo\/image\/"},"sameAs":["https:\/\/www.instagram.com\/niederrheintourismus_\/"]}]}},"_links":{"self":[{"href":"https:\/\/stadt-land-niederrhein.de\/nl\/wp-json\/wp\/v2\/restaurants\/115234","targetHints":{"allow":["GET"]}}],"collection":[{"href":"https:\/\/stadt-land-niederrhein.de\/nl\/wp-json\/wp\/v2\/restaurants"}],"about":[{"href":"https:\/\/stadt-land-niederrhein.de\/nl\/wp-json\/wp\/v2\/types\/restaurant"}],"version-history":[{"count":2,"href":"https:\/\/stadt-land-niederrhein.de\/nl\/wp-json\/wp\/v2\/restaurants\/115234\/revisions"}],"predecessor-version":[{"id":122409,"href":"https:\/\/stadt-land-niederrhein.de\/nl\/wp-json\/wp\/v2\/restaurants\/115234\/revisions\/122409"}],"wp:attachment":[{"href":"https:\/\/stadt-land-niederrhein.de\/nl\/wp-json\/wp\/v2\/media?parent=115234"}],"wp:term":[{"taxonomy":"cuisine","embeddable":true,"href":"https:\/\/stadt-land-niederrhein.de\/nl\/wp-json\/wp\/v2\/cuisines?post=115234"},{"taxonomy":"feature","embeddable":true,"href":"https:\/\/stadt-land-niederrhein.de\/nl\/wp-json\/wp\/v2\/features?post=115234"},{"taxonomy":"kitchen_offer","embeddable":true,"href":"https:\/\/stadt-land-niederrhein.de\/nl\/wp-json\/wp\/v2\/kitchen_offers?post=115234"},{"taxonomy":"operating_mode","embeddable":true,"href":"https:\/\/stadt-land-niederrhein.de\/nl\/wp-json\/wp\/v2\/operating_modes?post=115234"}],"curies":[{"name":"wp","href":"https:\/\/api.w.org\/{rel}","templated":true}]}}