{"id":125172,"date":"2026-04-30T02:21:24","date_gmt":"2026-04-30T00:21:24","guid":{"rendered":"https:\/\/stadt-land-niederrhein.de\/kulinarik\/hofcafe-ehl\/"},"modified":"2026-04-30T02:21:24","modified_gmt":"2026-04-30T00:21:24","slug":"hofcafe-ehl","status":"publish","type":"restaurant","link":"https:\/\/stadt-land-niederrhein.de\/nl\/kulinarik\/hofcafe-ehl\/","title":{"rendered":"Hofcaf\u00e9 Ehl"},"content":{"rendered":"<p>Das Hofcaf\u00e9 Ehl bietet auf seiner Terrasse mit Sonnenschirmen einen Blick ins Gr\u00fcne und Spielzeugtrecker f\u00fcr Kinder. Drinnen stehen zahlreiche Sitzm\u00f6glichkeiten zur Verf\u00fcgung. Inhaberin Adele Ehl und ihr Team servieren selbst gemachten Kuchen mit regionalen Zutaten, Creme- und Sahne-Kompositionen sowie traditionelle Rezepte. Waffeln mit Sahne und Kirschen erg\u00e4nzen das Angebot. Zum Fr\u00fchst\u00fcck gibt es Br\u00f6tchen, Croissants, Landbrot, selbst gemachte Marmelade, Aufschnitt und K\u00e4se sowie herzhafte Snacks.<\/p>\n","protected":false},"excerpt":{"rendered":"<p>Das Hofcaf\u00e9 Ehl bietet auf seiner Terrasse mit Sonnenschirmen einen Blick ins Gr\u00fcne und Spielzeugtrecker f\u00fcr Kinder. Drinnen stehen zahlreiche Sitzm\u00f6glichkeiten zur Verf\u00fcgung. Inhaberin Adele Ehl und ihr Team servieren selbst gemachten Kuchen mit regionalen Zutaten, Creme- und Sahne-Kompositionen sowie traditionelle Rezepte. Waffeln mit Sahne und Kirschen erg\u00e4nzen das Angebot. Zum Fr\u00fchst\u00fcck gibt es Br\u00f6tchen, [&hellip;]<\/p>\n","protected":false},"author":0,"featured_media":99004,"template":"","cuisines":[],"features":[],"kitchen_offers":[],"operating_modes":[90],"class_list":["post-125172","restaurant","type-restaurant","status-publish","has-post-thumbnail","hentry","operating_mode-cafe"],"acf":[],"yoast_head":"<!-- This site is optimized with the Yoast SEO plugin v19.11 - https:\/\/yoast.com\/wordpress\/plugins\/seo\/ -->\n<title>Hofcaf\u00e9 Ehl - Stadt. Land. Niederrhein<\/title>\n<meta name=\"robots\" content=\"index, follow, max-snippet:-1, max-image-preview:large, max-video-preview:-1\" \/>\n<link rel=\"canonical\" href=\"https:\/\/stadt-land-niederrhein.de\/nl\/kulinarik\/hofcafe-ehl\/\" \/>\n<meta property=\"og:locale\" content=\"nl_NL\" \/>\n<meta property=\"og:type\" content=\"article\" \/>\n<meta property=\"og:title\" content=\"Hofcaf\u00e9 Ehl - Stadt. Land. Niederrhein\" \/>\n<meta property=\"og:description\" content=\"Das Hofcaf\u00e9 Ehl bietet auf seiner Terrasse mit Sonnenschirmen einen Blick ins Gr\u00fcne und Spielzeugtrecker f\u00fcr Kinder. Drinnen stehen zahlreiche Sitzm\u00f6glichkeiten zur Verf\u00fcgung. Inhaberin Adele Ehl und ihr Team servieren selbst gemachten Kuchen mit regionalen Zutaten, Creme- und Sahne-Kompositionen sowie traditionelle Rezepte. Waffeln mit Sahne und Kirschen erg\u00e4nzen das Angebot. Zum Fr\u00fchst\u00fcck gibt es Br\u00f6tchen, [&hellip;]\" \/>\n<meta property=\"og:url\" content=\"\/\" \/>\n<meta property=\"og:site_name\" content=\"Stadt. Land. Niederrhein\" \/>\n<meta property=\"og:image\" content=\"https:\/\/stadt-land-niederrhein.de\/wp-content\/uploads\/2025\/02\/hofcaf-ehl.jpg\" \/>\n\t<meta property=\"og:image:width\" content=\"2048\" \/>\n\t<meta property=\"og:image:height\" content=\"1535\" \/>\n\t<meta property=\"og:image:type\" content=\"image\/jpeg\" \/>\n<meta name=\"twitter:card\" content=\"summary_large_image\" \/>\n<script type=\"application\/ld+json\" class=\"yoast-schema-graph\">{\"@context\":\"https:\/\/schema.org\",\"@graph\":[{\"@type\":\"WebPage\",\"@id\":\"https:\/\/stadt-land-niederrhein.de\/nl\/kulinarik\/hofcafe-ehl\/\",\"url\":\"https:\/\/stadt-land-niederrhein.de\/nl\/kulinarik\/hofcafe-ehl\/\",\"name\":\"Hofcaf\u00e9 Ehl - Stadt. Land. Niederrhein\",\"isPartOf\":{\"@id\":\"https:\/\/stadt-land-niederrhein.de\/nl\/#website\"},\"datePublished\":\"2026-04-30T00:21:24+00:00\",\"dateModified\":\"2026-04-30T00:21:24+00:00\",\"breadcrumb\":{\"@id\":\"https:\/\/stadt-land-niederrhein.de\/nl\/kulinarik\/hofcafe-ehl\/#breadcrumb\"},\"inLanguage\":\"nl-NL\",\"potentialAction\":[{\"@type\":\"ReadAction\",\"target\":[\"https:\/\/stadt-land-niederrhein.de\/nl\/kulinarik\/hofcafe-ehl\/\"]}]},{\"@type\":\"BreadcrumbList\",\"@id\":\"https:\/\/stadt-land-niederrhein.de\/nl\/kulinarik\/hofcafe-ehl\/#breadcrumb\",\"itemListElement\":[{\"@type\":\"ListItem\",\"position\":1,\"name\":\"Startpagina\",\"item\":\"https:\/\/stadt-land-niederrhein.de\/nl\/\"},{\"@type\":\"ListItem\",\"position\":2,\"name\":\"Culinair\",\"item\":\"https:\/\/stadt-land-niederrhein.de\/nl\/culinair\/\"},{\"@type\":\"ListItem\",\"position\":3,\"name\":\"Hofcaf\u00e9 Ehl\"}]},{\"@type\":\"WebSite\",\"@id\":\"https:\/\/stadt-land-niederrhein.de\/nl\/#website\",\"url\":\"https:\/\/stadt-land-niederrhein.de\/nl\/\",\"name\":\"Stadt. Land. Niederrhein\",\"description\":\"Niederrhein f\u00fcr alle Sinne\",\"publisher\":{\"@id\":\"https:\/\/stadt-land-niederrhein.de\/nl\/#organization\"},\"alternateName\":\"Niederrhein f\u00fcr alle Sinne\",\"potentialAction\":[{\"@type\":\"SearchAction\",\"target\":{\"@type\":\"EntryPoint\",\"urlTemplate\":\"https:\/\/stadt-land-niederrhein.de\/nl\/?s={search_term_string}\"},\"query-input\":\"required name=search_term_string\"}],\"inLanguage\":\"nl-NL\"},{\"@type\":\"Organization\",\"@id\":\"https:\/\/stadt-land-niederrhein.de\/nl\/#organization\",\"name\":\"Stadt. Land. Niederrhein\",\"alternateName\":\"Niederrhein f\u00fcr alle Sinne\",\"url\":\"https:\/\/stadt-land-niederrhein.de\/nl\/\",\"logo\":{\"@type\":\"ImageObject\",\"inLanguage\":\"nl-NL\",\"@id\":\"https:\/\/stadt-land-niederrhein.de\/nl\/#\/schema\/logo\/image\/\",\"url\":\"https:\/\/stadt-land-niederrhein.de\/wp-content\/uploads\/2022\/09\/stadt-land-niederrhein_logo_block_400px.png\",\"contentUrl\":\"https:\/\/stadt-land-niederrhein.de\/wp-content\/uploads\/2022\/09\/stadt-land-niederrhein_logo_block_400px.png\",\"width\":400,\"height\":133,\"caption\":\"Stadt. Land. Niederrhein\"},\"image\":{\"@id\":\"https:\/\/stadt-land-niederrhein.de\/nl\/#\/schema\/logo\/image\/\"},\"sameAs\":[\"https:\/\/www.instagram.com\/niederrheintourismus_\/\"]}]}<\/script>\n<!-- \/ Yoast SEO plugin. -->","yoast_head_json":{"title":"Hofcaf\u00e9 Ehl - Stadt. Land. Niederrhein","robots":{"index":"index","follow":"follow","max-snippet":"max-snippet:-1","max-image-preview":"max-image-preview:large","max-video-preview":"max-video-preview:-1"},"canonical":"https:\/\/stadt-land-niederrhein.de\/nl\/kulinarik\/hofcafe-ehl\/","og_locale":"nl_NL","og_type":"article","og_title":"Hofcaf\u00e9 Ehl - Stadt. Land. Niederrhein","og_description":"Das Hofcaf\u00e9 Ehl bietet auf seiner Terrasse mit Sonnenschirmen einen Blick ins Gr\u00fcne und Spielzeugtrecker f\u00fcr Kinder. Drinnen stehen zahlreiche Sitzm\u00f6glichkeiten zur Verf\u00fcgung. Inhaberin Adele Ehl und ihr Team servieren selbst gemachten Kuchen mit regionalen Zutaten, Creme- und Sahne-Kompositionen sowie traditionelle Rezepte. Waffeln mit Sahne und Kirschen erg\u00e4nzen das Angebot. Zum Fr\u00fchst\u00fcck gibt es Br\u00f6tchen, [&hellip;]","og_url":"\/","og_site_name":"Stadt. Land. Niederrhein","og_image":[{"width":2048,"height":1535,"url":"https:\/\/stadt-land-niederrhein.de\/wp-content\/uploads\/2025\/02\/hofcaf-ehl.jpg","type":"image\/jpeg"}],"twitter_card":"summary_large_image","schema":{"@context":"https:\/\/schema.org","@graph":[{"@type":"WebPage","@id":"https:\/\/stadt-land-niederrhein.de\/nl\/kulinarik\/hofcafe-ehl\/","url":"https:\/\/stadt-land-niederrhein.de\/nl\/kulinarik\/hofcafe-ehl\/","name":"Hofcaf\u00e9 Ehl - Stadt. Land. Niederrhein","isPartOf":{"@id":"https:\/\/stadt-land-niederrhein.de\/nl\/#website"},"datePublished":"2026-04-30T00:21:24+00:00","dateModified":"2026-04-30T00:21:24+00:00","breadcrumb":{"@id":"https:\/\/stadt-land-niederrhein.de\/nl\/kulinarik\/hofcafe-ehl\/#breadcrumb"},"inLanguage":"nl-NL","potentialAction":[{"@type":"ReadAction","target":["https:\/\/stadt-land-niederrhein.de\/nl\/kulinarik\/hofcafe-ehl\/"]}]},{"@type":"BreadcrumbList","@id":"https:\/\/stadt-land-niederrhein.de\/nl\/kulinarik\/hofcafe-ehl\/#breadcrumb","itemListElement":[{"@type":"ListItem","position":1,"name":"Startpagina","item":"https:\/\/stadt-land-niederrhein.de\/nl\/"},{"@type":"ListItem","position":2,"name":"Culinair","item":"https:\/\/stadt-land-niederrhein.de\/nl\/culinair\/"},{"@type":"ListItem","position":3,"name":"Hofcaf\u00e9 Ehl"}]},{"@type":"WebSite","@id":"https:\/\/stadt-land-niederrhein.de\/nl\/#website","url":"https:\/\/stadt-land-niederrhein.de\/nl\/","name":"Stadt. Land. Niederrhein","description":"Niederrhein f\u00fcr alle Sinne","publisher":{"@id":"https:\/\/stadt-land-niederrhein.de\/nl\/#organization"},"alternateName":"Niederrhein f\u00fcr alle Sinne","potentialAction":[{"@type":"SearchAction","target":{"@type":"EntryPoint","urlTemplate":"https:\/\/stadt-land-niederrhein.de\/nl\/?s={search_term_string}"},"query-input":"required name=search_term_string"}],"inLanguage":"nl-NL"},{"@type":"Organization","@id":"https:\/\/stadt-land-niederrhein.de\/nl\/#organization","name":"Stadt. Land. Niederrhein","alternateName":"Niederrhein f\u00fcr alle Sinne","url":"https:\/\/stadt-land-niederrhein.de\/nl\/","logo":{"@type":"ImageObject","inLanguage":"nl-NL","@id":"https:\/\/stadt-land-niederrhein.de\/nl\/#\/schema\/logo\/image\/","url":"https:\/\/stadt-land-niederrhein.de\/wp-content\/uploads\/2022\/09\/stadt-land-niederrhein_logo_block_400px.png","contentUrl":"https:\/\/stadt-land-niederrhein.de\/wp-content\/uploads\/2022\/09\/stadt-land-niederrhein_logo_block_400px.png","width":400,"height":133,"caption":"Stadt. Land. Niederrhein"},"image":{"@id":"https:\/\/stadt-land-niederrhein.de\/nl\/#\/schema\/logo\/image\/"},"sameAs":["https:\/\/www.instagram.com\/niederrheintourismus_\/"]}]}},"_links":{"self":[{"href":"https:\/\/stadt-land-niederrhein.de\/nl\/wp-json\/wp\/v2\/restaurants\/125172","targetHints":{"allow":["GET"]}}],"collection":[{"href":"https:\/\/stadt-land-niederrhein.de\/nl\/wp-json\/wp\/v2\/restaurants"}],"about":[{"href":"https:\/\/stadt-land-niederrhein.de\/nl\/wp-json\/wp\/v2\/types\/restaurant"}],"version-history":[{"count":1,"href":"https:\/\/stadt-land-niederrhein.de\/nl\/wp-json\/wp\/v2\/restaurants\/125172\/revisions"}],"predecessor-version":[{"id":125508,"href":"https:\/\/stadt-land-niederrhein.de\/nl\/wp-json\/wp\/v2\/restaurants\/125172\/revisions\/125508"}],"wp:featuredmedia":[{"embeddable":true,"href":"https:\/\/stadt-land-niederrhein.de\/nl\/wp-json\/wp\/v2\/media\/99004"}],"wp:attachment":[{"href":"https:\/\/stadt-land-niederrhein.de\/nl\/wp-json\/wp\/v2\/media?parent=125172"}],"wp:term":[{"taxonomy":"cuisine","embeddable":true,"href":"https:\/\/stadt-land-niederrhein.de\/nl\/wp-json\/wp\/v2\/cuisines?post=125172"},{"taxonomy":"feature","embeddable":true,"href":"https:\/\/stadt-land-niederrhein.de\/nl\/wp-json\/wp\/v2\/features?post=125172"},{"taxonomy":"kitchen_offer","embeddable":true,"href":"https:\/\/stadt-land-niederrhein.de\/nl\/wp-json\/wp\/v2\/kitchen_offers?post=125172"},{"taxonomy":"operating_mode","embeddable":true,"href":"https:\/\/stadt-land-niederrhein.de\/nl\/wp-json\/wp\/v2\/operating_modes?post=125172"}],"curies":[{"name":"wp","href":"https:\/\/api.w.org\/{rel}","templated":true}]}}