{"id":125222,"date":"2026-04-30T01:04:55","date_gmt":"2026-04-29T23:04:55","guid":{"rendered":"https:\/\/stadt-land-niederrhein.de\/kulinarik\/eiscafe-venezia-7\/"},"modified":"2026-04-30T01:04:55","modified_gmt":"2026-04-29T23:04:55","slug":"eiscafe-venezia-7","status":"publish","type":"restaurant","link":"https:\/\/stadt-land-niederrhein.de\/nl\/kulinarik\/eiscafe-venezia-7\/","title":{"rendered":"Eiscaf\u00e9 Venezia"},"content":{"rendered":"<p>Das Eiscaf\u00e9 Venezia, seit 1960 von der Familie Martinelli gef\u00fchrt, ist ein fester Bestandteil der Weseler Gastronomieszene. Es bietet eine breite Auswahl an Eisspezialit\u00e4ten, die mit traditionellen Rezepten zubereitet werden. Die zentrale Lage in Wesel macht es zu einem beliebten Ziel f\u00fcr Eisliebhaber:innen.<\/p>\n","protected":false},"excerpt":{"rendered":"<p>Das Eiscaf\u00e9 Venezia, seit 1960 von der Familie Martinelli gef\u00fchrt, ist ein fester Bestandteil der Weseler Gastronomieszene. Es bietet eine breite Auswahl an Eisspezialit\u00e4ten, die mit traditionellen Rezepten zubereitet werden. Die zentrale Lage in Wesel macht es zu einem beliebten Ziel f\u00fcr Eisliebhaber:innen.<\/p>\n","protected":false},"author":0,"featured_media":98934,"template":"","cuisines":[],"features":[],"kitchen_offers":[],"operating_modes":[90],"class_list":["post-125222","restaurant","type-restaurant","status-publish","has-post-thumbnail","hentry","operating_mode-cafe"],"acf":[],"yoast_head":"<!-- This site is optimized with the Yoast SEO plugin v19.11 - https:\/\/yoast.com\/wordpress\/plugins\/seo\/ -->\n<title>Eiscaf\u00e9 Venezia - Stadt. Land. Niederrhein<\/title>\n<meta name=\"robots\" content=\"index, follow, max-snippet:-1, max-image-preview:large, max-video-preview:-1\" \/>\n<link rel=\"canonical\" href=\"https:\/\/stadt-land-niederrhein.de\/nl\/kulinarik\/eiscafe-venezia-7\/\" \/>\n<meta property=\"og:locale\" content=\"nl_NL\" \/>\n<meta property=\"og:type\" content=\"article\" \/>\n<meta property=\"og:title\" content=\"Eiscaf\u00e9 Venezia - Stadt. Land. Niederrhein\" \/>\n<meta property=\"og:description\" content=\"Das Eiscaf\u00e9 Venezia, seit 1960 von der Familie Martinelli gef\u00fchrt, ist ein fester Bestandteil der Weseler Gastronomieszene. Es bietet eine breite Auswahl an Eisspezialit\u00e4ten, die mit traditionellen Rezepten zubereitet werden. Die zentrale Lage in Wesel macht es zu einem beliebten Ziel f\u00fcr Eisliebhaber:innen.\" \/>\n<meta property=\"og:url\" content=\"\/\" \/>\n<meta property=\"og:site_name\" content=\"Stadt. Land. Niederrhein\" \/>\n<meta property=\"og:image\" content=\"https:\/\/stadt-land-niederrhein.de\/wp-content\/uploads\/2025\/02\/eiscaf-venezia-scaled.jpg\" \/>\n\t<meta property=\"og:image:width\" content=\"2560\" \/>\n\t<meta property=\"og:image:height\" content=\"1920\" \/>\n\t<meta property=\"og:image:type\" content=\"image\/jpeg\" \/>\n<meta name=\"twitter:card\" content=\"summary_large_image\" \/>\n<script type=\"application\/ld+json\" class=\"yoast-schema-graph\">{\"@context\":\"https:\/\/schema.org\",\"@graph\":[{\"@type\":\"WebPage\",\"@id\":\"https:\/\/stadt-land-niederrhein.de\/nl\/kulinarik\/eiscafe-venezia-7\/\",\"url\":\"https:\/\/stadt-land-niederrhein.de\/nl\/kulinarik\/eiscafe-venezia-7\/\",\"name\":\"Eiscaf\u00e9 Venezia - Stadt. Land. Niederrhein\",\"isPartOf\":{\"@id\":\"https:\/\/stadt-land-niederrhein.de\/nl\/#website\"},\"datePublished\":\"2026-04-29T23:04:55+00:00\",\"dateModified\":\"2026-04-29T23:04:55+00:00\",\"breadcrumb\":{\"@id\":\"https:\/\/stadt-land-niederrhein.de\/nl\/kulinarik\/eiscafe-venezia-7\/#breadcrumb\"},\"inLanguage\":\"nl-NL\",\"potentialAction\":[{\"@type\":\"ReadAction\",\"target\":[\"https:\/\/stadt-land-niederrhein.de\/nl\/kulinarik\/eiscafe-venezia-7\/\"]}]},{\"@type\":\"BreadcrumbList\",\"@id\":\"https:\/\/stadt-land-niederrhein.de\/nl\/kulinarik\/eiscafe-venezia-7\/#breadcrumb\",\"itemListElement\":[{\"@type\":\"ListItem\",\"position\":1,\"name\":\"Startpagina\",\"item\":\"https:\/\/stadt-land-niederrhein.de\/nl\/\"},{\"@type\":\"ListItem\",\"position\":2,\"name\":\"Culinair\",\"item\":\"https:\/\/stadt-land-niederrhein.de\/nl\/culinair\/\"},{\"@type\":\"ListItem\",\"position\":3,\"name\":\"Eiscaf\u00e9 Venezia\"}]},{\"@type\":\"WebSite\",\"@id\":\"https:\/\/stadt-land-niederrhein.de\/nl\/#website\",\"url\":\"https:\/\/stadt-land-niederrhein.de\/nl\/\",\"name\":\"Stadt. Land. Niederrhein\",\"description\":\"Niederrhein f\u00fcr alle Sinne\",\"publisher\":{\"@id\":\"https:\/\/stadt-land-niederrhein.de\/nl\/#organization\"},\"alternateName\":\"Niederrhein f\u00fcr alle Sinne\",\"potentialAction\":[{\"@type\":\"SearchAction\",\"target\":{\"@type\":\"EntryPoint\",\"urlTemplate\":\"https:\/\/stadt-land-niederrhein.de\/nl\/?s={search_term_string}\"},\"query-input\":\"required name=search_term_string\"}],\"inLanguage\":\"nl-NL\"},{\"@type\":\"Organization\",\"@id\":\"https:\/\/stadt-land-niederrhein.de\/nl\/#organization\",\"name\":\"Stadt. Land. Niederrhein\",\"alternateName\":\"Niederrhein f\u00fcr alle Sinne\",\"url\":\"https:\/\/stadt-land-niederrhein.de\/nl\/\",\"logo\":{\"@type\":\"ImageObject\",\"inLanguage\":\"nl-NL\",\"@id\":\"https:\/\/stadt-land-niederrhein.de\/nl\/#\/schema\/logo\/image\/\",\"url\":\"https:\/\/stadt-land-niederrhein.de\/wp-content\/uploads\/2022\/09\/stadt-land-niederrhein_logo_block_400px.png\",\"contentUrl\":\"https:\/\/stadt-land-niederrhein.de\/wp-content\/uploads\/2022\/09\/stadt-land-niederrhein_logo_block_400px.png\",\"width\":400,\"height\":133,\"caption\":\"Stadt. Land. Niederrhein\"},\"image\":{\"@id\":\"https:\/\/stadt-land-niederrhein.de\/nl\/#\/schema\/logo\/image\/\"},\"sameAs\":[\"https:\/\/www.instagram.com\/niederrheintourismus_\/\"]}]}<\/script>\n<!-- \/ Yoast SEO plugin. -->","yoast_head_json":{"title":"Eiscaf\u00e9 Venezia - Stadt. Land. Niederrhein","robots":{"index":"index","follow":"follow","max-snippet":"max-snippet:-1","max-image-preview":"max-image-preview:large","max-video-preview":"max-video-preview:-1"},"canonical":"https:\/\/stadt-land-niederrhein.de\/nl\/kulinarik\/eiscafe-venezia-7\/","og_locale":"nl_NL","og_type":"article","og_title":"Eiscaf\u00e9 Venezia - Stadt. Land. Niederrhein","og_description":"Das Eiscaf\u00e9 Venezia, seit 1960 von der Familie Martinelli gef\u00fchrt, ist ein fester Bestandteil der Weseler Gastronomieszene. Es bietet eine breite Auswahl an Eisspezialit\u00e4ten, die mit traditionellen Rezepten zubereitet werden. Die zentrale Lage in Wesel macht es zu einem beliebten Ziel f\u00fcr Eisliebhaber:innen.","og_url":"\/","og_site_name":"Stadt. Land. Niederrhein","og_image":[{"width":2560,"height":1920,"url":"https:\/\/stadt-land-niederrhein.de\/wp-content\/uploads\/2025\/02\/eiscaf-venezia-scaled.jpg","type":"image\/jpeg"}],"twitter_card":"summary_large_image","schema":{"@context":"https:\/\/schema.org","@graph":[{"@type":"WebPage","@id":"https:\/\/stadt-land-niederrhein.de\/nl\/kulinarik\/eiscafe-venezia-7\/","url":"https:\/\/stadt-land-niederrhein.de\/nl\/kulinarik\/eiscafe-venezia-7\/","name":"Eiscaf\u00e9 Venezia - Stadt. Land. Niederrhein","isPartOf":{"@id":"https:\/\/stadt-land-niederrhein.de\/nl\/#website"},"datePublished":"2026-04-29T23:04:55+00:00","dateModified":"2026-04-29T23:04:55+00:00","breadcrumb":{"@id":"https:\/\/stadt-land-niederrhein.de\/nl\/kulinarik\/eiscafe-venezia-7\/#breadcrumb"},"inLanguage":"nl-NL","potentialAction":[{"@type":"ReadAction","target":["https:\/\/stadt-land-niederrhein.de\/nl\/kulinarik\/eiscafe-venezia-7\/"]}]},{"@type":"BreadcrumbList","@id":"https:\/\/stadt-land-niederrhein.de\/nl\/kulinarik\/eiscafe-venezia-7\/#breadcrumb","itemListElement":[{"@type":"ListItem","position":1,"name":"Startpagina","item":"https:\/\/stadt-land-niederrhein.de\/nl\/"},{"@type":"ListItem","position":2,"name":"Culinair","item":"https:\/\/stadt-land-niederrhein.de\/nl\/culinair\/"},{"@type":"ListItem","position":3,"name":"Eiscaf\u00e9 Venezia"}]},{"@type":"WebSite","@id":"https:\/\/stadt-land-niederrhein.de\/nl\/#website","url":"https:\/\/stadt-land-niederrhein.de\/nl\/","name":"Stadt. Land. Niederrhein","description":"Niederrhein f\u00fcr alle Sinne","publisher":{"@id":"https:\/\/stadt-land-niederrhein.de\/nl\/#organization"},"alternateName":"Niederrhein f\u00fcr alle Sinne","potentialAction":[{"@type":"SearchAction","target":{"@type":"EntryPoint","urlTemplate":"https:\/\/stadt-land-niederrhein.de\/nl\/?s={search_term_string}"},"query-input":"required name=search_term_string"}],"inLanguage":"nl-NL"},{"@type":"Organization","@id":"https:\/\/stadt-land-niederrhein.de\/nl\/#organization","name":"Stadt. Land. Niederrhein","alternateName":"Niederrhein f\u00fcr alle Sinne","url":"https:\/\/stadt-land-niederrhein.de\/nl\/","logo":{"@type":"ImageObject","inLanguage":"nl-NL","@id":"https:\/\/stadt-land-niederrhein.de\/nl\/#\/schema\/logo\/image\/","url":"https:\/\/stadt-land-niederrhein.de\/wp-content\/uploads\/2022\/09\/stadt-land-niederrhein_logo_block_400px.png","contentUrl":"https:\/\/stadt-land-niederrhein.de\/wp-content\/uploads\/2022\/09\/stadt-land-niederrhein_logo_block_400px.png","width":400,"height":133,"caption":"Stadt. Land. Niederrhein"},"image":{"@id":"https:\/\/stadt-land-niederrhein.de\/nl\/#\/schema\/logo\/image\/"},"sameAs":["https:\/\/www.instagram.com\/niederrheintourismus_\/"]}]}},"_links":{"self":[{"href":"https:\/\/stadt-land-niederrhein.de\/nl\/wp-json\/wp\/v2\/restaurants\/125222","targetHints":{"allow":["GET"]}}],"collection":[{"href":"https:\/\/stadt-land-niederrhein.de\/nl\/wp-json\/wp\/v2\/restaurants"}],"about":[{"href":"https:\/\/stadt-land-niederrhein.de\/nl\/wp-json\/wp\/v2\/types\/restaurant"}],"version-history":[{"count":1,"href":"https:\/\/stadt-land-niederrhein.de\/nl\/wp-json\/wp\/v2\/restaurants\/125222\/revisions"}],"predecessor-version":[{"id":125564,"href":"https:\/\/stadt-land-niederrhein.de\/nl\/wp-json\/wp\/v2\/restaurants\/125222\/revisions\/125564"}],"wp:featuredmedia":[{"embeddable":true,"href":"https:\/\/stadt-land-niederrhein.de\/nl\/wp-json\/wp\/v2\/media\/98934"}],"wp:attachment":[{"href":"https:\/\/stadt-land-niederrhein.de\/nl\/wp-json\/wp\/v2\/media?parent=125222"}],"wp:term":[{"taxonomy":"cuisine","embeddable":true,"href":"https:\/\/stadt-land-niederrhein.de\/nl\/wp-json\/wp\/v2\/cuisines?post=125222"},{"taxonomy":"feature","embeddable":true,"href":"https:\/\/stadt-land-niederrhein.de\/nl\/wp-json\/wp\/v2\/features?post=125222"},{"taxonomy":"kitchen_offer","embeddable":true,"href":"https:\/\/stadt-land-niederrhein.de\/nl\/wp-json\/wp\/v2\/kitchen_offers?post=125222"},{"taxonomy":"operating_mode","embeddable":true,"href":"https:\/\/stadt-land-niederrhein.de\/nl\/wp-json\/wp\/v2\/operating_modes?post=125222"}],"curies":[{"name":"wp","href":"https:\/\/api.w.org\/{rel}","templated":true}]}}