{"id":127834,"date":"2026-04-30T02:59:15","date_gmt":"2026-04-30T00:59:15","guid":{"rendered":"https:\/\/stadt-land-niederrhein.de\/kulinarik\/cafe-creme\/"},"modified":"2026-04-30T02:59:15","modified_gmt":"2026-04-30T00:59:15","slug":"cafe-creme","status":"publish","type":"restaurant","link":"https:\/\/stadt-land-niederrhein.de\/nl\/kulinarik\/cafe-creme\/","title":{"rendered":"Caf\u00e9 Cr\u00e8me."},"content":{"rendered":"<p>Caf\u00e9 Cr\u00e8me in Neuss bietet eine authentische franz\u00f6sische K\u00fcche in einem charmanten Ambiente. Zentral gelegen, l\u00e4dt das Caf\u00e9 zu einer kulinarischen Reise ein, die von klassischen Croissants bis zu raffinierten Quiches reicht. Die Speisekarte wechselt saisonal und bietet stets frische, regionale Zutaten.<\/p>\n","protected":false},"excerpt":{"rendered":"<p>Caf\u00e9 Cr\u00e8me in Neuss bietet eine authentische franz\u00f6sische K\u00fcche in einem charmanten Ambiente. Zentral gelegen, l\u00e4dt das Caf\u00e9 zu einer kulinarischen Reise ein, die von klassischen Croissants bis zu raffinierten Quiches reicht. Die Speisekarte wechselt saisonal und bietet stets frische, regionale Zutaten.<\/p>\n","protected":false},"author":0,"featured_media":0,"template":"","cuisines":[63],"features":[],"kitchen_offers":[],"operating_modes":[90],"class_list":["post-127834","restaurant","type-restaurant","status-publish","hentry","cuisine-franzoesisch","operating_mode-cafe"],"acf":[],"yoast_head":"<!-- This site is optimized with the Yoast SEO plugin v19.11 - https:\/\/yoast.com\/wordpress\/plugins\/seo\/ -->\n<title>Caf\u00e9 Cr\u00e8me. - Stadt. Land. Niederrhein<\/title>\n<meta name=\"robots\" content=\"index, follow, max-snippet:-1, max-image-preview:large, max-video-preview:-1\" \/>\n<link rel=\"canonical\" href=\"https:\/\/stadt-land-niederrhein.de\/nl\/kulinarik\/cafe-creme\/\" \/>\n<meta property=\"og:locale\" content=\"nl_NL\" \/>\n<meta property=\"og:type\" content=\"article\" \/>\n<meta property=\"og:title\" content=\"Caf\u00e9 Cr\u00e8me. - Stadt. Land. Niederrhein\" \/>\n<meta property=\"og:description\" content=\"Caf\u00e9 Cr\u00e8me in Neuss bietet eine authentische franz\u00f6sische K\u00fcche in einem charmanten Ambiente. Zentral gelegen, l\u00e4dt das Caf\u00e9 zu einer kulinarischen Reise ein, die von klassischen Croissants bis zu raffinierten Quiches reicht. Die Speisekarte wechselt saisonal und bietet stets frische, regionale Zutaten.\" \/>\n<meta property=\"og:url\" content=\"\/\" \/>\n<meta property=\"og:site_name\" content=\"Stadt. Land. Niederrhein\" \/>\n<meta name=\"twitter:card\" content=\"summary_large_image\" \/>\n<script type=\"application\/ld+json\" class=\"yoast-schema-graph\">{\"@context\":\"https:\/\/schema.org\",\"@graph\":[{\"@type\":\"WebPage\",\"@id\":\"https:\/\/stadt-land-niederrhein.de\/nl\/kulinarik\/cafe-creme\/\",\"url\":\"https:\/\/stadt-land-niederrhein.de\/nl\/kulinarik\/cafe-creme\/\",\"name\":\"Caf\u00e9 Cr\u00e8me. - Stadt. Land. Niederrhein\",\"isPartOf\":{\"@id\":\"https:\/\/stadt-land-niederrhein.de\/nl\/#website\"},\"datePublished\":\"2026-04-30T00:59:15+00:00\",\"dateModified\":\"2026-04-30T00:59:15+00:00\",\"breadcrumb\":{\"@id\":\"https:\/\/stadt-land-niederrhein.de\/nl\/kulinarik\/cafe-creme\/#breadcrumb\"},\"inLanguage\":\"nl-NL\",\"potentialAction\":[{\"@type\":\"ReadAction\",\"target\":[\"https:\/\/stadt-land-niederrhein.de\/nl\/kulinarik\/cafe-creme\/\"]}]},{\"@type\":\"BreadcrumbList\",\"@id\":\"https:\/\/stadt-land-niederrhein.de\/nl\/kulinarik\/cafe-creme\/#breadcrumb\",\"itemListElement\":[{\"@type\":\"ListItem\",\"position\":1,\"name\":\"Startpagina\",\"item\":\"https:\/\/stadt-land-niederrhein.de\/nl\/\"},{\"@type\":\"ListItem\",\"position\":2,\"name\":\"Culinair\",\"item\":\"https:\/\/stadt-land-niederrhein.de\/nl\/culinair\/\"},{\"@type\":\"ListItem\",\"position\":3,\"name\":\"Caf\u00e9 Cr\u00e8me.\"}]},{\"@type\":\"WebSite\",\"@id\":\"https:\/\/stadt-land-niederrhein.de\/nl\/#website\",\"url\":\"https:\/\/stadt-land-niederrhein.de\/nl\/\",\"name\":\"Stadt. Land. Niederrhein\",\"description\":\"Niederrhein f\u00fcr alle Sinne\",\"publisher\":{\"@id\":\"https:\/\/stadt-land-niederrhein.de\/nl\/#organization\"},\"alternateName\":\"Niederrhein f\u00fcr alle Sinne\",\"potentialAction\":[{\"@type\":\"SearchAction\",\"target\":{\"@type\":\"EntryPoint\",\"urlTemplate\":\"https:\/\/stadt-land-niederrhein.de\/nl\/?s={search_term_string}\"},\"query-input\":\"required name=search_term_string\"}],\"inLanguage\":\"nl-NL\"},{\"@type\":\"Organization\",\"@id\":\"https:\/\/stadt-land-niederrhein.de\/nl\/#organization\",\"name\":\"Stadt. Land. Niederrhein\",\"alternateName\":\"Niederrhein f\u00fcr alle Sinne\",\"url\":\"https:\/\/stadt-land-niederrhein.de\/nl\/\",\"logo\":{\"@type\":\"ImageObject\",\"inLanguage\":\"nl-NL\",\"@id\":\"https:\/\/stadt-land-niederrhein.de\/nl\/#\/schema\/logo\/image\/\",\"url\":\"https:\/\/stadt-land-niederrhein.de\/wp-content\/uploads\/2022\/09\/stadt-land-niederrhein_logo_block_400px.png\",\"contentUrl\":\"https:\/\/stadt-land-niederrhein.de\/wp-content\/uploads\/2022\/09\/stadt-land-niederrhein_logo_block_400px.png\",\"width\":400,\"height\":133,\"caption\":\"Stadt. Land. Niederrhein\"},\"image\":{\"@id\":\"https:\/\/stadt-land-niederrhein.de\/nl\/#\/schema\/logo\/image\/\"},\"sameAs\":[\"https:\/\/www.instagram.com\/niederrheintourismus_\/\"]}]}<\/script>\n<!-- \/ Yoast SEO plugin. -->","yoast_head_json":{"title":"Caf\u00e9 Cr\u00e8me. - Stadt. Land. Niederrhein","robots":{"index":"index","follow":"follow","max-snippet":"max-snippet:-1","max-image-preview":"max-image-preview:large","max-video-preview":"max-video-preview:-1"},"canonical":"https:\/\/stadt-land-niederrhein.de\/nl\/kulinarik\/cafe-creme\/","og_locale":"nl_NL","og_type":"article","og_title":"Caf\u00e9 Cr\u00e8me. - Stadt. Land. Niederrhein","og_description":"Caf\u00e9 Cr\u00e8me in Neuss bietet eine authentische franz\u00f6sische K\u00fcche in einem charmanten Ambiente. Zentral gelegen, l\u00e4dt das Caf\u00e9 zu einer kulinarischen Reise ein, die von klassischen Croissants bis zu raffinierten Quiches reicht. Die Speisekarte wechselt saisonal und bietet stets frische, regionale Zutaten.","og_url":"\/","og_site_name":"Stadt. Land. Niederrhein","twitter_card":"summary_large_image","schema":{"@context":"https:\/\/schema.org","@graph":[{"@type":"WebPage","@id":"https:\/\/stadt-land-niederrhein.de\/nl\/kulinarik\/cafe-creme\/","url":"https:\/\/stadt-land-niederrhein.de\/nl\/kulinarik\/cafe-creme\/","name":"Caf\u00e9 Cr\u00e8me. - Stadt. Land. Niederrhein","isPartOf":{"@id":"https:\/\/stadt-land-niederrhein.de\/nl\/#website"},"datePublished":"2026-04-30T00:59:15+00:00","dateModified":"2026-04-30T00:59:15+00:00","breadcrumb":{"@id":"https:\/\/stadt-land-niederrhein.de\/nl\/kulinarik\/cafe-creme\/#breadcrumb"},"inLanguage":"nl-NL","potentialAction":[{"@type":"ReadAction","target":["https:\/\/stadt-land-niederrhein.de\/nl\/kulinarik\/cafe-creme\/"]}]},{"@type":"BreadcrumbList","@id":"https:\/\/stadt-land-niederrhein.de\/nl\/kulinarik\/cafe-creme\/#breadcrumb","itemListElement":[{"@type":"ListItem","position":1,"name":"Startpagina","item":"https:\/\/stadt-land-niederrhein.de\/nl\/"},{"@type":"ListItem","position":2,"name":"Culinair","item":"https:\/\/stadt-land-niederrhein.de\/nl\/culinair\/"},{"@type":"ListItem","position":3,"name":"Caf\u00e9 Cr\u00e8me."}]},{"@type":"WebSite","@id":"https:\/\/stadt-land-niederrhein.de\/nl\/#website","url":"https:\/\/stadt-land-niederrhein.de\/nl\/","name":"Stadt. Land. Niederrhein","description":"Niederrhein f\u00fcr alle Sinne","publisher":{"@id":"https:\/\/stadt-land-niederrhein.de\/nl\/#organization"},"alternateName":"Niederrhein f\u00fcr alle Sinne","potentialAction":[{"@type":"SearchAction","target":{"@type":"EntryPoint","urlTemplate":"https:\/\/stadt-land-niederrhein.de\/nl\/?s={search_term_string}"},"query-input":"required name=search_term_string"}],"inLanguage":"nl-NL"},{"@type":"Organization","@id":"https:\/\/stadt-land-niederrhein.de\/nl\/#organization","name":"Stadt. Land. Niederrhein","alternateName":"Niederrhein f\u00fcr alle Sinne","url":"https:\/\/stadt-land-niederrhein.de\/nl\/","logo":{"@type":"ImageObject","inLanguage":"nl-NL","@id":"https:\/\/stadt-land-niederrhein.de\/nl\/#\/schema\/logo\/image\/","url":"https:\/\/stadt-land-niederrhein.de\/wp-content\/uploads\/2022\/09\/stadt-land-niederrhein_logo_block_400px.png","contentUrl":"https:\/\/stadt-land-niederrhein.de\/wp-content\/uploads\/2022\/09\/stadt-land-niederrhein_logo_block_400px.png","width":400,"height":133,"caption":"Stadt. Land. Niederrhein"},"image":{"@id":"https:\/\/stadt-land-niederrhein.de\/nl\/#\/schema\/logo\/image\/"},"sameAs":["https:\/\/www.instagram.com\/niederrheintourismus_\/"]}]}},"_links":{"self":[{"href":"https:\/\/stadt-land-niederrhein.de\/nl\/wp-json\/wp\/v2\/restaurants\/127834","targetHints":{"allow":["GET"]}}],"collection":[{"href":"https:\/\/stadt-land-niederrhein.de\/nl\/wp-json\/wp\/v2\/restaurants"}],"about":[{"href":"https:\/\/stadt-land-niederrhein.de\/nl\/wp-json\/wp\/v2\/types\/restaurant"}],"version-history":[{"count":1,"href":"https:\/\/stadt-land-niederrhein.de\/nl\/wp-json\/wp\/v2\/restaurants\/127834\/revisions"}],"predecessor-version":[{"id":128268,"href":"https:\/\/stadt-land-niederrhein.de\/nl\/wp-json\/wp\/v2\/restaurants\/127834\/revisions\/128268"}],"wp:attachment":[{"href":"https:\/\/stadt-land-niederrhein.de\/nl\/wp-json\/wp\/v2\/media?parent=127834"}],"wp:term":[{"taxonomy":"cuisine","embeddable":true,"href":"https:\/\/stadt-land-niederrhein.de\/nl\/wp-json\/wp\/v2\/cuisines?post=127834"},{"taxonomy":"feature","embeddable":true,"href":"https:\/\/stadt-land-niederrhein.de\/nl\/wp-json\/wp\/v2\/features?post=127834"},{"taxonomy":"kitchen_offer","embeddable":true,"href":"https:\/\/stadt-land-niederrhein.de\/nl\/wp-json\/wp\/v2\/kitchen_offers?post=127834"},{"taxonomy":"operating_mode","embeddable":true,"href":"https:\/\/stadt-land-niederrhein.de\/nl\/wp-json\/wp\/v2\/operating_modes?post=127834"}],"curies":[{"name":"wp","href":"https:\/\/api.w.org\/{rel}","templated":true}]}}