{"id":128514,"date":"2026-04-30T02:23:47","date_gmt":"2026-04-30T00:23:47","guid":{"rendered":"https:\/\/stadt-land-niederrhein.de\/kulinarik\/bistro-cafe-ehra-im-pankok-museum\/"},"modified":"2026-04-30T02:23:47","modified_gmt":"2026-04-30T00:23:47","slug":"bistro-cafe-ehra-im-pankok-museum","status":"publish","type":"restaurant","link":"https:\/\/stadt-land-niederrhein.de\/nl\/kulinarik\/bistro-cafe-ehra-im-pankok-museum\/","title":{"rendered":"Bistro Caf\u00e9 Ehra im Pankok Museum"},"content":{"rendered":"<p>Das Bistro Caf\u00e9 Ehra im Pankokmuseum bietet eine ansprechende Kombination aus Kunst und Kulinarik. Die Terrasse l\u00e4dt inmitten einer malerischen Umgebung zum Verweilen ein. Regelm\u00e4\u00dfige Veranstaltungen wie Fr\u00fchst\u00fccke und Eventabende bereichern das Angebot und machen jeden Besuch zu einem besonderen Erlebnis.<\/p>\n","protected":false},"excerpt":{"rendered":"<p>Das Bistro Caf\u00e9 Ehra im Pankokmuseum bietet eine ansprechende Kombination aus Kunst und Kulinarik. Die Terrasse l\u00e4dt inmitten einer malerischen Umgebung zum Verweilen ein. Regelm\u00e4\u00dfige Veranstaltungen wie Fr\u00fchst\u00fccke und Eventabende bereichern das Angebot und machen jeden Besuch zu einem besonderen Erlebnis.<\/p>\n","protected":false},"author":0,"featured_media":99381,"template":"","cuisines":[],"features":[],"kitchen_offers":[],"operating_modes":[90],"class_list":["post-128514","restaurant","type-restaurant","status-publish","has-post-thumbnail","hentry","operating_mode-cafe"],"acf":[],"yoast_head":"<!-- This site is optimized with the Yoast SEO plugin v19.11 - https:\/\/yoast.com\/wordpress\/plugins\/seo\/ -->\n<title>Bistro Caf\u00e9 Ehra im Pankok Museum - Stadt. Land. Niederrhein<\/title>\n<meta name=\"robots\" content=\"index, follow, max-snippet:-1, max-image-preview:large, max-video-preview:-1\" \/>\n<link rel=\"canonical\" href=\"https:\/\/stadt-land-niederrhein.de\/nl\/kulinarik\/bistro-cafe-ehra-im-pankok-museum\/\" \/>\n<meta property=\"og:locale\" content=\"nl_NL\" \/>\n<meta property=\"og:type\" content=\"article\" \/>\n<meta property=\"og:title\" content=\"Bistro Caf\u00e9 Ehra im Pankok Museum - Stadt. Land. Niederrhein\" \/>\n<meta property=\"og:description\" content=\"Das Bistro Caf\u00e9 Ehra im Pankokmuseum bietet eine ansprechende Kombination aus Kunst und Kulinarik. Die Terrasse l\u00e4dt inmitten einer malerischen Umgebung zum Verweilen ein. Regelm\u00e4\u00dfige Veranstaltungen wie Fr\u00fchst\u00fccke und Eventabende bereichern das Angebot und machen jeden Besuch zu einem besonderen Erlebnis.\" \/>\n<meta property=\"og:url\" content=\"\/\" \/>\n<meta property=\"og:site_name\" content=\"Stadt. Land. Niederrhein\" \/>\n<meta property=\"og:image\" content=\"https:\/\/stadt-land-niederrhein.de\/wp-content\/uploads\/2025\/02\/bistro-caf-ehra-im-pankok-museum-scaled.jpg\" \/>\n\t<meta property=\"og:image:width\" content=\"2560\" \/>\n\t<meta property=\"og:image:height\" content=\"1915\" \/>\n\t<meta property=\"og:image:type\" content=\"image\/jpeg\" \/>\n<meta name=\"twitter:card\" content=\"summary_large_image\" \/>\n<script type=\"application\/ld+json\" class=\"yoast-schema-graph\">{\"@context\":\"https:\/\/schema.org\",\"@graph\":[{\"@type\":\"WebPage\",\"@id\":\"https:\/\/stadt-land-niederrhein.de\/nl\/kulinarik\/bistro-cafe-ehra-im-pankok-museum\/\",\"url\":\"https:\/\/stadt-land-niederrhein.de\/nl\/kulinarik\/bistro-cafe-ehra-im-pankok-museum\/\",\"name\":\"Bistro Caf\u00e9 Ehra im Pankok Museum - Stadt. Land. Niederrhein\",\"isPartOf\":{\"@id\":\"https:\/\/stadt-land-niederrhein.de\/nl\/#website\"},\"datePublished\":\"2026-04-30T00:23:47+00:00\",\"dateModified\":\"2026-04-30T00:23:47+00:00\",\"breadcrumb\":{\"@id\":\"https:\/\/stadt-land-niederrhein.de\/nl\/kulinarik\/bistro-cafe-ehra-im-pankok-museum\/#breadcrumb\"},\"inLanguage\":\"nl-NL\",\"potentialAction\":[{\"@type\":\"ReadAction\",\"target\":[\"https:\/\/stadt-land-niederrhein.de\/nl\/kulinarik\/bistro-cafe-ehra-im-pankok-museum\/\"]}]},{\"@type\":\"BreadcrumbList\",\"@id\":\"https:\/\/stadt-land-niederrhein.de\/nl\/kulinarik\/bistro-cafe-ehra-im-pankok-museum\/#breadcrumb\",\"itemListElement\":[{\"@type\":\"ListItem\",\"position\":1,\"name\":\"Startpagina\",\"item\":\"https:\/\/stadt-land-niederrhein.de\/nl\/\"},{\"@type\":\"ListItem\",\"position\":2,\"name\":\"Culinair\",\"item\":\"https:\/\/stadt-land-niederrhein.de\/nl\/culinair\/\"},{\"@type\":\"ListItem\",\"position\":3,\"name\":\"Bistro Caf\u00e9 Ehra im Pankok Museum\"}]},{\"@type\":\"WebSite\",\"@id\":\"https:\/\/stadt-land-niederrhein.de\/nl\/#website\",\"url\":\"https:\/\/stadt-land-niederrhein.de\/nl\/\",\"name\":\"Stadt. Land. Niederrhein\",\"description\":\"Niederrhein f\u00fcr alle Sinne\",\"publisher\":{\"@id\":\"https:\/\/stadt-land-niederrhein.de\/nl\/#organization\"},\"alternateName\":\"Niederrhein f\u00fcr alle Sinne\",\"potentialAction\":[{\"@type\":\"SearchAction\",\"target\":{\"@type\":\"EntryPoint\",\"urlTemplate\":\"https:\/\/stadt-land-niederrhein.de\/nl\/?s={search_term_string}\"},\"query-input\":\"required name=search_term_string\"}],\"inLanguage\":\"nl-NL\"},{\"@type\":\"Organization\",\"@id\":\"https:\/\/stadt-land-niederrhein.de\/nl\/#organization\",\"name\":\"Stadt. Land. Niederrhein\",\"alternateName\":\"Niederrhein f\u00fcr alle Sinne\",\"url\":\"https:\/\/stadt-land-niederrhein.de\/nl\/\",\"logo\":{\"@type\":\"ImageObject\",\"inLanguage\":\"nl-NL\",\"@id\":\"https:\/\/stadt-land-niederrhein.de\/nl\/#\/schema\/logo\/image\/\",\"url\":\"https:\/\/stadt-land-niederrhein.de\/wp-content\/uploads\/2022\/09\/stadt-land-niederrhein_logo_block_400px.png\",\"contentUrl\":\"https:\/\/stadt-land-niederrhein.de\/wp-content\/uploads\/2022\/09\/stadt-land-niederrhein_logo_block_400px.png\",\"width\":400,\"height\":133,\"caption\":\"Stadt. Land. Niederrhein\"},\"image\":{\"@id\":\"https:\/\/stadt-land-niederrhein.de\/nl\/#\/schema\/logo\/image\/\"},\"sameAs\":[\"https:\/\/www.instagram.com\/niederrheintourismus_\/\"]}]}<\/script>\n<!-- \/ Yoast SEO plugin. -->","yoast_head_json":{"title":"Bistro Caf\u00e9 Ehra im Pankok Museum - Stadt. Land. Niederrhein","robots":{"index":"index","follow":"follow","max-snippet":"max-snippet:-1","max-image-preview":"max-image-preview:large","max-video-preview":"max-video-preview:-1"},"canonical":"https:\/\/stadt-land-niederrhein.de\/nl\/kulinarik\/bistro-cafe-ehra-im-pankok-museum\/","og_locale":"nl_NL","og_type":"article","og_title":"Bistro Caf\u00e9 Ehra im Pankok Museum - Stadt. Land. Niederrhein","og_description":"Das Bistro Caf\u00e9 Ehra im Pankokmuseum bietet eine ansprechende Kombination aus Kunst und Kulinarik. Die Terrasse l\u00e4dt inmitten einer malerischen Umgebung zum Verweilen ein. Regelm\u00e4\u00dfige Veranstaltungen wie Fr\u00fchst\u00fccke und Eventabende bereichern das Angebot und machen jeden Besuch zu einem besonderen Erlebnis.","og_url":"\/","og_site_name":"Stadt. Land. Niederrhein","og_image":[{"width":2560,"height":1915,"url":"https:\/\/stadt-land-niederrhein.de\/wp-content\/uploads\/2025\/02\/bistro-caf-ehra-im-pankok-museum-scaled.jpg","type":"image\/jpeg"}],"twitter_card":"summary_large_image","schema":{"@context":"https:\/\/schema.org","@graph":[{"@type":"WebPage","@id":"https:\/\/stadt-land-niederrhein.de\/nl\/kulinarik\/bistro-cafe-ehra-im-pankok-museum\/","url":"https:\/\/stadt-land-niederrhein.de\/nl\/kulinarik\/bistro-cafe-ehra-im-pankok-museum\/","name":"Bistro Caf\u00e9 Ehra im Pankok Museum - Stadt. Land. Niederrhein","isPartOf":{"@id":"https:\/\/stadt-land-niederrhein.de\/nl\/#website"},"datePublished":"2026-04-30T00:23:47+00:00","dateModified":"2026-04-30T00:23:47+00:00","breadcrumb":{"@id":"https:\/\/stadt-land-niederrhein.de\/nl\/kulinarik\/bistro-cafe-ehra-im-pankok-museum\/#breadcrumb"},"inLanguage":"nl-NL","potentialAction":[{"@type":"ReadAction","target":["https:\/\/stadt-land-niederrhein.de\/nl\/kulinarik\/bistro-cafe-ehra-im-pankok-museum\/"]}]},{"@type":"BreadcrumbList","@id":"https:\/\/stadt-land-niederrhein.de\/nl\/kulinarik\/bistro-cafe-ehra-im-pankok-museum\/#breadcrumb","itemListElement":[{"@type":"ListItem","position":1,"name":"Startpagina","item":"https:\/\/stadt-land-niederrhein.de\/nl\/"},{"@type":"ListItem","position":2,"name":"Culinair","item":"https:\/\/stadt-land-niederrhein.de\/nl\/culinair\/"},{"@type":"ListItem","position":3,"name":"Bistro Caf\u00e9 Ehra im Pankok Museum"}]},{"@type":"WebSite","@id":"https:\/\/stadt-land-niederrhein.de\/nl\/#website","url":"https:\/\/stadt-land-niederrhein.de\/nl\/","name":"Stadt. Land. Niederrhein","description":"Niederrhein f\u00fcr alle Sinne","publisher":{"@id":"https:\/\/stadt-land-niederrhein.de\/nl\/#organization"},"alternateName":"Niederrhein f\u00fcr alle Sinne","potentialAction":[{"@type":"SearchAction","target":{"@type":"EntryPoint","urlTemplate":"https:\/\/stadt-land-niederrhein.de\/nl\/?s={search_term_string}"},"query-input":"required name=search_term_string"}],"inLanguage":"nl-NL"},{"@type":"Organization","@id":"https:\/\/stadt-land-niederrhein.de\/nl\/#organization","name":"Stadt. Land. Niederrhein","alternateName":"Niederrhein f\u00fcr alle Sinne","url":"https:\/\/stadt-land-niederrhein.de\/nl\/","logo":{"@type":"ImageObject","inLanguage":"nl-NL","@id":"https:\/\/stadt-land-niederrhein.de\/nl\/#\/schema\/logo\/image\/","url":"https:\/\/stadt-land-niederrhein.de\/wp-content\/uploads\/2022\/09\/stadt-land-niederrhein_logo_block_400px.png","contentUrl":"https:\/\/stadt-land-niederrhein.de\/wp-content\/uploads\/2022\/09\/stadt-land-niederrhein_logo_block_400px.png","width":400,"height":133,"caption":"Stadt. Land. Niederrhein"},"image":{"@id":"https:\/\/stadt-land-niederrhein.de\/nl\/#\/schema\/logo\/image\/"},"sameAs":["https:\/\/www.instagram.com\/niederrheintourismus_\/"]}]}},"_links":{"self":[{"href":"https:\/\/stadt-land-niederrhein.de\/nl\/wp-json\/wp\/v2\/restaurants\/128514","targetHints":{"allow":["GET"]}}],"collection":[{"href":"https:\/\/stadt-land-niederrhein.de\/nl\/wp-json\/wp\/v2\/restaurants"}],"about":[{"href":"https:\/\/stadt-land-niederrhein.de\/nl\/wp-json\/wp\/v2\/types\/restaurant"}],"version-history":[{"count":1,"href":"https:\/\/stadt-land-niederrhein.de\/nl\/wp-json\/wp\/v2\/restaurants\/128514\/revisions"}],"predecessor-version":[{"id":128546,"href":"https:\/\/stadt-land-niederrhein.de\/nl\/wp-json\/wp\/v2\/restaurants\/128514\/revisions\/128546"}],"wp:featuredmedia":[{"embeddable":true,"href":"https:\/\/stadt-land-niederrhein.de\/nl\/wp-json\/wp\/v2\/media\/99381"}],"wp:attachment":[{"href":"https:\/\/stadt-land-niederrhein.de\/nl\/wp-json\/wp\/v2\/media?parent=128514"}],"wp:term":[{"taxonomy":"cuisine","embeddable":true,"href":"https:\/\/stadt-land-niederrhein.de\/nl\/wp-json\/wp\/v2\/cuisines?post=128514"},{"taxonomy":"feature","embeddable":true,"href":"https:\/\/stadt-land-niederrhein.de\/nl\/wp-json\/wp\/v2\/features?post=128514"},{"taxonomy":"kitchen_offer","embeddable":true,"href":"https:\/\/stadt-land-niederrhein.de\/nl\/wp-json\/wp\/v2\/kitchen_offers?post=128514"},{"taxonomy":"operating_mode","embeddable":true,"href":"https:\/\/stadt-land-niederrhein.de\/nl\/wp-json\/wp\/v2\/operating_modes?post=128514"}],"curies":[{"name":"wp","href":"https:\/\/api.w.org\/{rel}","templated":true}]}}