{"id":128517,"date":"2026-04-30T01:04:34","date_gmt":"2026-04-29T23:04:34","guid":{"rendered":"https:\/\/stadt-land-niederrhein.de\/kulinarik\/gerebernus-bistro-cafe\/"},"modified":"2026-04-30T01:04:34","modified_gmt":"2026-04-29T23:04:34","slug":"gerebernus-bistro-cafe","status":"publish","type":"restaurant","link":"https:\/\/stadt-land-niederrhein.de\/nl\/kulinarik\/gerebernus-bistro-cafe\/","title":{"rendered":"Gerebernus-Bistro-Caf\u00e9"},"content":{"rendered":"<p>Das Gerebernus-Bistro-Caf\u00e9 im Erdgeschoss des GerebernusHauses ist bekannt f\u00fcr seine regionale K\u00fcche. Es bietet ein 3-G\u00e4nge-Mittagsmen\u00fc und eine Auswahl an hausgemachten Torten, auch zum Mitnehmen. Das Caf\u00e9 eignet sich f\u00fcr Feste und Tagungen von 10 bis 100 Personen. Fr\u00fchst\u00fcck ist auf Vorbestellung m\u00f6glich.<\/p>\n","protected":false},"excerpt":{"rendered":"<p>Das Gerebernus-Bistro-Caf\u00e9 im Erdgeschoss des GerebernusHauses ist bekannt f\u00fcr seine regionale K\u00fcche. Es bietet ein 3-G\u00e4nge-Mittagsmen\u00fc und eine Auswahl an hausgemachten Torten, auch zum Mitnehmen. Das Caf\u00e9 eignet sich f\u00fcr Feste und Tagungen von 10 bis 100 Personen. Fr\u00fchst\u00fcck ist auf Vorbestellung m\u00f6glich.<\/p>\n","protected":false},"author":0,"featured_media":107236,"template":"","cuisines":[],"features":[],"kitchen_offers":[],"operating_modes":[90,244],"class_list":["post-128517","restaurant","type-restaurant","status-publish","has-post-thumbnail","hentry","operating_mode-cafe","operating_mode-gaststaetten"],"acf":[],"yoast_head":"<!-- This site is optimized with the Yoast SEO plugin v19.11 - https:\/\/yoast.com\/wordpress\/plugins\/seo\/ -->\n<title>Gerebernus-Bistro-Caf\u00e9 - Stadt. Land. Niederrhein<\/title>\n<meta name=\"robots\" content=\"index, follow, max-snippet:-1, max-image-preview:large, max-video-preview:-1\" \/>\n<link rel=\"canonical\" href=\"https:\/\/stadt-land-niederrhein.de\/nl\/kulinarik\/gerebernus-bistro-cafe\/\" \/>\n<meta property=\"og:locale\" content=\"nl_NL\" \/>\n<meta property=\"og:type\" content=\"article\" \/>\n<meta property=\"og:title\" content=\"Gerebernus-Bistro-Caf\u00e9 - Stadt. Land. Niederrhein\" \/>\n<meta property=\"og:description\" content=\"Das Gerebernus-Bistro-Caf\u00e9 im Erdgeschoss des GerebernusHauses ist bekannt f\u00fcr seine regionale K\u00fcche. Es bietet ein 3-G\u00e4nge-Mittagsmen\u00fc und eine Auswahl an hausgemachten Torten, auch zum Mitnehmen. Das Caf\u00e9 eignet sich f\u00fcr Feste und Tagungen von 10 bis 100 Personen. Fr\u00fchst\u00fcck ist auf Vorbestellung m\u00f6glich.\" \/>\n<meta property=\"og:url\" content=\"\/\" \/>\n<meta property=\"og:site_name\" content=\"Stadt. Land. Niederrhein\" \/>\n<meta property=\"og:image\" content=\"https:\/\/stadt-land-niederrhein.de\/wp-content\/uploads\/2025\/05\/sonsbeck-gerebernuscafe-terasse.jpg\" \/>\n\t<meta property=\"og:image:width\" content=\"1920\" \/>\n\t<meta property=\"og:image:height\" content=\"1280\" \/>\n\t<meta property=\"og:image:type\" content=\"image\/jpeg\" \/>\n<meta name=\"twitter:card\" content=\"summary_large_image\" \/>\n<script type=\"application\/ld+json\" class=\"yoast-schema-graph\">{\"@context\":\"https:\/\/schema.org\",\"@graph\":[{\"@type\":\"WebPage\",\"@id\":\"https:\/\/stadt-land-niederrhein.de\/nl\/kulinarik\/gerebernus-bistro-cafe\/\",\"url\":\"https:\/\/stadt-land-niederrhein.de\/nl\/kulinarik\/gerebernus-bistro-cafe\/\",\"name\":\"Gerebernus-Bistro-Caf\u00e9 - Stadt. Land. Niederrhein\",\"isPartOf\":{\"@id\":\"https:\/\/stadt-land-niederrhein.de\/nl\/#website\"},\"datePublished\":\"2026-04-29T23:04:34+00:00\",\"dateModified\":\"2026-04-29T23:04:34+00:00\",\"breadcrumb\":{\"@id\":\"https:\/\/stadt-land-niederrhein.de\/nl\/kulinarik\/gerebernus-bistro-cafe\/#breadcrumb\"},\"inLanguage\":\"nl-NL\",\"potentialAction\":[{\"@type\":\"ReadAction\",\"target\":[\"https:\/\/stadt-land-niederrhein.de\/nl\/kulinarik\/gerebernus-bistro-cafe\/\"]}]},{\"@type\":\"BreadcrumbList\",\"@id\":\"https:\/\/stadt-land-niederrhein.de\/nl\/kulinarik\/gerebernus-bistro-cafe\/#breadcrumb\",\"itemListElement\":[{\"@type\":\"ListItem\",\"position\":1,\"name\":\"Startpagina\",\"item\":\"https:\/\/stadt-land-niederrhein.de\/nl\/\"},{\"@type\":\"ListItem\",\"position\":2,\"name\":\"Culinair\",\"item\":\"https:\/\/stadt-land-niederrhein.de\/nl\/culinair\/\"},{\"@type\":\"ListItem\",\"position\":3,\"name\":\"Gerebernus-Bistro-Caf\u00e9\"}]},{\"@type\":\"WebSite\",\"@id\":\"https:\/\/stadt-land-niederrhein.de\/nl\/#website\",\"url\":\"https:\/\/stadt-land-niederrhein.de\/nl\/\",\"name\":\"Stadt. Land. Niederrhein\",\"description\":\"Niederrhein f\u00fcr alle Sinne\",\"publisher\":{\"@id\":\"https:\/\/stadt-land-niederrhein.de\/nl\/#organization\"},\"alternateName\":\"Niederrhein f\u00fcr alle Sinne\",\"potentialAction\":[{\"@type\":\"SearchAction\",\"target\":{\"@type\":\"EntryPoint\",\"urlTemplate\":\"https:\/\/stadt-land-niederrhein.de\/nl\/?s={search_term_string}\"},\"query-input\":\"required name=search_term_string\"}],\"inLanguage\":\"nl-NL\"},{\"@type\":\"Organization\",\"@id\":\"https:\/\/stadt-land-niederrhein.de\/nl\/#organization\",\"name\":\"Stadt. Land. Niederrhein\",\"alternateName\":\"Niederrhein f\u00fcr alle Sinne\",\"url\":\"https:\/\/stadt-land-niederrhein.de\/nl\/\",\"logo\":{\"@type\":\"ImageObject\",\"inLanguage\":\"nl-NL\",\"@id\":\"https:\/\/stadt-land-niederrhein.de\/nl\/#\/schema\/logo\/image\/\",\"url\":\"https:\/\/stadt-land-niederrhein.de\/wp-content\/uploads\/2022\/09\/stadt-land-niederrhein_logo_block_400px.png\",\"contentUrl\":\"https:\/\/stadt-land-niederrhein.de\/wp-content\/uploads\/2022\/09\/stadt-land-niederrhein_logo_block_400px.png\",\"width\":400,\"height\":133,\"caption\":\"Stadt. Land. Niederrhein\"},\"image\":{\"@id\":\"https:\/\/stadt-land-niederrhein.de\/nl\/#\/schema\/logo\/image\/\"},\"sameAs\":[\"https:\/\/www.instagram.com\/niederrheintourismus_\/\"]}]}<\/script>\n<!-- \/ Yoast SEO plugin. -->","yoast_head_json":{"title":"Gerebernus-Bistro-Caf\u00e9 - Stadt. Land. Niederrhein","robots":{"index":"index","follow":"follow","max-snippet":"max-snippet:-1","max-image-preview":"max-image-preview:large","max-video-preview":"max-video-preview:-1"},"canonical":"https:\/\/stadt-land-niederrhein.de\/nl\/kulinarik\/gerebernus-bistro-cafe\/","og_locale":"nl_NL","og_type":"article","og_title":"Gerebernus-Bistro-Caf\u00e9 - Stadt. Land. Niederrhein","og_description":"Das Gerebernus-Bistro-Caf\u00e9 im Erdgeschoss des GerebernusHauses ist bekannt f\u00fcr seine regionale K\u00fcche. Es bietet ein 3-G\u00e4nge-Mittagsmen\u00fc und eine Auswahl an hausgemachten Torten, auch zum Mitnehmen. Das Caf\u00e9 eignet sich f\u00fcr Feste und Tagungen von 10 bis 100 Personen. Fr\u00fchst\u00fcck ist auf Vorbestellung m\u00f6glich.","og_url":"\/","og_site_name":"Stadt. Land. Niederrhein","og_image":[{"width":1920,"height":1280,"url":"https:\/\/stadt-land-niederrhein.de\/wp-content\/uploads\/2025\/05\/sonsbeck-gerebernuscafe-terasse.jpg","type":"image\/jpeg"}],"twitter_card":"summary_large_image","schema":{"@context":"https:\/\/schema.org","@graph":[{"@type":"WebPage","@id":"https:\/\/stadt-land-niederrhein.de\/nl\/kulinarik\/gerebernus-bistro-cafe\/","url":"https:\/\/stadt-land-niederrhein.de\/nl\/kulinarik\/gerebernus-bistro-cafe\/","name":"Gerebernus-Bistro-Caf\u00e9 - Stadt. Land. Niederrhein","isPartOf":{"@id":"https:\/\/stadt-land-niederrhein.de\/nl\/#website"},"datePublished":"2026-04-29T23:04:34+00:00","dateModified":"2026-04-29T23:04:34+00:00","breadcrumb":{"@id":"https:\/\/stadt-land-niederrhein.de\/nl\/kulinarik\/gerebernus-bistro-cafe\/#breadcrumb"},"inLanguage":"nl-NL","potentialAction":[{"@type":"ReadAction","target":["https:\/\/stadt-land-niederrhein.de\/nl\/kulinarik\/gerebernus-bistro-cafe\/"]}]},{"@type":"BreadcrumbList","@id":"https:\/\/stadt-land-niederrhein.de\/nl\/kulinarik\/gerebernus-bistro-cafe\/#breadcrumb","itemListElement":[{"@type":"ListItem","position":1,"name":"Startpagina","item":"https:\/\/stadt-land-niederrhein.de\/nl\/"},{"@type":"ListItem","position":2,"name":"Culinair","item":"https:\/\/stadt-land-niederrhein.de\/nl\/culinair\/"},{"@type":"ListItem","position":3,"name":"Gerebernus-Bistro-Caf\u00e9"}]},{"@type":"WebSite","@id":"https:\/\/stadt-land-niederrhein.de\/nl\/#website","url":"https:\/\/stadt-land-niederrhein.de\/nl\/","name":"Stadt. Land. Niederrhein","description":"Niederrhein f\u00fcr alle Sinne","publisher":{"@id":"https:\/\/stadt-land-niederrhein.de\/nl\/#organization"},"alternateName":"Niederrhein f\u00fcr alle Sinne","potentialAction":[{"@type":"SearchAction","target":{"@type":"EntryPoint","urlTemplate":"https:\/\/stadt-land-niederrhein.de\/nl\/?s={search_term_string}"},"query-input":"required name=search_term_string"}],"inLanguage":"nl-NL"},{"@type":"Organization","@id":"https:\/\/stadt-land-niederrhein.de\/nl\/#organization","name":"Stadt. Land. Niederrhein","alternateName":"Niederrhein f\u00fcr alle Sinne","url":"https:\/\/stadt-land-niederrhein.de\/nl\/","logo":{"@type":"ImageObject","inLanguage":"nl-NL","@id":"https:\/\/stadt-land-niederrhein.de\/nl\/#\/schema\/logo\/image\/","url":"https:\/\/stadt-land-niederrhein.de\/wp-content\/uploads\/2022\/09\/stadt-land-niederrhein_logo_block_400px.png","contentUrl":"https:\/\/stadt-land-niederrhein.de\/wp-content\/uploads\/2022\/09\/stadt-land-niederrhein_logo_block_400px.png","width":400,"height":133,"caption":"Stadt. Land. Niederrhein"},"image":{"@id":"https:\/\/stadt-land-niederrhein.de\/nl\/#\/schema\/logo\/image\/"},"sameAs":["https:\/\/www.instagram.com\/niederrheintourismus_\/"]}]}},"_links":{"self":[{"href":"https:\/\/stadt-land-niederrhein.de\/nl\/wp-json\/wp\/v2\/restaurants\/128517","targetHints":{"allow":["GET"]}}],"collection":[{"href":"https:\/\/stadt-land-niederrhein.de\/nl\/wp-json\/wp\/v2\/restaurants"}],"about":[{"href":"https:\/\/stadt-land-niederrhein.de\/nl\/wp-json\/wp\/v2\/types\/restaurant"}],"version-history":[{"count":1,"href":"https:\/\/stadt-land-niederrhein.de\/nl\/wp-json\/wp\/v2\/restaurants\/128517\/revisions"}],"predecessor-version":[{"id":128549,"href":"https:\/\/stadt-land-niederrhein.de\/nl\/wp-json\/wp\/v2\/restaurants\/128517\/revisions\/128549"}],"wp:featuredmedia":[{"embeddable":true,"href":"https:\/\/stadt-land-niederrhein.de\/nl\/wp-json\/wp\/v2\/media\/107236"}],"wp:attachment":[{"href":"https:\/\/stadt-land-niederrhein.de\/nl\/wp-json\/wp\/v2\/media?parent=128517"}],"wp:term":[{"taxonomy":"cuisine","embeddable":true,"href":"https:\/\/stadt-land-niederrhein.de\/nl\/wp-json\/wp\/v2\/cuisines?post=128517"},{"taxonomy":"feature","embeddable":true,"href":"https:\/\/stadt-land-niederrhein.de\/nl\/wp-json\/wp\/v2\/features?post=128517"},{"taxonomy":"kitchen_offer","embeddable":true,"href":"https:\/\/stadt-land-niederrhein.de\/nl\/wp-json\/wp\/v2\/kitchen_offers?post=128517"},{"taxonomy":"operating_mode","embeddable":true,"href":"https:\/\/stadt-land-niederrhein.de\/nl\/wp-json\/wp\/v2\/operating_modes?post=128517"}],"curies":[{"name":"wp","href":"https:\/\/api.w.org\/{rel}","templated":true}]}}