{"id":34031,"date":"2022-10-10T12:18:48","date_gmt":"2022-10-10T10:18:48","guid":{"rendered":"https:\/\/stadt-land-niederrhein.de\/saison\/edle-saefte-fuer-gourmets\/"},"modified":"2023-02-16T13:34:10","modified_gmt":"2023-02-16T12:34:10","slug":"edele-sappen-voor-fijnproevers","status":"publish","type":"season","link":"https:\/\/stadt-land-niederrhein.de\/nl\/saison\/edele-sappen-voor-fijnproevers\/","title":{"rendered":"Edele sappen voor fijnproevers"},"content":{"rendered":"<p>[vc_row css=&#8221;.vc_custom_1669660857754{margin-bottom: 90px !important;}&#8221;][vc_column offset=&#8221;vc_col-lg-offset-3 vc_col-lg-6 vc_col-md-offset-2 vc_col-md-8&#8243;][vc_column_text el_class=&#8221;lead text-center&#8221;]Gewoon je tanden erin zetten. Appels zijn stevig, lekker en rijk aan vitamines. En Niederrhein is een appelland. Onze boomgaarden zijn een synoniem voor de beste kwaliteit. Dat proef je. Geen wonder dat appelsappen hier zeer populair zijn.[\/vc_column_text][\/vc_column][\/vc_row][vc_row][vc_column offset=&#8221;vc_col-lg-offset-1 vc_col-lg-10&#8243;][vc_raw_html el_class=&#8221;embed-responsive embed-responsive-16by9&#8243;]JTVCYm9ybGFicy1jb29raWUlMjBpZCUzRCUyMnlvdXR1YmUlMjIlMjB0eXBlJTNEJTIyY29udGVudC1ibG9ja2VyJTIyJTVEJTBBJTNDaWZyYW1lJTIwd2lkdGglM0QlMjI1NjAlMjIlMjBoZWlnaHQlM0QlMjIzMTUlMjIlMjBzcmMlM0QlMjJodHRwcyUzQSUyRiUyRnd3dy55b3V0dWJlLW5vY29va2llLmNvbSUyRmVtYmVkJTJGZE01NGhndGhFWG8lMjIlMjB0aXRsZSUzRCUyMllvdVR1YmUlMjB2aWRlbyUyMHBsYXllciUyMiUyMGZyYW1lYm9yZGVyJTNEJTIyMCUyMiUyMGFsbG93JTNEJTIyYWNjZWxlcm9tZXRlciUzQiUyMGF1dG9wbGF5JTNCJTIwY2xpcGJvYXJkLXdyaXRlJTNCJTIwZW5jcnlwdGVkLW1lZGlhJTNCJTIwZ3lyb3Njb3BlJTNCJTIwcGljdHVyZS1pbi1waWN0dXJlJTNCJTIwd2ViLXNoYXJlJTIyJTIwYWxsb3dmdWxsc2NyZWVuJTNFJTNDJTJGaWZyYW1lJTNFJTBBJTVCJTJGYm9ybGFicy1jb29raWUlNUQ=[\/vc_raw_html][vc_separator css=&#8221;.vc_custom_1669660818105{margin-top: 60px !important;margin-bottom: 60px !important;}&#8221;][\/vc_column][\/vc_row][vc_row][vc_column offset=&#8221;vc_col-lg-offset-3 vc_col-lg-6 vc_col-md-offset-2 vc_col-md-8&#8243;][vc_column_text el_class=&#8221;lead text-center&#8221;]In de fruitperserijen worden de aromatische appels verwerkt. Regionale producten, die veranderen in gourmet-sappen en niet alleen verfrissend smaken, maar ook bij een feestmaal een goed figuur slaan als alcoholvrije begeleiding bij edele gerechten. Ze bieden spannende smaakbelevenissen en zijn veel meer dan alleen een vervangend product voor wijn.[\/vc_column_text][vc_empty_space height=&#8221;60px&#8221;][\/vc_column][\/vc_row][vc_row][vc_column offset=&#8221;vc_col-lg-offset-2 vc_col-lg-8&#8243;]<div class=\"owl-carousel owl-theme layout-standard-2\"  data-owl-carousel-options=\"{&quot;responsive&quot;:{&quot;0&quot;:{&quot;items&quot;:1,&quot;margin&quot;:10,&quot;loop&quot;:false,&quot;nav&quot;:true,&quot;dots&quot;:true,&quot;autoplay&quot;:false},&quot;576&quot;:{&quot;items&quot;:1,&quot;margin&quot;:10,&quot;loop&quot;:true,&quot;nav&quot;:true,&quot;dots&quot;:true,&quot;autoplay&quot;:false},&quot;768&quot;:{&quot;items&quot;:1,&quot;margin&quot;:10,&quot;loop&quot;:true,&quot;nav&quot;:true,&quot;dots&quot;:true,&quot;autoplay&quot;:false},&quot;992&quot;:{&quot;items&quot;:1,&quot;margin&quot;:10,&quot;loop&quot;:true,&quot;nav&quot;:true,&quot;dots&quot;:true,&quot;autoplay&quot;:false},&quot;1200&quot;:{&quot;items&quot;:1,&quot;margin&quot;:10,&quot;loop&quot;:true,&quot;nav&quot;:true,&quot;dots&quot;:true,&quot;autoplay&quot;:false}},&quot;stagePadding&quot;:0,&quot;center&quot;:false,&quot;animateIn&quot;:false,&quot;animateOut&quot;:false,&quot;mouseDrag&quot;:true,&quot;touchDrag&quot;:true,&quot;navText&quot;:[&quot;&lt;span aria-label=\\&quot;Previous\\&quot;&gt;\\u2039&lt;\\\/span&gt;&quot;,&quot;&lt;span aria-label=\\&quot;Next\\&quot;&gt;\\u203a&lt;\\\/span&gt;&quot;]}\">\n\t\t\t<div class=\"img-wrapper\">\n\t\t\t<a href=\"https:\/\/stadt-land-niederrhein.de\/wp-content\/uploads\/2022\/10\/Niederrhein-Tourismus-Kornbrennerei-Hartges-Niederrhein-Fraeulein-Blog-Wochenende-7-1024x684.jpg\" data-lightbox=\"3b946f\" style=\"background-image: url( https:\/\/stadt-land-niederrhein.de\/wp-content\/uploads\/2022\/10\/Niederrhein-Tourismus-Kornbrennerei-Hartges-Niederrhein-Fraeulein-Blog-Wochenende-7-1024x684.jpg )\" class=\"noAccessibilityResize\"><\/a>\n\t\t\t\t\t\t\t\t\t\t<\/div>\n\t\t\t\t<div class=\"img-wrapper\">\n\t\t\t<a href=\"https:\/\/stadt-land-niederrhein.de\/wp-content\/uploads\/2022\/10\/trinkgenuss_NT_Niederrhein-Tourismus-Fraeulein_Landhotel-Voshoevel-6-1024x683.jpg\" data-lightbox=\"3b946f\" style=\"background-image: url( https:\/\/stadt-land-niederrhein.de\/wp-content\/uploads\/2022\/10\/trinkgenuss_NT_Niederrhein-Tourismus-Fraeulein_Landhotel-Voshoevel-6-1024x683.jpg )\" class=\"noAccessibilityResize\"><\/a>\n\t\t\t\t\t\t\t\t\t\t<\/div>\n\t\t\t\t<div class=\"img-wrapper\">\n\t\t\t<a href=\"https:\/\/stadt-land-niederrhein.de\/wp-content\/uploads\/2022\/10\/trinkgenuss_Niederrhein-Tourismus-Fraeulein-Landhaus-Beckmann-Kalkar-Hotel-Ferienwohnung-11-1024x683.jpg\" data-lightbox=\"3b946f\" style=\"background-image: url( https:\/\/stadt-land-niederrhein.de\/wp-content\/uploads\/2022\/10\/trinkgenuss_Niederrhein-Tourismus-Fraeulein-Landhaus-Beckmann-Kalkar-Hotel-Ferienwohnung-11-1024x683.jpg )\" class=\"noAccessibilityResize\"><\/a>\n\t\t\t\t\t\t\t\t\t\t<\/div>\n\t\t\t\t<div class=\"img-wrapper\">\n\t\t\t<a href=\"https:\/\/stadt-land-niederrhein.de\/wp-content\/uploads\/2022\/10\/trinkgenuss_Niederrhein-Tourismus-Kornbrennerei-Hartges-Niederrhein-Fraeulein-Blog-Wochenende-2-1024x684.jpg\" data-lightbox=\"3b946f\" style=\"background-image: url( https:\/\/stadt-land-niederrhein.de\/wp-content\/uploads\/2022\/10\/trinkgenuss_Niederrhein-Tourismus-Kornbrennerei-Hartges-Niederrhein-Fraeulein-Blog-Wochenende-2-1024x684.jpg )\" class=\"noAccessibilityResize\"><\/a>\n\t\t\t\t\t\t\t\t\t\t<\/div>\n\t\t<\/div><style>\t\/* Gallery Carousel *\/\r\n\r\n\t.layout-standard-2 .img-wrapper{\r\n\t\theight: 550px;\r\n\t    width: 100%;\r\n\t    overflow: hidden;\r\n\t}\r\n\r\n\t.layout-standard-2 .img-wrapper a{\r\n\t\tdisplay: block;\r\n\t\twidth: 100%;\r\n\t\theight: 100%;\r\n\t    background-repeat: no-repeat;\r\n\t    background-size: cover;\r\n\t    background-position: center center;\r\n\t    transform: scale(1);\r\n\t    transition: 0.6s;\r\n\t}\r\n\r\n\t.layout-standard-2 .img-wrapper:hover a{\r\n\t\ttransition: 0.3s;\r\n    \ttransform: scale(1.02);\r\n\t}\r\n\r\n\t.layout-standard-2 .owl-stage-outer{\r\n\t\tmargin-bottom: 30px;\r\n\t}\r\n\r\n\t.layout-standard-2 .owl-stage{\r\n\t\tdisplay: flex;\r\n\t}\r\n\r\n\t\/* Dots *\/\r\n\r\n\t.layout-standard-2 .owl-dots{\r\n\t\tmargin-top: -55px !important;\r\n\t    margin-bottom: 55px;\r\n\t    position: inherit;\r\n\t}\r\n\t\r\n\r\n    \/* Center OWL-Nav-Arrows  *\/\r\n\r\n    .layout-standard-2 .owl-nav {\r\n        position: absolute;\r\n        top: calc(550px\/2 - 30px);\r\n        right: 0;\r\n        left: 0;\r\n        margin-top: 0 !important;\r\n        pointer-events: none;\r\n        transition: 0.3s !important;\r\n        opacity: 0;\r\n    }\r\n\r\n    .layout-standard-2:hover .owl-nav{\r\n        transition: 0.3s !important;\r\n        opacity: 1;\r\n    }\r\n\r\n    .layout-standard-2.owl-carousel .owl-nav > button {\r\n        margin: 0;\r\n        pointer-events: auto;\r\n    }\r\n\r\n    .layout-standard-2.owl-carousel .owl-nav > button.owl-prev,\r\n    .layout-standard-2.owl-carousel .owl-nav > button.owl-next {\r\n\t    background-color: #E7343F !important;\r\n\t    border-radius: 50px;\r\n\t    color: #FFF !important;\r\n\t    font-size: 50px !important;\r\n\t    line-height: 50px;\r\n\t    width: 50px;\r\n\t    height: 50px;\r\n\t    margin: 0;\r\n\t    outline: none;\r\n\t    transition: 0.3s !important;\r\n    }\r\n\r\n    .layout-standard-2.owl-carousel .owl-nav > button.owl-prev {\r\n        float: left;\r\n        margin-left: -15px !important;\r\n    }\r\n\r\n    .layout-standard-2.owl-carousel .owl-nav > button.owl-next {\r\n        float: right;\r\n        margin-right: -15px !important;\r\n    }\r\n\r\n    .layout-standard-2.owl-theme .owl-nav [class*=owl-]:hover {\r\n        background-color: #A0212C !important;\r\n        color: #fff !important;\r\n        text-decoration: none;\r\n        transition: 0.3s !important;\r\n    }\r\n\r\n    .layout-standard-2.owl-theme .owl-nav .disabled {\r\n        opacity: 0.8;\r\n        cursor: default;\r\n    }\r\n\r\n    .layout-standard-2.owl-theme .owl-nav .disabled:hover {\r\n        cursor: default;\r\n        background-color: #FFF !important;\r\n        color: #002F5E !important;\r\n    }\r\n\r\n    .layout-standard-2.owl-carousel .owl-nav > button span{\r\n        margin-top: -7px;\r\n        display: block;\r\n    }\r\n\r\n\t\/*\r\n    .layout-standard-2 .owl-nav .owl-next,\r\n    .layout-standard-2 .owl-nav .owl-prev {\r\n        position: absolute;\r\n        top: calc(50% - 15px);\r\n        transform: translateY(-50%);\r\n        -webkit-transform: translateY(-50%);\r\n\t    display: flex;\r\n\t    font-size: 25px !important;\r\n\t    background-color: #999 !important;\r\n\t    width: 30px;\r\n\t    height: 30px;\r\n\t    justify-content: center;\r\n\t    align-items: center;\r\n\t    color: #fff !important;\r\n    }\r\n    .layout-standard-2 .owl-nav .owl-next {\r\n\t\tright: 0;\r\n\t    margin-right: -5px;\r\n    }\r\n\r\n    .layout-standard-2 .owl-nav .owl-prev{\r\n        left: 0;\r\n\t    margin-left: -5px;\r\n    }\r\n\r\n    .layout-standard-2 .owl-nav .owl-next:hover,\r\n    .layout-standard-2 .owl-nav .owl-prev:hover{\r\n    \tbackground-color: #555 !important;\r\n    }\r\n    *\/\r\n\r\n\r\n    \/* Center OWL-Nav-Arrows \r\n\r\n    .layout-standard-2 .owl-nav {\r\n        position: absolute;\r\n        top: 125px;\r\n        right: 0;\r\n        left: 0;\r\n        margin-top: 0 !important;\r\n        pointer-events: none;\r\n    }\r\n\r\n    .layout-standard-2.owl-carousel .owl-nav > button {\r\n        margin: 0;\r\n        pointer-events: auto;\r\n    }\r\n\r\n    .layout-standard-2.owl-carousel .owl-nav > button.owl-prev,\r\n    .layout-standard-2.owl-carousel .owl-nav > button.owl-next {\r\n\t    background-color: #E7343F !important;\r\n\t    border-radius: 50px;\r\n\t    color: #FFF !important;\r\n\t    font-size: 50px !important;\r\n\t    line-height: 50px;\r\n\t    width: 50px;\r\n\t    height: 50px;\r\n\t    margin: 0;\r\n\t    outline: none;\r\n\t    transition: 0.3s !important;\r\n    }\r\n\r\n    .layout-standard-2.owl-carousel .owl-nav > button.owl-prev {\r\n        float: left;\r\n        margin-left: -25px !important;\r\n    }\r\n\r\n    .layout-standard-2.owl-carousel .owl-nav > button.owl-next {\r\n        float: right;\r\n        margin-right: -25px !important;\r\n    }\r\n\r\n    .layout-standard-2.owl-theme .owl-nav [class*=owl-]:hover {\r\n        background-color: #A0212C !important;\r\n        color: #fff !important;\r\n        text-decoration: none;\r\n        transition: 0.3s !important;\r\n    }\r\n\r\n    .layout-standard-2.owl-theme .owl-nav .disabled {\r\n        opacity: 0.8;\r\n        cursor: default;\r\n    }\r\n\r\n    .layout-standard-2.owl-theme .owl-nav .disabled:hover {\r\n        cursor: default;\r\n        background-color: #FFF !important;\r\n        color: #002F5E !important;\r\n    }\r\n\r\n    .layout-standard-2.owl-carousel .owl-nav > button span{\r\n        margin-top: -10px;\r\n        display: block;\r\n    }\r\n\r\n    *\/\r\n\r\n    \/* Image Copyright *\/\r\n\r\n\t\t.layout-standard-2.owl-carousel .image-copyright{\r\n\t\t    display: flex;\r\n\t\t    flex-direction: column;\r\n\t\t    align-items: flex-start;\r\n\t\t    height: 550px;\r\n\t\t    justify-content: flex-end;\r\n\t\t    position: absolute;\r\n\t\t    top: 0;\r\n\t\t}\r\n\r\n\t\t.layout-standard-2.owl-carousel .image-copyright div{\r\n\t\t    display: inline-block;\r\n\t\t    background-color: rgba(0,0,0,0.4);\r\n\t\t    padding: 1px 6px;\r\n\t\t    color: rgba(255,255,255,0.8);\r\n\t\t    z-index: 2;\r\n\t\t}\r\n\r\n\t\t.layout-standard-2.owl-carousel .image-copyright a{\r\n\t\t\tcolor: #fff;\r\n\t\t\tcursor: help;\r\n\t\t}<\/style>[\/vc_column][\/vc_row][vc_row][vc_column offset=&#8221;vc_col-lg-offset-3 vc_col-lg-6 vc_col-md-offset-2 vc_col-md-8&#8243;][vc_column_text el_class=&#8221;lead text-center&#8221;]En de appel is hierbij alleen maar een voorbeeld voor de grote fruittraditie langs de Niederrhein. Want tussen Rijn en Maas groeien ook pruimen, peren, kersen of kwee\u00ebn uitstekend en vormen met hun kwaliteit de basis voor uitstekende fruitsappen. De biologische producten uit de buurt zijn een synoniem voor uitstekende producten, die ook in de gourmet-gastronomie graag geziene gasten zijn. Uitstekende regionaliteit, zodat het goed smaakt langs de Niederrhein.[\/vc_column_text][vc_empty_space height=&#8221;60px&#8221;][\/vc_column][\/vc_row][vc_row][vc_column offset=&#8221;vc_col-lg-offset-2 vc_col-lg-8&#8243;]<div class=\"owl-carousel owl-theme layout-standard-2\"  data-owl-carousel-options=\"{&quot;responsive&quot;:{&quot;0&quot;:{&quot;items&quot;:1,&quot;margin&quot;:10,&quot;loop&quot;:false,&quot;nav&quot;:false,&quot;dots&quot;:true,&quot;autoplay&quot;:false},&quot;576&quot;:{&quot;items&quot;:1,&quot;margin&quot;:10,&quot;loop&quot;:true,&quot;nav&quot;:true,&quot;dots&quot;:true,&quot;autoplay&quot;:false},&quot;768&quot;:{&quot;items&quot;:1,&quot;margin&quot;:10,&quot;loop&quot;:true,&quot;nav&quot;:true,&quot;dots&quot;:true,&quot;autoplay&quot;:false},&quot;992&quot;:{&quot;items&quot;:1,&quot;margin&quot;:10,&quot;loop&quot;:true,&quot;nav&quot;:true,&quot;dots&quot;:true,&quot;autoplay&quot;:false},&quot;1200&quot;:{&quot;items&quot;:1,&quot;margin&quot;:10,&quot;loop&quot;:true,&quot;nav&quot;:true,&quot;dots&quot;:true,&quot;autoplay&quot;:false}},&quot;stagePadding&quot;:0,&quot;center&quot;:false,&quot;animateIn&quot;:false,&quot;animateOut&quot;:false,&quot;mouseDrag&quot;:true,&quot;touchDrag&quot;:true,&quot;navText&quot;:[&quot;&lt;span aria-label=\\&quot;Previous\\&quot;&gt;\\u2039&lt;\\\/span&gt;&quot;,&quot;&lt;span aria-label=\\&quot;Next\\&quot;&gt;\\u203a&lt;\\\/span&gt;&quot;]}\">\n\t\t\t<div class=\"img-wrapper\">\n\t\t\t<a href=\"https:\/\/stadt-land-niederrhein.de\/wp-content\/uploads\/2022\/11\/FR3AF31-1024x683.jpg\" data-lightbox=\"06ec91\" style=\"background-image: url( https:\/\/stadt-land-niederrhein.de\/wp-content\/uploads\/2022\/11\/FR3AF31-1024x683.jpg )\" class=\"noAccessibilityResize\"><\/a>\n\t\t\t\t\t\t\t\t\t\t<\/div>\n\t\t\t\t<div class=\"img-wrapper\">\n\t\t\t<a href=\"https:\/\/stadt-land-niederrhein.de\/wp-content\/uploads\/2022\/11\/frisch-vom-hof_Niederrhein-Tourismus-Fraeulein-Hof-Schaefer-Hamminkeln-4-1024x683.jpg\" data-lightbox=\"06ec91\" style=\"background-image: url( https:\/\/stadt-land-niederrhein.de\/wp-content\/uploads\/2022\/11\/frisch-vom-hof_Niederrhein-Tourismus-Fraeulein-Hof-Schaefer-Hamminkeln-4-1024x683.jpg )\" class=\"noAccessibilityResize\"><\/a>\n\t\t\t\t\t\t\t\t\t\t<\/div>\n\t\t\t\t<div class=\"img-wrapper\">\n\t\t\t<a href=\"https:\/\/stadt-land-niederrhein.de\/wp-content\/uploads\/2022\/10\/Niederrhein-Tourismus-Fraeulein-Hamminkeln-Van-Nahmen-Obstsaft-Saft-1-1024x684.jpg\" data-lightbox=\"06ec91\" style=\"background-image: url( https:\/\/stadt-land-niederrhein.de\/wp-content\/uploads\/2022\/10\/Niederrhein-Tourismus-Fraeulein-Hamminkeln-Van-Nahmen-Obstsaft-Saft-1-1024x684.jpg )\" class=\"noAccessibilityResize\"><\/a>\n\t\t\t\t\t\t\t\t\t\t<\/div>\n\t\t\t\t<div class=\"img-wrapper\">\n\t\t\t<a href=\"https:\/\/stadt-land-niederrhein.de\/wp-content\/uploads\/2022\/11\/FRF2511-683x1024.jpg\" data-lightbox=\"06ec91\" style=\"background-image: url( https:\/\/stadt-land-niederrhein.de\/wp-content\/uploads\/2022\/11\/FRF2511-683x1024.jpg )\" class=\"noAccessibilityResize\"><\/a>\n\t\t\t\t\t\t\t\t\t\t<\/div>\n\t\t\t\t<div class=\"img-wrapper\">\n\t\t\t<a href=\"https:\/\/stadt-land-niederrhein.de\/wp-content\/uploads\/2022\/11\/FRD7781-1024x683.jpg\" data-lightbox=\"06ec91\" style=\"background-image: url( https:\/\/stadt-land-niederrhein.de\/wp-content\/uploads\/2022\/11\/FRD7781-1024x683.jpg )\" class=\"noAccessibilityResize\"><\/a>\n\t\t\t\t\t\t\t\t\t\t<\/div>\n\t\t<\/div>[vc_separator css=&#8221;.vc_custom_1669660818105{margin-top: 60px !important;margin-bottom: 60px !important;}&#8221;][\/vc_column][\/vc_row][vc_row][vc_column offset=&#8221;vc_col-lg-offset-3 vc_col-lg-6 vc_col-md-offset-2 vc_col-md-8&#8243;][vc_column_text el_class=&#8221;lead text-center&#8221;]<\/p>\n<h2 style=\"text-align: center;\">De thuishaven van het Alt-bier<\/h2>\n<p>[\/vc_column_text][\/vc_column][\/vc_row][vc_row][vc_column offset=&#8221;vc_col-lg-offset-3 vc_col-lg-6 vc_col-md-offset-2 vc_col-md-8&#8243;][vc_column_text el_class=&#8221;lead text-center&#8221;]De Niederrhein is ook de thuishaven van het Alt-bier. De oudste Alt-bierbrouwerij ter wereld ligt bijvoorbeeld langs de Niederrhein. Al in 1266 ontving hier &#8216;Heinrich der Brauer&#8217; de toestemming, bier te mogen brouwen. En tot op heden doet men dat met vier grondstoffen, die het bier nodig heeft: Mout, water, hop en gist.<\/p>\n<p>De naam Alt-bier heeft hierbij betrekking op de oude bovengistende, traditionele manier van het bierbrouwen. Zijn alcoholgehalte is gematigd: tussen 4,8 en 5,2 procent. De donkere kleur heeft het bier trouwens te danken aan het gebruik van donkere mout.[\/vc_column_text][\/vc_column][\/vc_row][vc_row][vc_column offset=&#8221;vc_col-lg-offset-1 vc_col-lg-10&#8243;]<div class=\"owl-carousel owl-theme layout-standard-1\"  data-owl-carousel-options=\"{&quot;responsive&quot;:{&quot;0&quot;:{&quot;items&quot;:1,&quot;margin&quot;:10,&quot;loop&quot;:false,&quot;nav&quot;:true,&quot;dots&quot;:false,&quot;autoplay&quot;:false},&quot;576&quot;:{&quot;items&quot;:2,&quot;margin&quot;:10,&quot;loop&quot;:true,&quot;nav&quot;:true,&quot;dots&quot;:false,&quot;autoplay&quot;:false},&quot;768&quot;:{&quot;items&quot;:2,&quot;margin&quot;:15,&quot;loop&quot;:true,&quot;nav&quot;:true,&quot;dots&quot;:false,&quot;autoplay&quot;:false},&quot;992&quot;:{&quot;items&quot;:3,&quot;margin&quot;:15,&quot;loop&quot;:true,&quot;nav&quot;:true,&quot;dots&quot;:false,&quot;autoplay&quot;:false},&quot;1200&quot;:{&quot;items&quot;:4,&quot;margin&quot;:15,&quot;loop&quot;:true,&quot;nav&quot;:true,&quot;dots&quot;:false,&quot;autoplay&quot;:false}},&quot;stagePadding&quot;:0,&quot;center&quot;:false,&quot;animateIn&quot;:false,&quot;animateOut&quot;:false,&quot;mouseDrag&quot;:true,&quot;touchDrag&quot;:true,&quot;navText&quot;:[&quot;&lt;span aria-label=\\&quot;Previous\\&quot;&gt;\\u2039&lt;\\\/span&gt;&quot;,&quot;&lt;span aria-label=\\&quot;Next\\&quot;&gt;\\u203a&lt;\\\/span&gt;&quot;]}\">\n\t\t\t<div class=\"img-wrapper\">\n\t\t\t<a href=\"https:\/\/stadt-land-niederrhein.de\/wp-content\/uploads\/2022\/10\/Niederrhein-Tourismus-Fraeulein-Hamminkeln-NRW-Braumanufaktur-10-1024x683.jpg\" data-lightbox=\"0cc23f\" style=\"background-image: url( https:\/\/stadt-land-niederrhein.de\/wp-content\/uploads\/2022\/10\/Niederrhein-Tourismus-Fraeulein-Hamminkeln-NRW-Braumanufaktur-10-1024x683.jpg )\" class=\"noAccessibilityResize\">\n\t\t\t\t\t\t\t\t\t\t\t<\/a>\n\t\t<\/div>\n\t\t\t\t<div class=\"img-wrapper\">\n\t\t\t<a href=\"https:\/\/stadt-land-niederrhein.de\/wp-content\/uploads\/2022\/10\/Niederrhein-Tourismus-Fraeulein-Hamminkeln-NRW-Braumanufaktur-8-1024x683.jpg\" data-lightbox=\"0cc23f\" style=\"background-image: url( https:\/\/stadt-land-niederrhein.de\/wp-content\/uploads\/2022\/10\/Niederrhein-Tourismus-Fraeulein-Hamminkeln-NRW-Braumanufaktur-8-1024x683.jpg )\" class=\"noAccessibilityResize\">\n\t\t\t\t\t\t\t\t\t\t\t<\/a>\n\t\t<\/div>\n\t\t\t\t<div class=\"img-wrapper\">\n\t\t\t<a href=\"https:\/\/stadt-land-niederrhein.de\/wp-content\/uploads\/2022\/10\/Niederrhein-Tourismus-Fraeulein-Hamminkeln-NRW-Braumanufaktur-2-1024x683.jpg\" data-lightbox=\"0cc23f\" style=\"background-image: url( https:\/\/stadt-land-niederrhein.de\/wp-content\/uploads\/2022\/10\/Niederrhein-Tourismus-Fraeulein-Hamminkeln-NRW-Braumanufaktur-2-1024x683.jpg )\" class=\"noAccessibilityResize\">\n\t\t\t\t\t\t\t\t\t\t\t<\/a>\n\t\t<\/div>\n\t\t\t\t<div class=\"img-wrapper\">\n\t\t\t<a href=\"https:\/\/stadt-land-niederrhein.de\/wp-content\/uploads\/2022\/10\/Niederrhein-Tourismus-Kornbrennerei-Hartges-Niederrhein-Fraeulein-Blog-Wochenende-3-1024x684.jpg\" data-lightbox=\"0cc23f\" style=\"background-image: url( https:\/\/stadt-land-niederrhein.de\/wp-content\/uploads\/2022\/10\/Niederrhein-Tourismus-Kornbrennerei-Hartges-Niederrhein-Fraeulein-Blog-Wochenende-3-1024x684.jpg )\" class=\"noAccessibilityResize\">\n\t\t\t\t\t\t\t\t\t\t\t<\/a>\n\t\t<\/div>\n\t\t<\/div><style>\t\/* Gallery Carousel *\/\r\n\r\n\t.layout-standard-1 .img-wrapper{\r\n\t\theight: 300px;\r\n\t    width: 100%;\r\n\t    overflow: hidden;\r\n\t}\r\n\r\n\t.layout-standard-1 .img-wrapper a{\r\n\t\tdisplay: block;\r\n\t\twidth: 100%;\r\n\t\theight: 100%;\r\n\t    background-repeat: no-repeat;\r\n\t    background-size: cover;\r\n\t    background-position: center center;\r\n\t    transform: scale(1);\r\n\t    transition: 0.6s;\r\n\t}\r\n\r\n\t.layout-standard-1 .img-wrapper:hover a{\r\n\t\ttransition: 0.3s;\r\n    \ttransform: scale(1.02);\r\n\t}\r\n\r\n\r\n\r\n\r\n\r\n\t.layout-standard-1 .owl-stage-outer{\r\n\t\tmargin-bottom: 30px;\r\n\t}\r\n\r\n\t.layout-standard-1 .owl-stage{\r\n\t\tdisplay: flex;\r\n\t}\r\n\t\r\n\r\n\t\/*\r\n    .layout-standard-1 .owl-nav .owl-next,\r\n    .layout-standard-1 .owl-nav .owl-prev {\r\n        position: absolute;\r\n        top: calc(50% - 15px);\r\n        transform: translateY(-50%);\r\n        -webkit-transform: translateY(-50%);\r\n\t    display: flex;\r\n\t    font-size: 25px !important;\r\n\t    background-color: #999 !important;\r\n\t    width: 30px;\r\n\t    height: 30px;\r\n\t    justify-content: center;\r\n\t    align-items: center;\r\n\t    color: #fff !important;\r\n    }\r\n    .layout-standard-1 .owl-nav .owl-next {\r\n\t\tright: 0;\r\n\t    margin-right: -5px;\r\n    }\r\n\r\n    .layout-standard-1 .owl-nav .owl-prev{\r\n        left: 0;\r\n\t    margin-left: -5px;\r\n    }\r\n\r\n    .layout-standard-1 .owl-nav .owl-next:hover,\r\n    .layout-standard-1 .owl-nav .owl-prev:hover{\r\n    \tbackground-color: #555 !important;\r\n    }\r\n    *\/\r\n\r\n\r\n    \/* Center OWL-Nav-Arrows  *\/\r\n\r\n    .layout-standard-1 .owl-nav {\r\n        position: absolute;\r\n        top: 125px;\r\n        right: 0;\r\n        left: 0;\r\n        margin-top: 0 !important;\r\n        pointer-events: none;\r\n    }\r\n\r\n    .layout-standard-1.owl-carousel .owl-nav > button {\r\n        margin: 0;\r\n        pointer-events: auto;\r\n    }\r\n\r\n    .layout-standard-1.owl-carousel .owl-nav > button.owl-prev,\r\n    .layout-standard-1.owl-carousel .owl-nav > button.owl-next {\r\n\t    background-color: #E7343F !important;\r\n\t    border-radius: 50px;\r\n\t    color: #FFF !important;\r\n\t    font-size: 50px !important;\r\n\t    line-height: 50px;\r\n\t    width: 50px;\r\n\t    height: 50px;\r\n\t    margin: 0;\r\n\t    outline: none;\r\n\t    transition: 0.3s !important;\r\n    }\r\n\r\n    .layout-standard-1.owl-carousel .owl-nav > button.owl-prev {\r\n        float: left;\r\n        margin-left: -15px !important;\r\n    }\r\n\r\n    .layout-standard-1.owl-carousel .owl-nav > button.owl-next {\r\n        float: right;\r\n        margin-right: -15px !important;\r\n    }\r\n\r\n    @media (min-width: 768px){\r\n\t    .layout-standard-1.owl-carousel .owl-nav > button.owl-prev {\r\n\t        margin-left: -25px !important;\r\n\t    }\r\n\r\n\t    .layout-standard-1.owl-carousel .owl-nav > button.owl-next {\r\n\t        margin-right: -25px !important;\r\n\t    }\r\n    }\r\n\r\n    .layout-standard-1.owl-theme .owl-nav [class*=owl-]:hover {\r\n        background-color: #A0212C !important;\r\n        color: #fff !important;\r\n        text-decoration: none;\r\n        transition: 0.3s !important;\r\n    }\r\n\r\n    .layout-standard-1.owl-theme .owl-nav .disabled {\r\n        opacity: 0.8;\r\n        cursor: default;\r\n    }\r\n\r\n    .layout-standard-1.owl-theme .owl-nav .disabled:hover {\r\n        cursor: default;\r\n        background-color: #FFF !important;\r\n        color: #002F5E !important;\r\n    }\r\n\r\n    .layout-standard-1.owl-carousel .owl-nav > button span{\r\n        margin-top: -10px;\r\n        display: block;\r\n    }\r\n\r\n    \/* Image Copyright *\/\r\n\r\n\t\t.layout-standard-1.owl-carousel .image-copyright{\r\n\t\t    display: flex;\r\n\t\t    flex-direction: column;\r\n\t\t    align-items: flex-start;\r\n\t\t    height: 300px;\r\n\t\t    justify-content: flex-end;\r\n\t\t    position: absolute;\r\n\t\t}\r\n\r\n\t\t.layout-standard-1.owl-carousel .image-copyright div{\r\n\t\t    display: inline-block;\r\n\t\t    background-color: rgba(0,0,0,0.4);\r\n\t\t    padding: 1px 6px;\r\n\t\t    color: rgba(255,255,255,0.8);\r\n\t\t    z-index: 2;\r\n\t\t}\r\n\r\n\t\t.layout-standard-1.owl-carousel .image-copyright a{\r\n\t\t\tcolor: #fff;\r\n\t\t\tcursor: help;\r\n\t\t}<\/style>[\/vc_column][\/vc_row][vc_row][vc_column offset=&#8221;vc_col-lg-offset-3 vc_col-lg-6 vc_col-md-offset-2 vc_col-md-8&#8243;][vc_column_text el_class=&#8221;lead text-center&#8221;]Het wordt in verhoudingsgewijs kleine glazen uitgeschonken: in een 0,2 liter glas. Het Alt-bierglas is heel eenvoudig en zonder versiersels. Net als de Niederrhein zelf. Pak gewoon eens een glas en proef het \u2013 echt lekker. Smaakt naar thuis en traditie. Of maak het Alt-bier gewoon zelf. In brouwerij-cursussen kun je het proberen.<\/p>\n<p>Wie van een hoger alcoholpercentage houdt, vindt tussen Rijn en Maas talrijke distilleerderijen en branderijen. De manufacturen produceren edele brandewijnen, gemaakt van regionale fruit-specialiteiten. Tijdens een proeverij kun je de fijne smaak op je tong ontwaren. Beste ingredi\u00ebnten, beste resultaten.<\/p>\n<p>Wil je nog een slokje exotisch? Langs de Niederrhein wordt ook Met geproduceerd \u2013 honingwijn zoals in de Middeleeuwen.[\/vc_column_text][vc_separator css=&#8221;.vc_custom_1669660818105{margin-top: 60px !important;margin-bottom: 60px !important;}&#8221;][vc_empty_space height=&#8221;60px&#8221;][\/vc_column][\/vc_row][vc_row][vc_column offset=&#8221;vc_col-lg-offset-3 vc_col-lg-6 vc_col-md-offset-2 vc_col-md-8&#8243;][vc_raw_html]JTNDaW1nJTIwc3JjJTNEJTIyJTJGd3AtY29udGVudCUyRnVwbG9hZHMlMkYyMDIyJTJGMDglMkZhcnJvdy1yZWQtZG93bi5zdmclMjIlMjBjbGFzcyUzRCUyMnN2Zy1pbmplY3QlMjBteC1hdXRvJTIwZC1ibG9jayUyMiUzRQ==[\/vc_raw_html][\/vc_column][\/vc_row][vc_row][vc_column offset=&#8221;vc_col-lg-offset-3 vc_col-lg-6 vc_col-md-offset-2 vc_col-md-8&#8243;][vc_column_text el_class=&#8221;lead text-center&#8221;]<\/p>\n<h2 style=\"text-align: center;\">Drinkgenot langs de Niederrhein<\/h2>\n<p>[\/vc_column_text][\/vc_column][\/vc_row][vc_row][vc_column][vc_column_text]<div class=\"row row-cols-1 row-cols-sm-1 row-cols-md-2 row-cols-lg-2 row-cols-xl-3 post-grid-layout-season-1\" data-lazyload=\"{&quot;query&quot;:{&quot;post__not_in&quot;:[],&quot;post_type&quot;:&quot;restaurant&quot;,&quot;post_status&quot;:&quot;publish&quot;,&quot;posts_per_page&quot;:&quot;9&quot;,&quot;cat&quot;:&quot;&quot;,&quot;tag&quot;:&quot;&quot;,&quot;paged&quot;:1,&quot;order&quot;:&quot;DESC&quot;,&quot;orderby&quot;:&quot;date&quot;,&quot;tax_query&quot;:[{&quot;taxonomy&quot;:&quot;operating_mode&quot;,&quot;field&quot;:&quot;term_id&quot;,&quot;terms&quot;:[243]}]},&quot;layout&quot;:&quot;season-1&quot;,&quot;base&quot;:&quot;post-grid&quot;,&quot;params&quot;:&quot;&quot;}\" data-object-type=\"post\"><div class=\"col mb-5\">\n\t<div class=\"card h-100 card-shadow\">\n\n\t\t\t\t\t<div class=\"card-img\" style=\"background-image:url('https:\/\/stadt-land-niederrhein.de\/wp-content\/uploads\/2025\/02\/ramirez.jpg');\"><\/div>\n\t\t\n\t\t\n\t\t<div class=\"card-body\">\n\t\t\t<div class=\"d-flex justify-content-between mb-2\">\n\n\t\t\t<\/div>\n\t\t\t<h3 class=\"mb-1\"><a href=\"https:\/\/stadt-land-niederrhein.de\/nl\/kulinarik\/ramirez\/\" class=\"stretched-link\">Ramirez<\/a><\/h3>\n\t\t\t<div class=\"small\">Schermbeck<\/div>\n\t\t\t<p class=\"card-text mt-3\"><p>Ramirez in Schermbeck bietet auf fast 7.000 Quadratmetern vielf\u00e4ltige gastronomische Erlebnisse. Ob im Biergarten unter altem Baumbestand, im Schankraum oder im gro\u00dfen Saal \u2013 hier finden Veranstaltungen, Tagungen und Festlichkeiten einen passenden Rahmen. Dirk Zerressen und sein Team sorgen f\u00fcr eine professionelle und einladende Atmosph\u00e4re.<\/p>\n<\/p>\n\t\t<\/div>\n\n\t\t<div class=\"card-footer\">\n\t\t\t<img decoding=\"async\" src=\"\/wp-content\/uploads\/2022\/08\/arrow-red-next.svg\" class=\"injectable\" alt=\"Eintrag anzeigen\">\n\t\t<\/div>\n\n\n\n\n\t<\/div>\n<\/div><div class=\"col mb-5\">\n\t<div class=\"card h-100 card-shadow\">\n\n\t\t\t\t\t<div class=\"card-img\" style=\"background-image:url('https:\/\/stadt-land-niederrhein.de\/wp-content\/uploads\/2025\/02\/bolten-brauerei-1024x682.jpg');\"><\/div>\n\t\t\n\t\t\n\t\t<div class=\"card-body\">\n\t\t\t<div class=\"d-flex justify-content-between mb-2\">\n\n\t\t\t<\/div>\n\t\t\t<h3 class=\"mb-1\"><a href=\"https:\/\/stadt-land-niederrhein.de\/nl\/kulinarik\/privatbrauerei-bolten\/\" class=\"stretched-link\">Privatbrauerei Bolten<\/a><\/h3>\n\t\t\t<div class=\"small\">Korschenbroich<\/div>\n\t\t\t<p class=\"card-text mt-3\"><p>Die \u00e4lteste Altbier-Brauerei der Welt befindet sich in Korschenbroich-Neersbroich im Rhein-Kreis Neuss.<\/p>\n<\/p>\n\t\t<\/div>\n\n\t\t<div class=\"card-footer\">\n\t\t\t<img decoding=\"async\" src=\"\/wp-content\/uploads\/2022\/08\/arrow-red-next.svg\" class=\"injectable\" alt=\"Eintrag anzeigen\">\n\t\t<\/div>\n\n\n\n\n\t<\/div>\n<\/div><div class=\"col mb-5\">\n\t<div class=\"card h-100 card-shadow\">\n\n\t\t\t\t\t<div class=\"card-img\" style=\"background-image:url('https:\/\/stadt-land-niederrhein.de\/wp-content\/uploads\/2026\/06\/restaurant-icon-1024x685.jpg');\"><\/div>\n\t\t\n\t\t\n\t\t<div class=\"card-body\">\n\t\t\t<div class=\"d-flex justify-content-between mb-2\">\n\n\t\t\t<\/div>\n\t\t\t<h3 class=\"mb-1\"><a href=\"https:\/\/stadt-land-niederrhein.de\/nl\/kulinarik\/tapeo-tapas-lounge\/\" class=\"stretched-link\">Tapeo Tapas Lounge<\/a><\/h3>\n\t\t\t<div class=\"small\">Dinslaken<\/div>\n\t\t\t<p class=\"card-text mt-3\"><p>Die Tapeo Tapas Lounge in Dinslaken bietet eine vielf\u00e4ltige Auswahl an Tapas und Weinen in einem stilvollen Ambiente. Als Weinstube, Pub und Restaurant vereint sie die Gem\u00fctlichkeit einer Kneipe mit der Eleganz eines Restaurants. Die Lage in der Heerstra\u00dfe macht sie zu einem attraktiven Ziel f\u00fcr Genie\u00dfer:innen.<\/p>\n<\/p>\n\t\t<\/div>\n\n\t\t<div class=\"card-footer\">\n\t\t\t<img decoding=\"async\" src=\"\/wp-content\/uploads\/2022\/08\/arrow-red-next.svg\" class=\"injectable\" alt=\"Eintrag anzeigen\">\n\t\t<\/div>\n\n\n\n\n\t<\/div>\n<\/div><div class=\"col mb-5\">\n\t<div class=\"card h-100 card-shadow\">\n\n\t\t\t\t\t<div class=\"card-img\" style=\"background-image:url('https:\/\/stadt-land-niederrhein.de\/wp-content\/uploads\/2025\/02\/weinzeit-wesel-1024x768.jpg');\"><\/div>\n\t\t\n\t\t\n\t\t<div class=\"card-body\">\n\t\t\t<div class=\"d-flex justify-content-between mb-2\">\n\n\t\t\t<\/div>\n\t\t\t<h3 class=\"mb-1\"><a href=\"https:\/\/stadt-land-niederrhein.de\/nl\/kulinarik\/weinzeit-askamp\/\" class=\"stretched-link\">WeinZeit Askamp<\/a><\/h3>\n\t\t\t<div class=\"small\">Wesel<\/div>\n\t\t\t<p class=\"card-text mt-3\"><p>WeinZeit Askamp in Wesel vereint Weinhandel und Bistro in einem einzigartigen Konzept. Die Auswahl umfasst erlesene Weine und Kaffeespezialit\u00e4ten, erg\u00e4nzt durch feine K\u00f6stlichkeiten. Diese Kombination macht die WeinZeit zu einem besonderen Anlaufpunkt f\u00fcr Weinliebhaber:innen und Feinschmecker:innen.<\/p>\n<\/p>\n\t\t<\/div>\n\n\t\t<div class=\"card-footer\">\n\t\t\t<img decoding=\"async\" src=\"\/wp-content\/uploads\/2022\/08\/arrow-red-next.svg\" class=\"injectable\" alt=\"Eintrag anzeigen\">\n\t\t<\/div>\n\n\n\n\n\t<\/div>\n<\/div><div class=\"col mb-5\">\n\t<div class=\"card h-100 card-shadow\">\n\n\t\t\t\t\t<div class=\"card-img\" style=\"background-image:url('https:\/\/stadt-land-niederrhein.de\/wp-content\/uploads\/2025\/05\/eingang-la-cascina-1024x768.jpg');\"><\/div>\n\t\t\n\t\t\n\t\t<div class=\"card-body\">\n\t\t\t<div class=\"d-flex justify-content-between mb-2\">\n\n\t\t\t<\/div>\n\t\t\t<h3 class=\"mb-1\"><a href=\"https:\/\/stadt-land-niederrhein.de\/nl\/kulinarik\/la-cascina\/\" class=\"stretched-link\">La Cascina<\/a><\/h3>\n\t\t\t<div class=\"small\">Schermbeck<\/div>\n\t\t\t<p class=\"card-text mt-3\"><p>La Cascina in Schermbeck bietet authentische italienische K\u00fcche, inspiriert von den kulinarischen Traditionen Kalabriens. Giuseppe Giampaolo Giorgi und seine Schwager servieren seit 2010 frische, saisonale Gerichte, die direkt aus Italien importierte Zutaten verwenden. Die Speisekarte umfasst eine Vielfalt an Pasta, Fisch und Fleisch, erg\u00e4nzt durch eine Auswahl an Pizzen, die nach italienischer Art belegt werden. [&hellip;]<\/p>\n<\/p>\n\t\t<\/div>\n\n\t\t<div class=\"card-footer\">\n\t\t\t<img decoding=\"async\" src=\"\/wp-content\/uploads\/2022\/08\/arrow-red-next.svg\" class=\"injectable\" alt=\"Eintrag anzeigen\">\n\t\t<\/div>\n\n\n\n\n\t<\/div>\n<\/div><div class=\"col mb-5\">\n\t<div class=\"card h-100 card-shadow\">\n\n\t\t\t\t\t<div class=\"card-img\" style=\"background-image:url('https:\/\/stadt-land-niederrhein.de\/wp-content\/uploads\/2025\/02\/weinhof-lind-odermann-819x1024.jpg');\"><\/div>\n\t\t\n\t\t\n\t\t<div class=\"card-body\">\n\t\t\t<div class=\"d-flex justify-content-between mb-2\">\n\n\t\t\t<\/div>\n\t\t\t<h3 class=\"mb-1\"><a href=\"https:\/\/stadt-land-niederrhein.de\/nl\/kulinarik\/apero-strausswirtschaft-weinhof-lind-odermann-in-alpen-am-niederrhein\/\" class=\"stretched-link\">Ap\u00e9ro (Strau\u00dfwirtschaft) Weinhof Lind &amp; Odermann in Alpen am Niederrhein<\/a><\/h3>\n\t\t\t<div class=\"small\">Alpen<\/div>\n\t\t\t<p class=\"card-text mt-3\"><p>Der Weinhof Lind &amp; Odermann in Alpen am Niederrhein bietet seit 2020 eine Strau\u00dfwirtschaft in mediterranem Ambiente. Hier k\u00f6nnen Besucher:innen Weine und rheinhessische Spezialit\u00e4ten genie\u00dfen. Die Kombination aus regionalen Weinen und kulinarischen K\u00f6stlichkeiten schafft ein besonderes Erlebnis.<\/p>\n<\/p>\n\t\t<\/div>\n\n\t\t<div class=\"card-footer\">\n\t\t\t<img decoding=\"async\" src=\"\/wp-content\/uploads\/2022\/08\/arrow-red-next.svg\" class=\"injectable\" alt=\"Eintrag anzeigen\">\n\t\t<\/div>\n\n\n\n\n\t<\/div>\n<\/div><div class=\"col mb-5\">\n\t<div class=\"card h-100 card-shadow\">\n\n\t\t\t\t\t<div class=\"card-img\" style=\"background-image:url('https:\/\/stadt-land-niederrhein.de\/wp-content\/uploads\/2025\/11\/alt_stapp-1024x768.jpg');\"><\/div>\n\t\t\n\t\t\n\t\t<div class=\"card-body\">\n\t\t\t<div class=\"d-flex justify-content-between mb-2\">\n\n\t\t\t<\/div>\n\t\t\t<h3 class=\"mb-1\"><a href=\"https:\/\/stadt-land-niederrhein.de\/nl\/kulinarik\/alt-stapp\/\" class=\"stretched-link\">Alt Stapp<\/a><\/h3>\n\t\t\t<div class=\"small\">Dinslaken<\/div>\n\t\t\t<p class=\"card-text mt-3\"><p>Das Alt Stapp ist ein traditionsreiches Restaurant in Dinslaken, das f\u00fcr seine gem\u00fctliche Atmosph\u00e4re bekannt ist. Im rustikalen Gastraum, Wintergarten oder Biergarten l\u00e4sst es sich entspannt verweilen. Die Speisekarte bietet klassisch-deutsche Gerichte wie Schnitzel und Currywurst, begleitet von frisch gezapftem Bier.<\/p>\n<\/p>\n\t\t<\/div>\n\n\t\t<div class=\"card-footer\">\n\t\t\t<img decoding=\"async\" src=\"\/wp-content\/uploads\/2022\/08\/arrow-red-next.svg\" class=\"injectable\" alt=\"Eintrag anzeigen\">\n\t\t<\/div>\n\n\n\n\n\t<\/div>\n<\/div><div class=\"col mb-5\">\n\t<div class=\"card h-100 card-shadow\">\n\n\t\t\t\t\t<div class=\"card-img\" style=\"background-image:url('https:\/\/stadt-land-niederrhein.de\/wp-content\/uploads\/2025\/04\/kartoffel-ackerdemie-innen-1024x474.jpg');\"><\/div>\n\t\t\n\t\t\n\t\t<div class=\"card-body\">\n\t\t\t<div class=\"d-flex justify-content-between mb-2\">\n\n\t\t\t<\/div>\n\t\t\t<h3 class=\"mb-1\"><a href=\"https:\/\/stadt-land-niederrhein.de\/nl\/kulinarik\/restaurant-kartoffel-ackerdemie\/\" class=\"stretched-link\">Restaurant Kartoffel-Ackerdemie<\/a><\/h3>\n\t\t\t<div class=\"small\">Schermbeck<\/div>\n\t\t\t<p class=\"card-text mt-3\"><p>Das Restaurant Kartoffel-Ackerdemie im Hotel Zur Linde befindet sich im Schermbecker Ortskern. Die K\u00fcche verbindet traditionelle Gerichte mit modernen Akzenten, inspiriert von mediterranen Einfl\u00fcssen. An warmen Tagen bietet die Terrasse eine angenehme M\u00f6glichkeit, die Speisen im Freien zu genie\u00dfen.<\/p>\n<\/p>\n\t\t<\/div>\n\n\t\t<div class=\"card-footer\">\n\t\t\t<img decoding=\"async\" src=\"\/wp-content\/uploads\/2022\/08\/arrow-red-next.svg\" class=\"injectable\" alt=\"Eintrag anzeigen\">\n\t\t<\/div>\n\n\n\n\n\t<\/div>\n<\/div><div class=\"col mb-5\">\n\t<div class=\"card h-100 card-shadow\">\n\n\t\t\t\t\t<div class=\"card-img\" style=\"background-image:url('https:\/\/stadt-land-niederrhein.de\/wp-content\/uploads\/2025\/04\/hotel-restaurant-zur-egerheide-dinslaken-1024x682.jpg');\"><\/div>\n\t\t\n\t\t\n\t\t<div class=\"card-body\">\n\t\t\t<div class=\"d-flex justify-content-between mb-2\">\n\n\t\t\t<\/div>\n\t\t\t<h3 class=\"mb-1\"><a href=\"https:\/\/stadt-land-niederrhein.de\/nl\/kulinarik\/hotel-restaurant-zur-egerheide\/\" class=\"stretched-link\">Hotel &amp; Restaurant Zur Egerheide<\/a><\/h3>\n\t\t\t<div class=\"small\">Dinslaken<\/div>\n\t\t\t<p class=\"card-text mt-3\"><p>Das Hotel &amp; Restaurant Zur Egerheide in Dinslaken offeriert eine bodenst\u00e4ndige Gastronomie, akzentuiert durch saisonale Spezialit\u00e4ten wie Matjes und Spargel. Neben einem umfangreichen Fr\u00fchst\u00fccksbuffet stehen vielseitige R\u00e4umlichkeiten f\u00fcr Feierlichkeiten bereit, abgerundet durch einen Biergarten.<\/p>\n<\/p>\n\t\t<\/div>\n\n\t\t<div class=\"card-footer\">\n\t\t\t<img decoding=\"async\" src=\"\/wp-content\/uploads\/2022\/08\/arrow-red-next.svg\" class=\"injectable\" alt=\"Eintrag anzeigen\">\n\t\t<\/div>\n\n\n\n\n\t<\/div>\n<\/div><\/div><div class=\"vc_btn3-container button-sm button-filled vc_btn3-center\"><button type=\"button\" class=\"vc_general vc_btn3 vc_btn3-size-md vc_btn3-shape-rounded vc_btn3-style-modern vc_btn3-color-grey btn-lazyload\"><span class=\"spinner-border spinner-border-sm\" role=\"status\" aria-hidden=\"true\"><\/span>Weitere Artikel laden<\/button><\/div><style>\/* post-grid-layout-standard *\/\r\n\r\n.post-grid-layout-season-1 .card {\r\n    -ms-flex: 1 0 0%;\r\n    flex: 1 0 0%;\r\n    margin-right: 15px;\r\n    margin-bottom: 0;\r\n    margin-left: 15px;\r\n    height: 100%;\r\n    overflow: hidden;\r\n}\r\n\r\n.post-grid-layout-season-1 .card-img {\r\n    width: 100%;\r\n    height: 175px;\r\n    background-color: #ccc;\r\n    background-position: center;\r\n    background-size: cover;\r\n    transition:all 0.3s ease-in-out;\r\n    opacity:1;\r\n}\r\n\r\n.post-grid-layout-season-1 .card:hover .card-img,\r\n.post-grid-layout-season-1 .card:focus .card-img {\r\n    transform: scale(1.02);\r\n    opacity:0.5;\r\n}\r\n\r\n.post-grid-layout-season-1 .card-body {\r\n    padding: 1.25rem 1.25rem 0 1.25rem;\r\n}\r\n\r\n.post-grid-layout-season-1 .card-footer {\r\n    padding-left: 1.25rem;\r\n    background-color: transparent;\r\n    border-top: 0;\r\n}\r\n\r\n.post-grid-layout-season-1 .card-footer svg{\r\n    width: 30px;\r\n}\r\n\r\n.post-grid-layout-season-1 .card,\r\n.post-grid-layout-season-1 .card .card-img{\r\n    border-radius: 0;\r\n}\r\n\r\n.post-grid-layout-season-1 .card{\r\n    border: 0;\r\n    transition: all 0.3s;\r\n    height: 100%;\r\n    flex: 1 0 0%;\r\n    background-color: transparent;\r\n}\r\n\r\n.post-grid-layout-season-1 .card:hover .card-img,\r\n.post-grid-layout-season-1 .card:focus .card-img {\r\n    transform: scale(1.02);\r\n    opacity: 0.8;\r\n}\r\n\r\n.post-grid-layout-season-1 .card .card-body p.card-text{\r\n    color: #7d878c;\r\n}\r\n\r\n.post-grid-layout-season-1 .card .card-footer{\r\n    padding-top: 0;\r\n}<\/style>[\/vc_column_text][vc_empty_space height=&#8221;60px&#8221;][vc_empty_space height=&#8221;60px&#8221;][\/vc_column][\/vc_row]<\/p>\n","protected":false},"excerpt":{"rendered":"<p>Drinkgenot langs de Niederrhein: Spannende smaakbelevenissen<\/p>\n","protected":false},"featured_media":24811,"template":"","class_list":["post-34031","season","type-season","status-publish","has-post-thumbnail","hentry"],"acf":[],"yoast_head":"<!-- This site is optimized with the Yoast SEO plugin v19.11 - https:\/\/yoast.com\/wordpress\/plugins\/seo\/ -->\n<title>Edele sappen voor fijnproevers - Stadt. Land. Niederrhein<\/title>\n<meta name=\"robots\" content=\"index, follow, max-snippet:-1, max-image-preview:large, max-video-preview:-1\" \/>\n<link rel=\"canonical\" href=\"https:\/\/stadt-land-niederrhein.de\/nl\/saison\/edele-sappen-voor-fijnproevers\/\" \/>\n<meta property=\"og:locale\" content=\"nl_NL\" \/>\n<meta property=\"og:type\" content=\"article\" \/>\n<meta property=\"og:title\" content=\"Edele sappen voor fijnproevers - Stadt. Land. Niederrhein\" \/>\n<meta property=\"og:description\" content=\"Drinkgenot langs de Niederrhein: Spannende smaakbelevenissen\" \/>\n<meta property=\"og:url\" content=\"\/\" \/>\n<meta property=\"og:site_name\" content=\"Stadt. Land. Niederrhein\" \/>\n<meta property=\"article:modified_time\" content=\"2023-02-16T12:34:10+00:00\" \/>\n<meta property=\"og:image\" content=\"https:\/\/stadt-land-niederrhein.de\/wp-content\/uploads\/2022\/10\/Niederrhein-Tourismus-Fraeulein-Hamminkeln-Van-Nahmen-Obstsaft-Saft-5.jpg\" \/>\n\t<meta property=\"og:image:width\" content=\"1920\" \/>\n\t<meta property=\"og:image:height\" content=\"1282\" \/>\n\t<meta property=\"og:image:type\" content=\"image\/jpeg\" \/>\n<meta name=\"twitter:card\" content=\"summary_large_image\" \/>\n<script type=\"application\/ld+json\" class=\"yoast-schema-graph\">{\"@context\":\"https:\/\/schema.org\",\"@graph\":[{\"@type\":\"WebPage\",\"@id\":\"https:\/\/stadt-land-niederrhein.de\/nl\/saison\/edele-sappen-voor-fijnproevers\/\",\"url\":\"https:\/\/stadt-land-niederrhein.de\/nl\/saison\/edele-sappen-voor-fijnproevers\/\",\"name\":\"Edele sappen voor fijnproevers - Stadt. Land. Niederrhein\",\"isPartOf\":{\"@id\":\"https:\/\/stadt-land-niederrhein.de\/nl\/#website\"},\"datePublished\":\"2022-10-10T10:18:48+00:00\",\"dateModified\":\"2023-02-16T12:34:10+00:00\",\"breadcrumb\":{\"@id\":\"https:\/\/stadt-land-niederrhein.de\/nl\/saison\/edele-sappen-voor-fijnproevers\/#breadcrumb\"},\"inLanguage\":\"nl-NL\",\"potentialAction\":[{\"@type\":\"ReadAction\",\"target\":[\"https:\/\/stadt-land-niederrhein.de\/nl\/saison\/edele-sappen-voor-fijnproevers\/\"]}]},{\"@type\":\"BreadcrumbList\",\"@id\":\"https:\/\/stadt-land-niederrhein.de\/nl\/saison\/edele-sappen-voor-fijnproevers\/#breadcrumb\",\"itemListElement\":[{\"@type\":\"ListItem\",\"position\":1,\"name\":\"Startpagina\",\"item\":\"https:\/\/stadt-land-niederrhein.de\/nl\/\"},{\"@type\":\"ListItem\",\"position\":2,\"name\":\"Saisons\",\"item\":\"https:\/\/stadt-land-niederrhein.de\/nl\/saisons\/\"},{\"@type\":\"ListItem\",\"position\":3,\"name\":\"Edele sappen voor fijnproevers\"}]},{\"@type\":\"WebSite\",\"@id\":\"https:\/\/stadt-land-niederrhein.de\/nl\/#website\",\"url\":\"https:\/\/stadt-land-niederrhein.de\/nl\/\",\"name\":\"Stadt. Land. Niederrhein\",\"description\":\"Niederrhein f\u00fcr alle Sinne\",\"publisher\":{\"@id\":\"https:\/\/stadt-land-niederrhein.de\/nl\/#organization\"},\"alternateName\":\"Niederrhein f\u00fcr alle Sinne\",\"potentialAction\":[{\"@type\":\"SearchAction\",\"target\":{\"@type\":\"EntryPoint\",\"urlTemplate\":\"https:\/\/stadt-land-niederrhein.de\/nl\/?s={search_term_string}\"},\"query-input\":\"required name=search_term_string\"}],\"inLanguage\":\"nl-NL\"},{\"@type\":\"Organization\",\"@id\":\"https:\/\/stadt-land-niederrhein.de\/nl\/#organization\",\"name\":\"Stadt. Land. Niederrhein\",\"alternateName\":\"Niederrhein f\u00fcr alle Sinne\",\"url\":\"https:\/\/stadt-land-niederrhein.de\/nl\/\",\"logo\":{\"@type\":\"ImageObject\",\"inLanguage\":\"nl-NL\",\"@id\":\"https:\/\/stadt-land-niederrhein.de\/nl\/#\/schema\/logo\/image\/\",\"url\":\"https:\/\/stadt-land-niederrhein.de\/wp-content\/uploads\/2022\/09\/stadt-land-niederrhein_logo_block_400px.png\",\"contentUrl\":\"https:\/\/stadt-land-niederrhein.de\/wp-content\/uploads\/2022\/09\/stadt-land-niederrhein_logo_block_400px.png\",\"width\":400,\"height\":133,\"caption\":\"Stadt. Land. Niederrhein\"},\"image\":{\"@id\":\"https:\/\/stadt-land-niederrhein.de\/nl\/#\/schema\/logo\/image\/\"},\"sameAs\":[\"https:\/\/www.instagram.com\/niederrheintourismus_\/\"]}]}<\/script>\n<!-- \/ Yoast SEO plugin. -->","yoast_head_json":{"title":"Edele sappen voor fijnproevers - Stadt. Land. Niederrhein","robots":{"index":"index","follow":"follow","max-snippet":"max-snippet:-1","max-image-preview":"max-image-preview:large","max-video-preview":"max-video-preview:-1"},"canonical":"https:\/\/stadt-land-niederrhein.de\/nl\/saison\/edele-sappen-voor-fijnproevers\/","og_locale":"nl_NL","og_type":"article","og_title":"Edele sappen voor fijnproevers - Stadt. Land. Niederrhein","og_description":"Drinkgenot langs de Niederrhein: Spannende smaakbelevenissen","og_url":"\/","og_site_name":"Stadt. Land. Niederrhein","article_modified_time":"2023-02-16T12:34:10+00:00","og_image":[{"width":1920,"height":1282,"url":"https:\/\/stadt-land-niederrhein.de\/wp-content\/uploads\/2022\/10\/Niederrhein-Tourismus-Fraeulein-Hamminkeln-Van-Nahmen-Obstsaft-Saft-5.jpg","type":"image\/jpeg"}],"twitter_card":"summary_large_image","schema":{"@context":"https:\/\/schema.org","@graph":[{"@type":"WebPage","@id":"https:\/\/stadt-land-niederrhein.de\/nl\/saison\/edele-sappen-voor-fijnproevers\/","url":"https:\/\/stadt-land-niederrhein.de\/nl\/saison\/edele-sappen-voor-fijnproevers\/","name":"Edele sappen voor fijnproevers - Stadt. Land. Niederrhein","isPartOf":{"@id":"https:\/\/stadt-land-niederrhein.de\/nl\/#website"},"datePublished":"2022-10-10T10:18:48+00:00","dateModified":"2023-02-16T12:34:10+00:00","breadcrumb":{"@id":"https:\/\/stadt-land-niederrhein.de\/nl\/saison\/edele-sappen-voor-fijnproevers\/#breadcrumb"},"inLanguage":"nl-NL","potentialAction":[{"@type":"ReadAction","target":["https:\/\/stadt-land-niederrhein.de\/nl\/saison\/edele-sappen-voor-fijnproevers\/"]}]},{"@type":"BreadcrumbList","@id":"https:\/\/stadt-land-niederrhein.de\/nl\/saison\/edele-sappen-voor-fijnproevers\/#breadcrumb","itemListElement":[{"@type":"ListItem","position":1,"name":"Startpagina","item":"https:\/\/stadt-land-niederrhein.de\/nl\/"},{"@type":"ListItem","position":2,"name":"Saisons","item":"https:\/\/stadt-land-niederrhein.de\/nl\/saisons\/"},{"@type":"ListItem","position":3,"name":"Edele sappen voor fijnproevers"}]},{"@type":"WebSite","@id":"https:\/\/stadt-land-niederrhein.de\/nl\/#website","url":"https:\/\/stadt-land-niederrhein.de\/nl\/","name":"Stadt. Land. Niederrhein","description":"Niederrhein f\u00fcr alle Sinne","publisher":{"@id":"https:\/\/stadt-land-niederrhein.de\/nl\/#organization"},"alternateName":"Niederrhein f\u00fcr alle Sinne","potentialAction":[{"@type":"SearchAction","target":{"@type":"EntryPoint","urlTemplate":"https:\/\/stadt-land-niederrhein.de\/nl\/?s={search_term_string}"},"query-input":"required name=search_term_string"}],"inLanguage":"nl-NL"},{"@type":"Organization","@id":"https:\/\/stadt-land-niederrhein.de\/nl\/#organization","name":"Stadt. Land. Niederrhein","alternateName":"Niederrhein f\u00fcr alle Sinne","url":"https:\/\/stadt-land-niederrhein.de\/nl\/","logo":{"@type":"ImageObject","inLanguage":"nl-NL","@id":"https:\/\/stadt-land-niederrhein.de\/nl\/#\/schema\/logo\/image\/","url":"https:\/\/stadt-land-niederrhein.de\/wp-content\/uploads\/2022\/09\/stadt-land-niederrhein_logo_block_400px.png","contentUrl":"https:\/\/stadt-land-niederrhein.de\/wp-content\/uploads\/2022\/09\/stadt-land-niederrhein_logo_block_400px.png","width":400,"height":133,"caption":"Stadt. Land. Niederrhein"},"image":{"@id":"https:\/\/stadt-land-niederrhein.de\/nl\/#\/schema\/logo\/image\/"},"sameAs":["https:\/\/www.instagram.com\/niederrheintourismus_\/"]}]}},"_links":{"self":[{"href":"https:\/\/stadt-land-niederrhein.de\/nl\/wp-json\/wp\/v2\/seasons\/34031","targetHints":{"allow":["GET"]}}],"collection":[{"href":"https:\/\/stadt-land-niederrhein.de\/nl\/wp-json\/wp\/v2\/seasons"}],"about":[{"href":"https:\/\/stadt-land-niederrhein.de\/nl\/wp-json\/wp\/v2\/types\/season"}],"version-history":[{"count":3,"href":"https:\/\/stadt-land-niederrhein.de\/nl\/wp-json\/wp\/v2\/seasons\/34031\/revisions"}],"predecessor-version":[{"id":35712,"href":"https:\/\/stadt-land-niederrhein.de\/nl\/wp-json\/wp\/v2\/seasons\/34031\/revisions\/35712"}],"wp:featuredmedia":[{"embeddable":true,"href":"https:\/\/stadt-land-niederrhein.de\/nl\/wp-json\/wp\/v2\/media\/24811"}],"wp:attachment":[{"href":"https:\/\/stadt-land-niederrhein.de\/nl\/wp-json\/wp\/v2\/media?parent=34031"}],"curies":[{"name":"wp","href":"https:\/\/api.w.org\/{rel}","templated":true}]}}