{"id":34037,"date":"2022-11-17T16:16:33","date_gmt":"2022-11-17T15:16:33","guid":{"rendered":"https:\/\/stadt-land-niederrhein.de\/saison\/zu-gast-bei-caesar-und-co\/"},"modified":"2023-02-22T12:01:20","modified_gmt":"2023-02-22T11:01:20","slug":"te-gast-bij-caesar-en-co","status":"publish","type":"season","link":"https:\/\/stadt-land-niederrhein.de\/nl\/saison\/te-gast-bij-caesar-en-co\/","title":{"rendered":"Te gast bij Caesar en co."},"content":{"rendered":"<p>[vc_row css=&#8221;.vc_custom_1669660857754{margin-bottom: 90px !important;}&#8221;][vc_column offset=&#8221;vc_col-lg-offset-3 vc_col-lg-6 vc_col-md-offset-2 vc_col-md-8&#8243;][vc_column_text el_class=&#8221;lead text-center&#8221;]UNESCO zorgde voor de ridderslag: Nu is ook de Niederrhein een werelderfgoed. Het comit\u00e9 van de UNESCO heeft het Neder-Germaanse Limes opgenomen in de lijst van het werelderfgoed en heeft het cultureel landschap Niederrhein zodoende verheven tot een highlight.[\/vc_column_text][\/vc_column][\/vc_row][vc_row][vc_column offset=&#8221;vc_col-lg-offset-1 vc_col-lg-10&#8243;]<div class=\"owl-carousel owl-theme layout-standard-1\"  data-owl-carousel-options=\"{&quot;responsive&quot;:{&quot;0&quot;:{&quot;items&quot;:1,&quot;margin&quot;:10,&quot;loop&quot;:false,&quot;nav&quot;:true,&quot;dots&quot;:false,&quot;autoplay&quot;:false},&quot;576&quot;:{&quot;items&quot;:2,&quot;margin&quot;:10,&quot;loop&quot;:true,&quot;nav&quot;:true,&quot;dots&quot;:false,&quot;autoplay&quot;:false},&quot;768&quot;:{&quot;items&quot;:2,&quot;margin&quot;:15,&quot;loop&quot;:true,&quot;nav&quot;:true,&quot;dots&quot;:false,&quot;autoplay&quot;:false},&quot;992&quot;:{&quot;items&quot;:3,&quot;margin&quot;:15,&quot;loop&quot;:true,&quot;nav&quot;:true,&quot;dots&quot;:false,&quot;autoplay&quot;:false},&quot;1200&quot;:{&quot;items&quot;:4,&quot;margin&quot;:15,&quot;loop&quot;:true,&quot;nav&quot;:true,&quot;dots&quot;:false,&quot;autoplay&quot;:false}},&quot;stagePadding&quot;:0,&quot;center&quot;:false,&quot;animateIn&quot;:false,&quot;animateOut&quot;:false,&quot;mouseDrag&quot;:true,&quot;touchDrag&quot;:true,&quot;navText&quot;:[&quot;&lt;span aria-label=\\&quot;Previous\\&quot;&gt;\\u2039&lt;\\\/span&gt;&quot;,&quot;&lt;span aria-label=\\&quot;Next\\&quot;&gt;\\u203a&lt;\\\/span&gt;&quot;]}\">\n\t\t\t<div class=\"img-wrapper\">\n\t\t\t<a href=\"https:\/\/stadt-land-niederrhein.de\/wp-content\/uploads\/2022\/11\/roemer_\u00a9-Malte-Schmitz-2-1024x682.jpg\" data-lightbox=\"493f90\" style=\"background-image: url( https:\/\/stadt-land-niederrhein.de\/wp-content\/uploads\/2022\/11\/roemer_\u00a9-Malte-Schmitz-2-1024x682.jpg )\" class=\"noAccessibilityResize\">\n\t\t\t\t\t\t\t\t\n\t\t\t\t\t<div class=\"image-copyright\"><div class=\"micro\">\u00a9 Malte Schmitz<\/div><\/div>\n\n\t\t\t\t\t\t\t<\/a>\n\t\t<\/div>\n\t\t\t\t<div class=\"img-wrapper\">\n\t\t\t<a href=\"https:\/\/stadt-land-niederrhein.de\/wp-content\/uploads\/2022\/11\/roemer_\u00a9-Malte-Schmitz-3-1024x684.jpg\" data-lightbox=\"493f90\" style=\"background-image: url( https:\/\/stadt-land-niederrhein.de\/wp-content\/uploads\/2022\/11\/roemer_\u00a9-Malte-Schmitz-3-1024x684.jpg )\" class=\"noAccessibilityResize\">\n\t\t\t\t\t\t\t\t\n\t\t\t\t\t<div class=\"image-copyright\"><div class=\"micro\">\u00a9 Malte Schmitz<\/div><\/div>\n\n\t\t\t\t\t\t\t<\/a>\n\t\t<\/div>\n\t\t\t\t<div class=\"img-wrapper\">\n\t\t\t<a href=\"https:\/\/stadt-land-niederrhein.de\/wp-content\/uploads\/2022\/11\/roemer_\u00a9-Malte-Schmitz-1024x683.jpg\" data-lightbox=\"493f90\" style=\"background-image: url( https:\/\/stadt-land-niederrhein.de\/wp-content\/uploads\/2022\/11\/roemer_\u00a9-Malte-Schmitz-1024x683.jpg )\" class=\"noAccessibilityResize\">\n\t\t\t\t\t\t\t\t\n\t\t\t\t\t<div class=\"image-copyright\"><div class=\"micro\">\u00a9 Malte Schmitz<\/div><\/div>\n\n\t\t\t\t\t\t\t<\/a>\n\t\t<\/div>\n\t\t\t\t<div class=\"img-wrapper\">\n\t\t\t<a href=\"https:\/\/stadt-land-niederrhein.de\/wp-content\/uploads\/2022\/11\/roemer_LVR-Archaeologischer-Park-Xanten-Foto-Malte-Schmitz-1024x683.jpg\" data-lightbox=\"493f90\" style=\"background-image: url( https:\/\/stadt-land-niederrhein.de\/wp-content\/uploads\/2022\/11\/roemer_LVR-Archaeologischer-Park-Xanten-Foto-Malte-Schmitz-1024x683.jpg )\" class=\"noAccessibilityResize\">\n\t\t\t\t\t\t\t\t\n\t\t\t\t\t<div class=\"image-copyright\"><div class=\"micro\">\u00a9 Malte Schmitz<\/div><\/div>\n\n\t\t\t\t\t\t\t<\/a>\n\t\t<\/div>\n\t\t<\/div><style>\t\/* Gallery Carousel *\/\r\n\r\n\t.layout-standard-1 .img-wrapper{\r\n\t\theight: 300px;\r\n\t    width: 100%;\r\n\t    overflow: hidden;\r\n\t}\r\n\r\n\t.layout-standard-1 .img-wrapper a{\r\n\t\tdisplay: block;\r\n\t\twidth: 100%;\r\n\t\theight: 100%;\r\n\t    background-repeat: no-repeat;\r\n\t    background-size: cover;\r\n\t    background-position: center center;\r\n\t    transform: scale(1);\r\n\t    transition: 0.6s;\r\n\t}\r\n\r\n\t.layout-standard-1 .img-wrapper:hover a{\r\n\t\ttransition: 0.3s;\r\n    \ttransform: scale(1.02);\r\n\t}\r\n\r\n\r\n\r\n\r\n\r\n\t.layout-standard-1 .owl-stage-outer{\r\n\t\tmargin-bottom: 30px;\r\n\t}\r\n\r\n\t.layout-standard-1 .owl-stage{\r\n\t\tdisplay: flex;\r\n\t}\r\n\t\r\n\r\n\t\/*\r\n    .layout-standard-1 .owl-nav .owl-next,\r\n    .layout-standard-1 .owl-nav .owl-prev {\r\n        position: absolute;\r\n        top: calc(50% - 15px);\r\n        transform: translateY(-50%);\r\n        -webkit-transform: translateY(-50%);\r\n\t    display: flex;\r\n\t    font-size: 25px !important;\r\n\t    background-color: #999 !important;\r\n\t    width: 30px;\r\n\t    height: 30px;\r\n\t    justify-content: center;\r\n\t    align-items: center;\r\n\t    color: #fff !important;\r\n    }\r\n    .layout-standard-1 .owl-nav .owl-next {\r\n\t\tright: 0;\r\n\t    margin-right: -5px;\r\n    }\r\n\r\n    .layout-standard-1 .owl-nav .owl-prev{\r\n        left: 0;\r\n\t    margin-left: -5px;\r\n    }\r\n\r\n    .layout-standard-1 .owl-nav .owl-next:hover,\r\n    .layout-standard-1 .owl-nav .owl-prev:hover{\r\n    \tbackground-color: #555 !important;\r\n    }\r\n    *\/\r\n\r\n\r\n    \/* Center OWL-Nav-Arrows  *\/\r\n\r\n    .layout-standard-1 .owl-nav {\r\n        position: absolute;\r\n        top: 125px;\r\n        right: 0;\r\n        left: 0;\r\n        margin-top: 0 !important;\r\n        pointer-events: none;\r\n    }\r\n\r\n    .layout-standard-1.owl-carousel .owl-nav > button {\r\n        margin: 0;\r\n        pointer-events: auto;\r\n    }\r\n\r\n    .layout-standard-1.owl-carousel .owl-nav > button.owl-prev,\r\n    .layout-standard-1.owl-carousel .owl-nav > button.owl-next {\r\n\t    background-color: #E7343F !important;\r\n\t    border-radius: 50px;\r\n\t    color: #FFF !important;\r\n\t    font-size: 50px !important;\r\n\t    line-height: 50px;\r\n\t    width: 50px;\r\n\t    height: 50px;\r\n\t    margin: 0;\r\n\t    outline: none;\r\n\t    transition: 0.3s !important;\r\n    }\r\n\r\n    .layout-standard-1.owl-carousel .owl-nav > button.owl-prev {\r\n        float: left;\r\n        margin-left: -15px !important;\r\n    }\r\n\r\n    .layout-standard-1.owl-carousel .owl-nav > button.owl-next {\r\n        float: right;\r\n        margin-right: -15px !important;\r\n    }\r\n\r\n    @media (min-width: 768px){\r\n\t    .layout-standard-1.owl-carousel .owl-nav > button.owl-prev {\r\n\t        margin-left: -25px !important;\r\n\t    }\r\n\r\n\t    .layout-standard-1.owl-carousel .owl-nav > button.owl-next {\r\n\t        margin-right: -25px !important;\r\n\t    }\r\n    }\r\n\r\n    .layout-standard-1.owl-theme .owl-nav [class*=owl-]:hover {\r\n        background-color: #A0212C !important;\r\n        color: #fff !important;\r\n        text-decoration: none;\r\n        transition: 0.3s !important;\r\n    }\r\n\r\n    .layout-standard-1.owl-theme .owl-nav .disabled {\r\n        opacity: 0.8;\r\n        cursor: default;\r\n    }\r\n\r\n    .layout-standard-1.owl-theme .owl-nav .disabled:hover {\r\n        cursor: default;\r\n        background-color: #FFF !important;\r\n        color: #002F5E !important;\r\n    }\r\n\r\n    .layout-standard-1.owl-carousel .owl-nav > button span{\r\n        margin-top: -10px;\r\n        display: block;\r\n    }\r\n\r\n    \/* Image Copyright *\/\r\n\r\n\t\t.layout-standard-1.owl-carousel .image-copyright{\r\n\t\t    display: flex;\r\n\t\t    flex-direction: column;\r\n\t\t    align-items: flex-start;\r\n\t\t    height: 300px;\r\n\t\t    justify-content: flex-end;\r\n\t\t    position: absolute;\r\n\t\t}\r\n\r\n\t\t.layout-standard-1.owl-carousel .image-copyright div{\r\n\t\t    display: inline-block;\r\n\t\t    background-color: rgba(0,0,0,0.4);\r\n\t\t    padding: 1px 6px;\r\n\t\t    color: rgba(255,255,255,0.8);\r\n\t\t    z-index: 2;\r\n\t\t}\r\n\r\n\t\t.layout-standard-1.owl-carousel .image-copyright a{\r\n\t\t\tcolor: #fff;\r\n\t\t\tcursor: help;\r\n\t\t}<\/style>[vc_separator css=&#8221;.vc_custom_1669660818105{margin-top: 60px !important;margin-bottom: 60px !important;}&#8221;][\/vc_column][\/vc_row][vc_row][vc_column offset=&#8221;vc_col-lg-offset-3 vc_col-lg-6 vc_col-md-offset-2 vc_col-md-8&#8243;][vc_column_text el_class=&#8221;lead text-center&#8221;]Maar wat is het Neder-Germaanse Limes eigentlijk? 2.000 jaar geleden vormde de Limes de grens van het Romeinse rijk. De Rijn scheidde de Romeinen en Germanen. Met de rivier beveiligden de Romeinen hun grenzen tegen de Germaanse nederzettingen aan de rechter oeverzijde. Ze gebruikten de Rijn als &#8216;natte limes&#8217;; er was geen extra grensafbakening meer nodig.<\/p>\n<p>De Romeinen bouwden langs de rivier, aan de linkerzijde van de Rijn, militaire nederzettingen en forten evenals enkele wachttorens. Ze werden met elkaar verbonden door de limes-straat. Het verloop ervan kun je tegenwoordig nog altijd in grote delen volgen: de Bundesstra\u00dfe 9 (rijksweg 9) is quasi op de sporen van de Romeinen gebouwd.[\/vc_column_text][vc_empty_space height=&#8221;60px&#8221;][\/vc_column][\/vc_row][vc_row disable_element=&#8221;yes&#8221;][vc_column offset=&#8221;vc_col-lg-offset-2 vc_col-lg-8&#8243;]<div class=\"owl-carousel owl-theme layout-standard-2\"  data-owl-carousel-options=\"{&quot;responsive&quot;:{&quot;0&quot;:{&quot;items&quot;:1,&quot;margin&quot;:0,&quot;loop&quot;:false,&quot;nav&quot;:false,&quot;dots&quot;:true,&quot;autoplay&quot;:false},&quot;576&quot;:{&quot;items&quot;:1,&quot;margin&quot;:0,&quot;loop&quot;:true,&quot;nav&quot;:false,&quot;dots&quot;:true,&quot;autoplay&quot;:false},&quot;768&quot;:{&quot;items&quot;:1,&quot;margin&quot;:0,&quot;loop&quot;:true,&quot;nav&quot;:false,&quot;dots&quot;:true,&quot;autoplay&quot;:false},&quot;992&quot;:{&quot;items&quot;:1,&quot;margin&quot;:0,&quot;loop&quot;:true,&quot;nav&quot;:false,&quot;dots&quot;:true,&quot;autoplay&quot;:false},&quot;1200&quot;:{&quot;items&quot;:1,&quot;margin&quot;:0,&quot;loop&quot;:true,&quot;nav&quot;:false,&quot;dots&quot;:true,&quot;autoplay&quot;:false}},&quot;stagePadding&quot;:0,&quot;center&quot;:false,&quot;animateIn&quot;:false,&quot;animateOut&quot;:false,&quot;mouseDrag&quot;:true,&quot;touchDrag&quot;:true,&quot;navText&quot;:[&quot;&lt;span aria-label=\\&quot;Previous\\&quot;&gt;\\u2039&lt;\\\/span&gt;&quot;,&quot;&lt;span aria-label=\\&quot;Next\\&quot;&gt;\\u203a&lt;\\\/span&gt;&quot;]}\">\n\t\t\t<div class=\"img-wrapper\">\n\t\t\t<a href=\"https:\/\/stadt-land-niederrhein.de\/wp-content\/uploads\/2022\/11\/historiesche-orte_Niederrhein-Tourismius_November-32_-Foto-gymi-media-GmbH-1024x683.jpg\" data-lightbox=\"a242b4\" style=\"background-image: url( https:\/\/stadt-land-niederrhein.de\/wp-content\/uploads\/2022\/11\/historiesche-orte_Niederrhein-Tourismius_November-32_-Foto-gymi-media-GmbH-1024x683.jpg )\" class=\"noAccessibilityResize\"><\/a>\n\t\t\t\t\t\t\t\t\t\t<\/div>\n\t\t\t\t<div class=\"img-wrapper\">\n\t\t\t<a href=\"https:\/\/stadt-land-niederrhein.de\/wp-content\/uploads\/2022\/11\/historiesche-orte_Niederrhein-Tourismus-Fraeulein-Stadt-Moers-7-1024x683.jpg\" data-lightbox=\"a242b4\" style=\"background-image: url( https:\/\/stadt-land-niederrhein.de\/wp-content\/uploads\/2022\/11\/historiesche-orte_Niederrhein-Tourismus-Fraeulein-Stadt-Moers-7-1024x683.jpg )\" class=\"noAccessibilityResize\"><\/a>\n\t\t\t\t\t\t\t\t\t\t<\/div>\n\t\t\t\t<div class=\"img-wrapper\">\n\t\t\t<a href=\"https:\/\/stadt-land-niederrhein.de\/wp-content\/uploads\/2022\/11\/historiesche-orte_Niederrhein-Tourismus-Fraeulein-Stadt-Moers-8-1024x683.jpg\" data-lightbox=\"a242b4\" style=\"background-image: url( https:\/\/stadt-land-niederrhein.de\/wp-content\/uploads\/2022\/11\/historiesche-orte_Niederrhein-Tourismus-Fraeulein-Stadt-Moers-8-1024x683.jpg )\" class=\"noAccessibilityResize\"><\/a>\n\t\t\t\t\t\t\t\t\t\t<\/div>\n\t\t<\/div><style>\t\/* Gallery Carousel *\/\r\n\r\n\t.layout-standard-2 .img-wrapper{\r\n\t\theight: 550px;\r\n\t    width: 100%;\r\n\t    overflow: hidden;\r\n\t}\r\n\r\n\t.layout-standard-2 .img-wrapper a{\r\n\t\tdisplay: block;\r\n\t\twidth: 100%;\r\n\t\theight: 100%;\r\n\t    background-repeat: no-repeat;\r\n\t    background-size: cover;\r\n\t    background-position: center center;\r\n\t    transform: scale(1);\r\n\t    transition: 0.6s;\r\n\t}\r\n\r\n\t.layout-standard-2 .img-wrapper:hover a{\r\n\t\ttransition: 0.3s;\r\n    \ttransform: scale(1.02);\r\n\t}\r\n\r\n\t.layout-standard-2 .owl-stage-outer{\r\n\t\tmargin-bottom: 30px;\r\n\t}\r\n\r\n\t.layout-standard-2 .owl-stage{\r\n\t\tdisplay: flex;\r\n\t}\r\n\r\n\t\/* Dots *\/\r\n\r\n\t.layout-standard-2 .owl-dots{\r\n\t\tmargin-top: -55px !important;\r\n\t    margin-bottom: 55px;\r\n\t    position: inherit;\r\n\t}\r\n\t\r\n\r\n    \/* Center OWL-Nav-Arrows  *\/\r\n\r\n    .layout-standard-2 .owl-nav {\r\n        position: absolute;\r\n        top: calc(550px\/2 - 30px);\r\n        right: 0;\r\n        left: 0;\r\n        margin-top: 0 !important;\r\n        pointer-events: none;\r\n        transition: 0.3s !important;\r\n        opacity: 0;\r\n    }\r\n\r\n    .layout-standard-2:hover .owl-nav{\r\n        transition: 0.3s !important;\r\n        opacity: 1;\r\n    }\r\n\r\n    .layout-standard-2.owl-carousel .owl-nav > button {\r\n        margin: 0;\r\n        pointer-events: auto;\r\n    }\r\n\r\n    .layout-standard-2.owl-carousel .owl-nav > button.owl-prev,\r\n    .layout-standard-2.owl-carousel .owl-nav > button.owl-next {\r\n\t    background-color: #E7343F !important;\r\n\t    border-radius: 50px;\r\n\t    color: #FFF !important;\r\n\t    font-size: 50px !important;\r\n\t    line-height: 50px;\r\n\t    width: 50px;\r\n\t    height: 50px;\r\n\t    margin: 0;\r\n\t    outline: none;\r\n\t    transition: 0.3s !important;\r\n    }\r\n\r\n    .layout-standard-2.owl-carousel .owl-nav > button.owl-prev {\r\n        float: left;\r\n        margin-left: -15px !important;\r\n    }\r\n\r\n    .layout-standard-2.owl-carousel .owl-nav > button.owl-next {\r\n        float: right;\r\n        margin-right: -15px !important;\r\n    }\r\n\r\n    .layout-standard-2.owl-theme .owl-nav [class*=owl-]:hover {\r\n        background-color: #A0212C !important;\r\n        color: #fff !important;\r\n        text-decoration: none;\r\n        transition: 0.3s !important;\r\n    }\r\n\r\n    .layout-standard-2.owl-theme .owl-nav .disabled {\r\n        opacity: 0.8;\r\n        cursor: default;\r\n    }\r\n\r\n    .layout-standard-2.owl-theme .owl-nav .disabled:hover {\r\n        cursor: default;\r\n        background-color: #FFF !important;\r\n        color: #002F5E !important;\r\n    }\r\n\r\n    .layout-standard-2.owl-carousel .owl-nav > button span{\r\n        margin-top: -7px;\r\n        display: block;\r\n    }\r\n\r\n\t\/*\r\n    .layout-standard-2 .owl-nav .owl-next,\r\n    .layout-standard-2 .owl-nav .owl-prev {\r\n        position: absolute;\r\n        top: calc(50% - 15px);\r\n        transform: translateY(-50%);\r\n        -webkit-transform: translateY(-50%);\r\n\t    display: flex;\r\n\t    font-size: 25px !important;\r\n\t    background-color: #999 !important;\r\n\t    width: 30px;\r\n\t    height: 30px;\r\n\t    justify-content: center;\r\n\t    align-items: center;\r\n\t    color: #fff !important;\r\n    }\r\n    .layout-standard-2 .owl-nav .owl-next {\r\n\t\tright: 0;\r\n\t    margin-right: -5px;\r\n    }\r\n\r\n    .layout-standard-2 .owl-nav .owl-prev{\r\n        left: 0;\r\n\t    margin-left: -5px;\r\n    }\r\n\r\n    .layout-standard-2 .owl-nav .owl-next:hover,\r\n    .layout-standard-2 .owl-nav .owl-prev:hover{\r\n    \tbackground-color: #555 !important;\r\n    }\r\n    *\/\r\n\r\n\r\n    \/* Center OWL-Nav-Arrows \r\n\r\n    .layout-standard-2 .owl-nav {\r\n        position: absolute;\r\n        top: 125px;\r\n        right: 0;\r\n        left: 0;\r\n        margin-top: 0 !important;\r\n        pointer-events: none;\r\n    }\r\n\r\n    .layout-standard-2.owl-carousel .owl-nav > button {\r\n        margin: 0;\r\n        pointer-events: auto;\r\n    }\r\n\r\n    .layout-standard-2.owl-carousel .owl-nav > button.owl-prev,\r\n    .layout-standard-2.owl-carousel .owl-nav > button.owl-next {\r\n\t    background-color: #E7343F !important;\r\n\t    border-radius: 50px;\r\n\t    color: #FFF !important;\r\n\t    font-size: 50px !important;\r\n\t    line-height: 50px;\r\n\t    width: 50px;\r\n\t    height: 50px;\r\n\t    margin: 0;\r\n\t    outline: none;\r\n\t    transition: 0.3s !important;\r\n    }\r\n\r\n    .layout-standard-2.owl-carousel .owl-nav > button.owl-prev {\r\n        float: left;\r\n        margin-left: -25px !important;\r\n    }\r\n\r\n    .layout-standard-2.owl-carousel .owl-nav > button.owl-next {\r\n        float: right;\r\n        margin-right: -25px !important;\r\n    }\r\n\r\n    .layout-standard-2.owl-theme .owl-nav [class*=owl-]:hover {\r\n        background-color: #A0212C !important;\r\n        color: #fff !important;\r\n        text-decoration: none;\r\n        transition: 0.3s !important;\r\n    }\r\n\r\n    .layout-standard-2.owl-theme .owl-nav .disabled {\r\n        opacity: 0.8;\r\n        cursor: default;\r\n    }\r\n\r\n    .layout-standard-2.owl-theme .owl-nav .disabled:hover {\r\n        cursor: default;\r\n        background-color: #FFF !important;\r\n        color: #002F5E !important;\r\n    }\r\n\r\n    .layout-standard-2.owl-carousel .owl-nav > button span{\r\n        margin-top: -10px;\r\n        display: block;\r\n    }\r\n\r\n    *\/\r\n\r\n    \/* Image Copyright *\/\r\n\r\n\t\t.layout-standard-2.owl-carousel .image-copyright{\r\n\t\t    display: flex;\r\n\t\t    flex-direction: column;\r\n\t\t    align-items: flex-start;\r\n\t\t    height: 550px;\r\n\t\t    justify-content: flex-end;\r\n\t\t    position: absolute;\r\n\t\t    top: 0;\r\n\t\t}\r\n\r\n\t\t.layout-standard-2.owl-carousel .image-copyright div{\r\n\t\t    display: inline-block;\r\n\t\t    background-color: rgba(0,0,0,0.4);\r\n\t\t    padding: 1px 6px;\r\n\t\t    color: rgba(255,255,255,0.8);\r\n\t\t    z-index: 2;\r\n\t\t}\r\n\r\n\t\t.layout-standard-2.owl-carousel .image-copyright a{\r\n\t\t\tcolor: #fff;\r\n\t\t\tcursor: help;\r\n\t\t}<\/style>[\/vc_column][\/vc_row][vc_row][vc_column offset=&#8221;vc_col-lg-offset-3 vc_col-lg-6 vc_col-md-offset-2 vc_col-md-8&#8243;][vc_column_text el_class=&#8221;lead text-center&#8221;]Het nieuwe Werelderfgoed bestaat uit in totaal 44 gedeeltes. Deze liggen tussen Remagen in Duitsland en Katwijk in Nederland. Tot de getuigen van dit tijdperk behoren onder andere het fort voor de hulptroepen Burginatium bij Kalkar, een Romeins kamp in Kleef-Keeken, een legioenskamp in Till bij Bedburg-Hau en een limes-straat, die nog altijd goed herkenbaar is in het Reichswald (rijkswoud) tussen Kleef en Kranenburg.<\/p>\n<p>De belangrijkste Romeinse steden langs de Niederrhein waren echter Colonia Ulpia Traiana, het huidige Xanten, dat met ongeveer 20.000 inwoners na Keulen en Trier de op twee na grootste stad ten noorden van de Alpen was, net als Novaesium, het huidige Neuss. Hier waren hoofdzakelijk soldaten gestationeerd in meerdere militaire kampen. Maar ook civilisten vestigden zich hier en vormden in de buurt van de monding van de Erft in de Rijn het grondkapitaal voor het huidige Neuss.<\/p>\n<p>Ook in Krefeld vind je, als je ge\u00efnteresseerd bent in het Romeinse verleden, veel informatie. De begraafplaats Gelduba geeft een beter inzicht in het leven van 2.000 jaar geleden. Delen van deze schatkist, zoals de gouden helm van vorst Arpvar, kunnen bewonderd worden in het Museum Burg Linn in Krefeld.<\/p>\n<p>Maar de beste indruk in het Romeinse leven van ongeveer 2.000 jaar geleden, biedt Xanten ook tegenwoordig nog. Hoe de mensen van weleer er werkten en handelden, hoe ze hun goden vereerden, hoe ze hun buitengewone badhuizen gebruikten en zich amuseerden tijdens gladiatorengevechten, hebben archeologen in moeitevolle nauwkeurige werkzaamheden uit de sporen gelezen, die de Romeinen in het zand hadden achtergelaten. Een rondleiding door de delen van het museum loopt door het kolossale amfitheater, via delen van de stadsmuur tot aan de thermen en de haventempel met zijn indrukwekkende zuilen.<\/p>\n<p>En ook gegeten wordt er op zijn Romeins: Numidische kip of bijvoorbeeld Lucanische worstjes. Helemaal zo, zoals Caesar en co. het ook aten.[\/vc_column_text][vc_empty_space height=&#8221;60px&#8221;][\/vc_column][\/vc_row][vc_row][vc_column offset=&#8221;vc_col-lg-offset-3 vc_col-lg-6 vc_col-md-offset-2 vc_col-md-8&#8243;][vc_raw_html]JTNDaW1nJTIwc3JjJTNEJTIyJTJGd3AtY29udGVudCUyRnVwbG9hZHMlMkYyMDIyJTJGMDglMkZhcnJvdy1yZWQtZG93bi5zdmclMjIlMjBjbGFzcyUzRCUyMnN2Zy1pbmplY3QlMjBteC1hdXRvJTIwZC1ibG9jayUyMiUzRQ==[\/vc_raw_html][\/vc_column][\/vc_row][vc_row][vc_column offset=&#8221;vc_col-lg-offset-3 vc_col-lg-6 vc_col-md-offset-2 vc_col-md-8&#8243;][vc_column_text el_class=&#8221;lead text-center&#8221;]<\/p>\n<h2 style=\"text-align: center;\">Ontdek andere historische plaatsen aan de Nederrijn<\/h2>\n<p>[\/vc_column_text][\/vc_column][\/vc_row][vc_row][vc_column][vc_column_text]<div class=\"row row-cols-1 row-cols-sm-1 row-cols-md-2 row-cols-lg-2 row-cols-xl-3 post-grid-layout-season-1\" data-lazyload=\"{&quot;query&quot;:{&quot;post__not_in&quot;:[],&quot;post_type&quot;:&quot;poi&quot;,&quot;post_status&quot;:&quot;publish&quot;,&quot;posts_per_page&quot;:&quot;9&quot;,&quot;cat&quot;:&quot;&quot;,&quot;tag&quot;:&quot;&quot;,&quot;paged&quot;:1,&quot;order&quot;:&quot;DESC&quot;,&quot;orderby&quot;:&quot;date&quot;,&quot;tax_query&quot;:[{&quot;taxonomy&quot;:&quot;destination&quot;,&quot;field&quot;:&quot;term_id&quot;,&quot;terms&quot;:[235]}]},&quot;layout&quot;:&quot;season-1&quot;,&quot;base&quot;:&quot;post-grid&quot;,&quot;params&quot;:&quot;&quot;}\" data-object-type=\"post\"><div class=\"col mb-5\">\n\t<div class=\"card h-100 card-shadow\">\n\n\t\t\t\t\t<div class=\"card-img\" style=\"background-image:url('https:\/\/stadt-land-niederrhein.de\/wp-content\/uploads\/2025\/02\/skulptur-mannfrau-fraumann-von-anatol-herzfeld-682x1024.jpg');\"><\/div>\n\t\t\n\t\t\n\t\t<div class=\"card-body\">\n\t\t\t<div class=\"d-flex justify-content-between mb-2\">\n\n\t\t\t<\/div>\n\t\t\t<h3 class=\"mb-1\"><a href=\"https:\/\/stadt-land-niederrhein.de\/nl\/kultur\/skulptur-mannfrau-fraumann\/\" class=\"stretched-link\">Skulptur &#8220;Mannfrau &#8211; Fraumann&#8221;<\/a><\/h3>\n\t\t\t<div class=\"small\">Neuss<\/div>\n\t\t\t<p class=\"card-text mt-3\"><p>Die Skulptur &#8220;Mannfrau &#8211; Fraumann&#8221; besteht aus imposanten Granitfindlingen aus dem \u00d6tztal, die die Erftm\u00fcndung im Neusser Stadtteil Gnadental mit dem Museum Insel Hombroich verbinden. Der renommierte Bildhauer Anatol Herzfeld, der lange Zeit auf der Insel Hombroich t\u00e4tig war und 2019 in Moers verstarb, schuf aus diesen Steinen archaisch anmutende Gesichter, die an arch\u00e4ologische Funde [&hellip;]<\/p>\n<\/p>\n\t\t<\/div>\n\n\t\t<div class=\"card-footer\">\n\t\t\t<img decoding=\"async\" src=\"\/wp-content\/uploads\/2022\/08\/arrow-red-next.svg\" class=\"injectable\" alt=\"Eintrag anzeigen\">\n\t\t<\/div>\n\n\n\n\n\t<\/div>\n<\/div><div class=\"col mb-5\">\n\t<div class=\"card h-100 card-shadow\">\n\n\t\t\t\t\t<div class=\"card-img\" style=\"background-image:url('https:\/\/stadt-land-niederrhein.de\/wp-content\/uploads\/2025\/02\/skulptur-der-baas-von-anatol-herzfeld-1024x683.jpg');\"><\/div>\n\t\t\n\t\t\n\t\t<div class=\"card-body\">\n\t\t\t<div class=\"d-flex justify-content-between mb-2\">\n\n\t\t\t<\/div>\n\t\t\t<h3 class=\"mb-1\"><a href=\"https:\/\/stadt-land-niederrhein.de\/nl\/kultur\/skulptur-der-baas\/\" class=\"stretched-link\">Skulptur &#8220;Der Baas&#8221;<\/a><\/h3>\n\t\t\t<div class=\"small\">Neuss<\/div>\n\t\t\t<p class=\"card-text mt-3\"><p>Die Skulptur &#8220;Der Baas&#8221; besteht aus imposanten Granitfindlingen aus dem \u00d6tztal, die die Erftm\u00fcndung im Neusser Stadtteil Gnadental mit dem Museum Insel Hombroich verbinden. Geschaffen von Anatol Herzfeld, der bis zu seinem Tod 2019 in Moers lebte, erinnern die archaisch anmutenden Steingesichter an arch\u00e4ologische Funde. Diese Skulpturen sind Teil des EUROGA-Projekts \u201eKunstwege nach D\u00fcsseldorf\u201c, das [&hellip;]<\/p>\n<\/p>\n\t\t<\/div>\n\n\t\t<div class=\"card-footer\">\n\t\t\t<img decoding=\"async\" src=\"\/wp-content\/uploads\/2022\/08\/arrow-red-next.svg\" class=\"injectable\" alt=\"Eintrag anzeigen\">\n\t\t<\/div>\n\n\n\n\n\t<\/div>\n<\/div><div class=\"col mb-5\">\n\t<div class=\"card h-100 card-shadow\">\n\n\t\t\t\t\t<div class=\"card-img\" style=\"background-image:url('https:\/\/stadt-land-niederrhein.de\/wp-content\/uploads\/2025\/02\/skulptur-der-d-res-von-anatol-herzfeld-1024x682.jpg');\"><\/div>\n\t\t\n\t\t\n\t\t<div class=\"card-body\">\n\t\t\t<div class=\"d-flex justify-content-between mb-2\">\n\n\t\t\t<\/div>\n\t\t\t<h3 class=\"mb-1\"><a href=\"https:\/\/stadt-land-niederrhein.de\/nl\/kultur\/skulptur-der-doeres\/\" class=\"stretched-link\">Skulptur &#8220;Der D\u00f6res&#8221;<\/a><\/h3>\n\t\t\t<div class=\"small\">Neuss<\/div>\n\t\t\t<p class=\"card-text mt-3\"><p>Die Skulptur &#8220;Der D\u00f6res&#8221; besteht aus imposanten Granitfindlingen aus dem \u00d6tztal, die die Erftm\u00fcndung im Neusser Stadtteil Gnadental mit dem Museum Insel Hombroich verbinden. Der renommierte Bildhauer Anatol Herzfeld, der lange auf der Insel Hombroich t\u00e4tig war und 2019 in Moers verstarb, schuf aus diesen Steinen archaisch anmutende Gesichter, die an arch\u00e4ologische Funde erinnern. Diese [&hellip;]<\/p>\n<\/p>\n\t\t<\/div>\n\n\t\t<div class=\"card-footer\">\n\t\t\t<img decoding=\"async\" src=\"\/wp-content\/uploads\/2022\/08\/arrow-red-next.svg\" class=\"injectable\" alt=\"Eintrag anzeigen\">\n\t\t<\/div>\n\n\n\n\n\t<\/div>\n<\/div><div class=\"col mb-5\">\n\t<div class=\"card h-100 card-shadow\">\n\n\t\t\t\t\t<div class=\"card-img\" style=\"background-image:url('https:\/\/stadt-land-niederrhein.de\/wp-content\/uploads\/2025\/02\/skulptur-der-liebe-jung-von-anatol-herzfeld-1024x683.jpg');\"><\/div>\n\t\t\n\t\t\n\t\t<div class=\"card-body\">\n\t\t\t<div class=\"d-flex justify-content-between mb-2\">\n\n\t\t\t<\/div>\n\t\t\t<h3 class=\"mb-1\"><a href=\"https:\/\/stadt-land-niederrhein.de\/nl\/kultur\/skulptur-der-liebe-jung\/\" class=\"stretched-link\">Skulptur &#8220;Der liebe Jung&#8221;<\/a><\/h3>\n\t\t\t<div class=\"small\">Neuss<\/div>\n\t\t\t<p class=\"card-text mt-3\"><p>Die Skulptur &#8220;Der liebe Jung&#8221; besteht aus imposanten Granitfindlingen aus dem \u00d6tztal, die die Erftm\u00fcndung im Neusser Stadtteil Gnadental mit dem Museum Insel Hombroich verbinden. Der renommierte Bildhauer Anatol Herzfeld, der lange in seinem Atelier auf der Insel Hombroich t\u00e4tig war und 2019 in Moers verstarb, schuf aus diesen Steinen archaisch anmutende Gesichter, die an [&hellip;]<\/p>\n<\/p>\n\t\t<\/div>\n\n\t\t<div class=\"card-footer\">\n\t\t\t<img decoding=\"async\" src=\"\/wp-content\/uploads\/2022\/08\/arrow-red-next.svg\" class=\"injectable\" alt=\"Eintrag anzeigen\">\n\t\t<\/div>\n\n\n\n\n\t<\/div>\n<\/div><div class=\"col mb-5\">\n\t<div class=\"card h-100 card-shadow\">\n\n\t\t\t\t\t<div class=\"card-img\" style=\"background-image:url('https:\/\/stadt-land-niederrhein.de\/wp-content\/uploads\/2025\/02\/nahaufnahme-geburtshaus-joseph-beuys-hausnummer-f-nf-1024x683.jpg');\"><\/div>\n\t\t\n\t\t\n\t\t<div class=\"card-body\">\n\t\t\t<div class=\"d-flex justify-content-between mb-2\">\n\n\t\t\t<\/div>\n\t\t\t<h3 class=\"mb-1\"><a href=\"https:\/\/stadt-land-niederrhein.de\/nl\/kultur\/alexanderplatz-wo-beuys-wiege-stand\/\" class=\"stretched-link\">Alexanderplatz &#8211; Wo Beuys\u00b4 Wiege stand<\/a><\/h3>\n\t\t\t<div class=\"small\">Krefeld<\/div>\n\t\t\t<p class=\"card-text mt-3\"><p>Der Alexanderplatz in Krefeld markiert den Ort, an dem Joseph Beuys seine fr\u00fchesten Lebensmonate verbrachte. Diese historische St\u00e4tte bietet Einblicke in die Urspr\u00fcnge eines der einflussreichsten K\u00fcnstler:innen des 20. Jahrhunderts und verdeutlicht die lokale Pr\u00e4gung seines Werdegangs.<\/p>\n<\/p>\n\t\t<\/div>\n\n\t\t<div class=\"card-footer\">\n\t\t\t<img decoding=\"async\" src=\"\/wp-content\/uploads\/2022\/08\/arrow-red-next.svg\" class=\"injectable\" alt=\"Eintrag anzeigen\">\n\t\t<\/div>\n\n\n\n\n\t<\/div>\n<\/div><div class=\"col mb-5\">\n\t<div class=\"card h-100 card-shadow\">\n\n\t\t\t\t\t<div class=\"card-img\" style=\"background-image:url('https:\/\/stadt-land-niederrhein.de\/wp-content\/uploads\/2025\/02\/beuys-kopf-am-rheindeich-683x1024.jpg');\"><\/div>\n\t\t\n\t\t\n\t\t<div class=\"card-body\">\n\t\t\t<div class=\"d-flex justify-content-between mb-2\">\n\n\t\t\t<\/div>\n\t\t\t<h3 class=\"mb-1\"><a href=\"https:\/\/stadt-land-niederrhein.de\/nl\/kultur\/beuys-kopf-am-rheindeich\/\" class=\"stretched-link\">Beuys-Kopf am Rheindeich<\/a><\/h3>\n\t\t\t<div class=\"small\">Meerbusch<\/div>\n\t\t\t<p class=\"card-text mt-3\"><p>Am Rheindeich in Meerbusch markiert ein imposanter Granitkopf das Verm\u00e4chtnis von Joseph Beuys. Dieses von seinem Sch\u00fcler Anatol Herzfeld realisierte Werk reflektiert die k\u00fcnstlerische Auseinandersetzung am Flussufer.<\/p>\n<\/p>\n\t\t<\/div>\n\n\t\t<div class=\"card-footer\">\n\t\t\t<img decoding=\"async\" src=\"\/wp-content\/uploads\/2022\/08\/arrow-red-next.svg\" class=\"injectable\" alt=\"Eintrag anzeigen\">\n\t\t<\/div>\n\n\n\n\n\t<\/div>\n<\/div><div class=\"col mb-5\">\n\t<div class=\"card h-100 card-shadow\">\n\n\t\t\t\t\t<div class=\"card-img\" style=\"background-image:url('https:\/\/stadt-land-niederrhein.de\/wp-content\/uploads\/2025\/02\/skulptur-der-sonnenf-nger-von-anatol-herzfeld-1024x682.jpg');\"><\/div>\n\t\t\n\t\t\n\t\t<div class=\"card-body\">\n\t\t\t<div class=\"d-flex justify-content-between mb-2\">\n\n\t\t\t<\/div>\n\t\t\t<h3 class=\"mb-1\"><a href=\"https:\/\/stadt-land-niederrhein.de\/nl\/kultur\/skulptur-der-sonnenfaenger\/\" class=\"stretched-link\">Skulptur &#8220;Der Sonnenf\u00e4nger&#8221;<\/a><\/h3>\n\t\t\t<div class=\"small\">Neuss<\/div>\n\t\t\t<p class=\"card-text mt-3\"><p>Riesige alpine Granitfindlinge aus dem \u00d6tztal schaffen eine Verbindung zwischen der Erftm\u00fcndung im Neusser Stadtteil Gnadental und dem Museum Insel Hombroich. Der Bildhauer Anatol Herzfeld, der viele Jahre in seinem Atelier auf der Insel Hombroich t\u00e4tig war und 2019 in Moers verstarb, gestaltete aus diesen Steinen archaisch anmutende Gesichter, die in Form und Material an [&hellip;]<\/p>\n<\/p>\n\t\t<\/div>\n\n\t\t<div class=\"card-footer\">\n\t\t\t<img decoding=\"async\" src=\"\/wp-content\/uploads\/2022\/08\/arrow-red-next.svg\" class=\"injectable\" alt=\"Eintrag anzeigen\">\n\t\t<\/div>\n\n\n\n\n\t<\/div>\n<\/div><div class=\"col mb-5\">\n\t<div class=\"card h-100 card-shadow\">\n\n\t\t\t\t\t<div class=\"card-img\" style=\"background-image:url('https:\/\/stadt-land-niederrhein.de\/wp-content\/uploads\/2025\/02\/museum-abteiberg.png');\"><\/div>\n\t\t\n\t\t\n\t\t<div class=\"card-body\">\n\t\t\t<div class=\"d-flex justify-content-between mb-2\">\n\n\t\t\t<\/div>\n\t\t\t<h3 class=\"mb-1\"><a href=\"https:\/\/stadt-land-niederrhein.de\/nl\/kultur\/museum-abteiberg\/\" class=\"stretched-link\">Museum Abteiberg<\/a><\/h3>\n\t\t\t<div class=\"small\">M\u00f6nchengladbach<\/div>\n\t\t\t<p class=\"card-text mt-3\"><p>Das Museum Abteiberg in M\u00f6nchengladbach gilt als eine der bedeutendsten Institutionen f\u00fcr zeitgen\u00f6ssische Kunst in Deutschland. 2016 wurde es von der deutschen Sektion des Internationalen Kunstkritikerverbandes AICA als Museum des Jahres ausgezeichnet. Die Sammlung umfasst herausragende Werke internationaler Kunst seit den 1960er Jahren und profitiert von der Zusammenarbeit mit renommierten Privatsammlungen. Ein bedeutender Zuwachs erfolgte [&hellip;]<\/p>\n<\/p>\n\t\t<\/div>\n\n\t\t<div class=\"card-footer\">\n\t\t\t<img decoding=\"async\" src=\"\/wp-content\/uploads\/2022\/08\/arrow-red-next.svg\" class=\"injectable\" alt=\"Eintrag anzeigen\">\n\t\t<\/div>\n\n\n\n\n\t<\/div>\n<\/div><div class=\"col mb-5\">\n\t<div class=\"card h-100 card-shadow\">\n\n\t\t\t\t\t<div class=\"card-img\" style=\"background-image:url('https:\/\/stadt-land-niederrhein.de\/wp-content\/uploads\/2025\/02\/beuys-graffiti-wand-1982.jpg');\"><\/div>\n\t\t\n\t\t\n\t\t<div class=\"card-body\">\n\t\t\t<div class=\"d-flex justify-content-between mb-2\">\n\n\t\t\t<\/div>\n\t\t\t<h3 class=\"mb-1\"><a href=\"https:\/\/stadt-land-niederrhein.de\/nl\/kultur\/beuys-bike-mg-graffitiwand-beuys-spray-haus-zoar-muss-bleiben-1982\/\" class=\"stretched-link\">BEUYS &amp; BIKE MG &#8211; Graffitiwand &#8211; Beuys Spray &#8220;Haus Zoar muss bleiben&#8221; (1982)<\/a><\/h3>\n\t\t\t<div class=\"small\">M\u00f6nchengladbach<\/div>\n\t\t\t<p class=\"card-text mt-3\"><p>Die Graffitiwand &#8220;Haus Zoar muss bleiben&#8221; in M\u00f6nchengladbach ist ein bedeutendes Zeugnis der Kunstaktion von Joseph Beuys aus dem Jahr 1982. Diese historische St\u00e4tte zieht Kunstinteressierte an, die die Verbindung von Kunst und gesellschaftlichem Engagement sch\u00e4tzen. Mit der YONA App l\u00e4sst sich die Aktion virtuell fortsetzen: Nutzer:innen k\u00f6nnen mithilfe von Augmented Reality eigene Statements auf [&hellip;]<\/p>\n<\/p>\n\t\t<\/div>\n\n\t\t<div class=\"card-footer\">\n\t\t\t<img decoding=\"async\" src=\"\/wp-content\/uploads\/2022\/08\/arrow-red-next.svg\" class=\"injectable\" alt=\"Eintrag anzeigen\">\n\t\t<\/div>\n\n\n\n\n\t<\/div>\n<\/div><\/div><div class=\"vc_btn3-container button-sm button-filled vc_btn3-center\"><button type=\"button\" class=\"vc_general vc_btn3 vc_btn3-size-md vc_btn3-shape-rounded vc_btn3-style-modern vc_btn3-color-grey btn-lazyload\"><span class=\"spinner-border spinner-border-sm\" role=\"status\" aria-hidden=\"true\"><\/span>Weitere Artikel laden<\/button><\/div><style>\/* post-grid-layout-standard *\/\r\n\r\n.post-grid-layout-season-1 .card {\r\n    -ms-flex: 1 0 0%;\r\n    flex: 1 0 0%;\r\n    margin-right: 15px;\r\n    margin-bottom: 0;\r\n    margin-left: 15px;\r\n    height: 100%;\r\n    overflow: hidden;\r\n}\r\n\r\n.post-grid-layout-season-1 .card-img {\r\n    width: 100%;\r\n    height: 175px;\r\n    background-color: #ccc;\r\n    background-position: center;\r\n    background-size: cover;\r\n    transition:all 0.3s ease-in-out;\r\n    opacity:1;\r\n}\r\n\r\n.post-grid-layout-season-1 .card:hover .card-img,\r\n.post-grid-layout-season-1 .card:focus .card-img {\r\n    transform: scale(1.02);\r\n    opacity:0.5;\r\n}\r\n\r\n.post-grid-layout-season-1 .card-body {\r\n    padding: 1.25rem 1.25rem 0 1.25rem;\r\n}\r\n\r\n.post-grid-layout-season-1 .card-footer {\r\n    padding-left: 1.25rem;\r\n    background-color: transparent;\r\n    border-top: 0;\r\n}\r\n\r\n.post-grid-layout-season-1 .card-footer svg{\r\n    width: 30px;\r\n}\r\n\r\n.post-grid-layout-season-1 .card,\r\n.post-grid-layout-season-1 .card .card-img{\r\n    border-radius: 0;\r\n}\r\n\r\n.post-grid-layout-season-1 .card{\r\n    border: 0;\r\n    transition: all 0.3s;\r\n    height: 100%;\r\n    flex: 1 0 0%;\r\n    background-color: transparent;\r\n}\r\n\r\n.post-grid-layout-season-1 .card:hover .card-img,\r\n.post-grid-layout-season-1 .card:focus .card-img {\r\n    transform: scale(1.02);\r\n    opacity: 0.8;\r\n}\r\n\r\n.post-grid-layout-season-1 .card .card-body p.card-text{\r\n    color: #7d878c;\r\n}\r\n\r\n.post-grid-layout-season-1 .card .card-footer{\r\n    padding-top: 0;\r\n}<\/style>[\/vc_column_text][vc_empty_space height=&#8221;60px&#8221;][vc_empty_space height=&#8221;60px&#8221;][\/vc_column][\/vc_row]<\/p>\n","protected":false},"excerpt":{"rendered":"<p>UNESCO-werelderfgoed Neder-Germaanse Limes: De Romeinen langs de Niederrhein<\/p>\n","protected":false},"featured_media":23901,"template":"","class_list":["post-34037","season","type-season","status-publish","has-post-thumbnail","hentry"],"acf":[],"yoast_head":"<!-- This site is optimized with the Yoast SEO plugin v19.11 - https:\/\/yoast.com\/wordpress\/plugins\/seo\/ -->\n<title>Te gast bij Caesar en co. - Stadt. Land. Niederrhein<\/title>\n<meta name=\"robots\" content=\"index, follow, max-snippet:-1, max-image-preview:large, max-video-preview:-1\" \/>\n<link rel=\"canonical\" href=\"https:\/\/stadt-land-niederrhein.de\/nl\/saison\/te-gast-bij-caesar-en-co\/\" \/>\n<meta property=\"og:locale\" content=\"nl_NL\" \/>\n<meta property=\"og:type\" content=\"article\" \/>\n<meta property=\"og:title\" content=\"Te gast bij Caesar en co. - Stadt. Land. Niederrhein\" \/>\n<meta property=\"og:description\" content=\"UNESCO-werelderfgoed Neder-Germaanse Limes: De Romeinen langs de Niederrhein\" \/>\n<meta property=\"og:url\" content=\"\/\" \/>\n<meta property=\"og:site_name\" content=\"Stadt. Land. Niederrhein\" \/>\n<meta property=\"article:modified_time\" content=\"2023-02-22T11:01:20+00:00\" \/>\n<meta property=\"og:image\" content=\"https:\/\/stadt-land-niederrhein.de\/wp-content\/uploads\/2022\/11\/083-10982.jpg\" \/>\n\t<meta property=\"og:image:width\" content=\"1417\" \/>\n\t<meta property=\"og:image:height\" content=\"1064\" \/>\n\t<meta property=\"og:image:type\" content=\"image\/jpeg\" \/>\n<meta name=\"twitter:card\" content=\"summary_large_image\" \/>\n<script type=\"application\/ld+json\" class=\"yoast-schema-graph\">{\"@context\":\"https:\/\/schema.org\",\"@graph\":[{\"@type\":\"WebPage\",\"@id\":\"https:\/\/stadt-land-niederrhein.de\/nl\/saison\/te-gast-bij-caesar-en-co\/\",\"url\":\"https:\/\/stadt-land-niederrhein.de\/nl\/saison\/te-gast-bij-caesar-en-co\/\",\"name\":\"Te gast bij Caesar en co. - Stadt. Land. Niederrhein\",\"isPartOf\":{\"@id\":\"https:\/\/stadt-land-niederrhein.de\/nl\/#website\"},\"datePublished\":\"2022-11-17T15:16:33+00:00\",\"dateModified\":\"2023-02-22T11:01:20+00:00\",\"breadcrumb\":{\"@id\":\"https:\/\/stadt-land-niederrhein.de\/nl\/saison\/te-gast-bij-caesar-en-co\/#breadcrumb\"},\"inLanguage\":\"nl-NL\",\"potentialAction\":[{\"@type\":\"ReadAction\",\"target\":[\"https:\/\/stadt-land-niederrhein.de\/nl\/saison\/te-gast-bij-caesar-en-co\/\"]}]},{\"@type\":\"BreadcrumbList\",\"@id\":\"https:\/\/stadt-land-niederrhein.de\/nl\/saison\/te-gast-bij-caesar-en-co\/#breadcrumb\",\"itemListElement\":[{\"@type\":\"ListItem\",\"position\":1,\"name\":\"Startpagina\",\"item\":\"https:\/\/stadt-land-niederrhein.de\/nl\/\"},{\"@type\":\"ListItem\",\"position\":2,\"name\":\"Saisons\",\"item\":\"https:\/\/stadt-land-niederrhein.de\/nl\/saisons\/\"},{\"@type\":\"ListItem\",\"position\":3,\"name\":\"Te gast bij Caesar en co.\"}]},{\"@type\":\"WebSite\",\"@id\":\"https:\/\/stadt-land-niederrhein.de\/nl\/#website\",\"url\":\"https:\/\/stadt-land-niederrhein.de\/nl\/\",\"name\":\"Stadt. Land. Niederrhein\",\"description\":\"Niederrhein f\u00fcr alle Sinne\",\"publisher\":{\"@id\":\"https:\/\/stadt-land-niederrhein.de\/nl\/#organization\"},\"alternateName\":\"Niederrhein f\u00fcr alle Sinne\",\"potentialAction\":[{\"@type\":\"SearchAction\",\"target\":{\"@type\":\"EntryPoint\",\"urlTemplate\":\"https:\/\/stadt-land-niederrhein.de\/nl\/?s={search_term_string}\"},\"query-input\":\"required name=search_term_string\"}],\"inLanguage\":\"nl-NL\"},{\"@type\":\"Organization\",\"@id\":\"https:\/\/stadt-land-niederrhein.de\/nl\/#organization\",\"name\":\"Stadt. Land. Niederrhein\",\"alternateName\":\"Niederrhein f\u00fcr alle Sinne\",\"url\":\"https:\/\/stadt-land-niederrhein.de\/nl\/\",\"logo\":{\"@type\":\"ImageObject\",\"inLanguage\":\"nl-NL\",\"@id\":\"https:\/\/stadt-land-niederrhein.de\/nl\/#\/schema\/logo\/image\/\",\"url\":\"https:\/\/stadt-land-niederrhein.de\/wp-content\/uploads\/2022\/09\/stadt-land-niederrhein_logo_block_400px.png\",\"contentUrl\":\"https:\/\/stadt-land-niederrhein.de\/wp-content\/uploads\/2022\/09\/stadt-land-niederrhein_logo_block_400px.png\",\"width\":400,\"height\":133,\"caption\":\"Stadt. Land. Niederrhein\"},\"image\":{\"@id\":\"https:\/\/stadt-land-niederrhein.de\/nl\/#\/schema\/logo\/image\/\"},\"sameAs\":[\"https:\/\/www.instagram.com\/niederrheintourismus_\/\"]}]}<\/script>\n<!-- \/ Yoast SEO plugin. -->","yoast_head_json":{"title":"Te gast bij Caesar en co. - Stadt. Land. Niederrhein","robots":{"index":"index","follow":"follow","max-snippet":"max-snippet:-1","max-image-preview":"max-image-preview:large","max-video-preview":"max-video-preview:-1"},"canonical":"https:\/\/stadt-land-niederrhein.de\/nl\/saison\/te-gast-bij-caesar-en-co\/","og_locale":"nl_NL","og_type":"article","og_title":"Te gast bij Caesar en co. - Stadt. Land. Niederrhein","og_description":"UNESCO-werelderfgoed Neder-Germaanse Limes: De Romeinen langs de Niederrhein","og_url":"\/","og_site_name":"Stadt. Land. Niederrhein","article_modified_time":"2023-02-22T11:01:20+00:00","og_image":[{"width":1417,"height":1064,"url":"https:\/\/stadt-land-niederrhein.de\/wp-content\/uploads\/2022\/11\/083-10982.jpg","type":"image\/jpeg"}],"twitter_card":"summary_large_image","schema":{"@context":"https:\/\/schema.org","@graph":[{"@type":"WebPage","@id":"https:\/\/stadt-land-niederrhein.de\/nl\/saison\/te-gast-bij-caesar-en-co\/","url":"https:\/\/stadt-land-niederrhein.de\/nl\/saison\/te-gast-bij-caesar-en-co\/","name":"Te gast bij Caesar en co. - Stadt. Land. Niederrhein","isPartOf":{"@id":"https:\/\/stadt-land-niederrhein.de\/nl\/#website"},"datePublished":"2022-11-17T15:16:33+00:00","dateModified":"2023-02-22T11:01:20+00:00","breadcrumb":{"@id":"https:\/\/stadt-land-niederrhein.de\/nl\/saison\/te-gast-bij-caesar-en-co\/#breadcrumb"},"inLanguage":"nl-NL","potentialAction":[{"@type":"ReadAction","target":["https:\/\/stadt-land-niederrhein.de\/nl\/saison\/te-gast-bij-caesar-en-co\/"]}]},{"@type":"BreadcrumbList","@id":"https:\/\/stadt-land-niederrhein.de\/nl\/saison\/te-gast-bij-caesar-en-co\/#breadcrumb","itemListElement":[{"@type":"ListItem","position":1,"name":"Startpagina","item":"https:\/\/stadt-land-niederrhein.de\/nl\/"},{"@type":"ListItem","position":2,"name":"Saisons","item":"https:\/\/stadt-land-niederrhein.de\/nl\/saisons\/"},{"@type":"ListItem","position":3,"name":"Te gast bij Caesar en co."}]},{"@type":"WebSite","@id":"https:\/\/stadt-land-niederrhein.de\/nl\/#website","url":"https:\/\/stadt-land-niederrhein.de\/nl\/","name":"Stadt. Land. Niederrhein","description":"Niederrhein f\u00fcr alle Sinne","publisher":{"@id":"https:\/\/stadt-land-niederrhein.de\/nl\/#organization"},"alternateName":"Niederrhein f\u00fcr alle Sinne","potentialAction":[{"@type":"SearchAction","target":{"@type":"EntryPoint","urlTemplate":"https:\/\/stadt-land-niederrhein.de\/nl\/?s={search_term_string}"},"query-input":"required name=search_term_string"}],"inLanguage":"nl-NL"},{"@type":"Organization","@id":"https:\/\/stadt-land-niederrhein.de\/nl\/#organization","name":"Stadt. Land. Niederrhein","alternateName":"Niederrhein f\u00fcr alle Sinne","url":"https:\/\/stadt-land-niederrhein.de\/nl\/","logo":{"@type":"ImageObject","inLanguage":"nl-NL","@id":"https:\/\/stadt-land-niederrhein.de\/nl\/#\/schema\/logo\/image\/","url":"https:\/\/stadt-land-niederrhein.de\/wp-content\/uploads\/2022\/09\/stadt-land-niederrhein_logo_block_400px.png","contentUrl":"https:\/\/stadt-land-niederrhein.de\/wp-content\/uploads\/2022\/09\/stadt-land-niederrhein_logo_block_400px.png","width":400,"height":133,"caption":"Stadt. Land. Niederrhein"},"image":{"@id":"https:\/\/stadt-land-niederrhein.de\/nl\/#\/schema\/logo\/image\/"},"sameAs":["https:\/\/www.instagram.com\/niederrheintourismus_\/"]}]}},"_links":{"self":[{"href":"https:\/\/stadt-land-niederrhein.de\/nl\/wp-json\/wp\/v2\/seasons\/34037","targetHints":{"allow":["GET"]}}],"collection":[{"href":"https:\/\/stadt-land-niederrhein.de\/nl\/wp-json\/wp\/v2\/seasons"}],"about":[{"href":"https:\/\/stadt-land-niederrhein.de\/nl\/wp-json\/wp\/v2\/types\/season"}],"version-history":[{"count":3,"href":"https:\/\/stadt-land-niederrhein.de\/nl\/wp-json\/wp\/v2\/seasons\/34037\/revisions"}],"predecessor-version":[{"id":39473,"href":"https:\/\/stadt-land-niederrhein.de\/nl\/wp-json\/wp\/v2\/seasons\/34037\/revisions\/39473"}],"wp:featuredmedia":[{"embeddable":true,"href":"https:\/\/stadt-land-niederrhein.de\/nl\/wp-json\/wp\/v2\/media\/23901"}],"wp:attachment":[{"href":"https:\/\/stadt-land-niederrhein.de\/nl\/wp-json\/wp\/v2\/media?parent=34037"}],"curies":[{"name":"wp","href":"https:\/\/api.w.org\/{rel}","templated":true}]}}